{"id":75,"date":"2012-05-10T03:54:47","date_gmt":"2012-05-10T03:54:47","guid":{"rendered":"http:\/\/boloandclaus.wordpress.com\/?page_id=75"},"modified":"2023-08-07T14:17:43","modified_gmt":"2023-08-07T14:17:43","slug":"calendario-2012","status":"publish","type":"page","link":"http:\/\/boloandclaus.com\/web\/?page_id=75","title":{"rendered":"Calendario"},"content":{"rendered":"<p><\/p>\n<div id=\"mtb\" class=\"neb-title goog-inline-block\">\n<div id=\"mtb\" class=\"neb-title goog-inline-block\">\n<div id=\"mtb\" class=\"neb-title goog-inline-block\">\n<div id=\"mtb\" class=\"neb-title goog-inline-block\">\n<div id=\"mtb\" class=\"neb-title goog-inline-block\">\n<div id=\"mtb\" class=\"neb-title goog-inline-block\">\n<div id=\"mtb\" class=\"neb-title goog-inline-block\">\n<div id=\"mtb\" class=\"neb-title goog-inline-block\">\n<div style=\"text-align: -webkit-auto;\">\n<h1 style=\"text-align: center;\"><img loading=\"lazy\" decoding=\"async\" class=\"aligncenter wp-image-2835\" src=\"http:\/\/boloandclaus.com\/web\/wp-content\/uploads\/2012\/04\/DESORDEN-2-1.jpg\" alt=\"\" width=\"269\" height=\"203\" srcset=\"http:\/\/boloandclaus.com\/web\/wp-content\/uploads\/2012\/04\/DESORDEN-2-1.jpg 600w, http:\/\/boloandclaus.com\/web\/wp-content\/uploads\/2012\/04\/DESORDEN-2-1-300x227.jpg 300w\" sizes=\"auto, (max-width: 269px) 100vw, 269px\" \/><\/h1>\n<\/div>\n<div style=\"text-align: -webkit-auto;\">\n<p style=\"text-align: center;\">ESTAMOS<\/p>\n<p style=\"text-align: center;\">ACTUALIZANDO Y REORGANIZANDO<\/p>\n<p style=\"text-align: center;\">NUESTRA P\u00c1GINA WEB<\/p>\n<h3 style=\"text-align: center;\">!DISCULPEN EL DESORDEN!<\/h3>\n<\/div>\n<h2><\/h2>\n<h2 style=\"text-align: center;\">_______DICIEMBRE 2022_______<\/h2>\n<div class=\"ui-sch\" style=\"text-align: center;\">\n<div id=\"mtb\" class=\"neb-title goog-inline-block\">\n<div class=\"ui-sch\" style=\"text-align: center;\">\n<div id=\"mtb\" class=\"neb-title goog-inline-block\">\n<div class=\"ui-sch\" style=\"text-align: center;\">\n<div id=\"mtb\" class=\"neb-title goog-inline-block\">\n<h2 style=\"text-align: center;\"><span style=\"color: #ff0000;\">*<\/span><\/h2>\n<p style=\"text-align: center;\">Ja\u00e9n<\/p>\n<\/div>\n<\/div>\n<\/div>\n<\/div>\n<\/div>\n<\/div>\n<div class=\"ui-sch\" style=\"text-align: center;\">\n<div id=\"mtb\" class=\"neb-title goog-inline-block\">\n<div class=\"ui-sch\" style=\"text-align: center;\">\n<div id=\"mtb\" class=\"neb-title goog-inline-block\">\n<div class=\"ui-sch\" style=\"text-align: center;\">\n<div id=\"mtb\" class=\"neb-title goog-inline-block\">\n<div style=\"text-align: center;\"><span style=\"font-size: 24px;\"><b>Baeza<\/b><\/span><\/div>\n<h2><span style=\"color: #ff9900;\"><strong>\u00abLA FERIA\u00bb<\/strong><\/span><\/h2>\n<\/div>\n<h3 style=\"text-align: center;\">Viernes 30 de Diciembre<\/h3>\n<\/div>\n<\/div>\n<\/div>\n<\/div>\n<\/div>\n<h2 style=\"text-align: center;\"><span style=\"color: #ff0000;\">*<\/span><\/h2>\n<h2 style=\"text-align: center;\">_______NOVIEMBRE 2022_______<\/h2>\n<div class=\"ui-sch\" style=\"text-align: center;\">\n<div id=\"mtb\" class=\"neb-title goog-inline-block\">\n<div class=\"ui-sch\" style=\"text-align: center;\">\n<div id=\"mtb\" class=\"neb-title goog-inline-block\">\n<div class=\"ui-sch\" style=\"text-align: center;\">\n<div id=\"mtb\" class=\"neb-title goog-inline-block\">\n<div>\n<h2 style=\"text-align: center;\"><span style=\"color: #ff0000;\">*<\/span><\/h2>\n<\/div>\n<div class=\"ui-sch\" style=\"text-align: center;\">Granada<\/div>\n<div><\/div>\n<div style=\"text-align: center;\"><span style=\"font-size: 24px;\"><b>Churriana de la Vega<\/b><\/span><\/div>\n<h2><span style=\"color: #ff9900;\"><strong>\u00abLA FERIA\u00bb<\/strong><\/span><\/h2>\n<\/div>\n<h3 style=\"text-align: center;\">S\u00e1bado 12 de Noviembre<\/h3>\n<\/div>\n<\/div>\n<\/div>\n<\/div>\n<\/div>\n<h2 style=\"text-align: center;\"><span style=\"color: #ff0000;\">*<\/span><\/h2>\n<h2 style=\"text-align: center;\">_______OCTUBRE 2022_______<\/h2>\n<div class=\"ui-sch\" style=\"text-align: center;\">\n<div id=\"mtb\" class=\"neb-title goog-inline-block\">\n<div class=\"ui-sch\" style=\"text-align: center;\">\n<div id=\"mtb\" class=\"neb-title goog-inline-block\">\n<div class=\"ui-sch\" style=\"text-align: center;\">\n<div id=\"mtb\" class=\"neb-title goog-inline-block\">\n<div>\n<div id=\"mtb\" class=\"neb-title goog-inline-block\">\n<div id=\"mtb\" class=\"neb-title goog-inline-block\">\n<div id=\"mtb\" class=\"neb-title goog-inline-block\">\n<div id=\"mtb\" class=\"neb-title goog-inline-block\">\n<h2 style=\"text-align: center;\"><span style=\"color: #ff0000;\">*<\/span><\/h2>\n<div class=\"ui-sch\" style=\"text-align: center;\">\n<div id=\"mtb\" class=\"neb-title goog-inline-block\">\n<div class=\"ui-sch\" style=\"text-align: center;\">\n<div id=\"mtb\" class=\"neb-title goog-inline-block\">\n<div class=\"ui-sch\" style=\"text-align: center;\">\n<div id=\"mtb\" class=\"neb-title goog-inline-block\">\n<div class=\"ui-sch\" style=\"text-align: center;\">Granada<\/div>\n<div><\/div>\n<div style=\"text-align: center;\"><span style=\"font-size: 24px;\"><b>V\u00edznar<\/b><\/span><\/div>\n<h2><span style=\"color: #ff00ff;\"><strong>EL PARAGUAS ENCANTADO<\/strong><\/span><\/h2>\n<p><span style=\"color: #ff00ff;\"><strong>PASACALLE<\/strong><\/span><\/p>\n<\/div>\n<h3 style=\"text-align: center;\">Lunes 31 <strong>de Octubre<\/strong><\/h3>\n<\/div>\n<\/div>\n<\/div>\n<\/div>\n<\/div>\n<\/div>\n<\/div>\n<h2 style=\"text-align: center;\"><span style=\"color: #ff0000;\">*<\/span><\/h2>\n<div class=\"ui-sch\" style=\"text-align: center;\">\n<div id=\"mtb\" class=\"neb-title goog-inline-block\">\n<div class=\"ui-sch\" style=\"text-align: center;\">\n<div id=\"mtb\" class=\"neb-title goog-inline-block\">\n<div class=\"ui-sch\" style=\"text-align: center;\">\n<div id=\"mtb\" class=\"neb-title goog-inline-block\">\n<div class=\"ui-sch\" style=\"text-align: center;\">Granada<\/div>\n<div><\/div>\n<div style=\"text-align: center;\"><span style=\"font-size: 24px;\"><b>Purullena<\/b><\/span><\/div>\n<h2><span style=\"color: #ff00ff;\"><strong>EL PARAGUAS ENCANTADO<\/strong><\/span><\/h2>\n<p><span style=\"color: #ff00ff;\"><strong>PASACALLE<\/strong><\/span><\/p>\n<\/div>\n<h3 style=\"text-align: center;\"><strong>Domingo 30 de Octubre<\/strong><\/h3>\n<\/div>\n<\/div>\n<\/div>\n<\/div>\n<\/div>\n<\/div>\n<\/div>\n<h2 style=\"text-align: center;\"><span style=\"color: #ff0000;\">*<\/span><\/h2>\n<\/div>\n<div class=\"ui-sch\" style=\"text-align: center;\">C\u00e1diz<\/div>\n<div><\/div>\n<div style=\"text-align: center;\"><span style=\"font-size: 24px;\"><b>San Fernando<\/b><\/span><\/div>\n<h2><span style=\"color: #ff9900;\"><strong>\u00abLA FERIA\u00bb<\/strong><\/span><\/h2>\n<\/div>\n<h3 style=\"text-align: center;\">Domingo 2 de Octubre<\/h3>\n<\/div>\n<\/div>\n<\/div>\n<\/div>\n<\/div>\n<h2 style=\"text-align: center;\"><span style=\"color: #ff0000;\">*<\/span><\/h2>\n<h2 style=\"text-align: center;\">_______SEPTIEMBRE 2022_______<\/h2>\n<div class=\"ui-sch\" style=\"text-align: center;\">\n<div id=\"mtb\" class=\"neb-title goog-inline-block\">\n<div class=\"ui-sch\" style=\"text-align: center;\">\n<div id=\"mtb\" class=\"neb-title goog-inline-block\">\n<div class=\"ui-sch\" style=\"text-align: center;\">\n<div id=\"mtb\" class=\"neb-title goog-inline-block\">\n<div>\n<h2 style=\"text-align: center;\"><span style=\"color: #ff0000;\">*<\/span><\/h2>\n<\/div>\n<div class=\"ui-sch\" style=\"text-align: center;\">Granada<\/div>\n<div><\/div>\n<div style=\"text-align: center;\"><span style=\"font-size: 24px;\"><b>Baza<\/b><\/span><\/div>\n<div><\/div>\n<div>ESTRENO<\/div>\n<h2><span style=\"color: #ff9900;\"><strong>\u00abLA FERIA\u00bb<\/strong><\/span><\/h2>\n<\/div>\n<h3 style=\"text-align: center;\">Martes 13 de Septiembre<\/h3>\n<\/div>\n<\/div>\n<\/div>\n<\/div>\n<\/div>\n<h2 style=\"text-align: center;\"><span style=\"color: #ff0000;\">*<\/span><\/h2>\n<div class=\"ui-sch\" style=\"text-align: center;\">\n<div id=\"mtb\" class=\"neb-title goog-inline-block\">\n<div class=\"ui-sch\" style=\"text-align: center;\">\n<div id=\"mtb\" class=\"neb-title goog-inline-block\">\n<div class=\"ui-sch\" style=\"text-align: center;\">\n<div id=\"mtb\" class=\"neb-title goog-inline-block\">\n<div class=\"ui-sch\" style=\"text-align: center;\">C\u00e1diz<\/div>\n<div><\/div>\n<div style=\"text-align: center;\"><span style=\"font-size: 24px;\"><b>San Fernando<\/b><\/span><\/div>\n<h2><strong><span style=\"color: #00ff00;\">BOLO Y CLAUS<\/span><\/strong><\/h2>\n<h2 class=\"ui-sch\"><strong><span style=\"color: #00ff00;\">EN BUSCA DEL GRAN DRAG\u00d3N VERDE<\/span><\/strong><\/h2>\n<\/div>\n<h3 style=\"text-align: center;\">Domingo 4 de Septiembre<\/h3>\n<\/div>\n<\/div>\n<\/div>\n<\/div>\n<\/div>\n<h2 style=\"text-align: center;\">\u00a0<span style=\"color: #ff0000;\">*<\/span><\/h2>\n<h2 style=\"text-align: center;\">_______AGOSTO 2022_______<\/h2>\n<h2 style=\"text-align: center;\"><span style=\"color: #ff0000;\">*<\/span><\/h2>\n<div class=\"ui-sch\" style=\"text-align: center;\">\n<div id=\"mtb\" class=\"neb-title goog-inline-block\">\n<div class=\"ui-sch\" style=\"text-align: center;\">\n<div id=\"mtb\" class=\"neb-title goog-inline-block\">\n<div class=\"ui-sch\" style=\"text-align: center;\">\n<div id=\"mtb\" class=\"neb-title goog-inline-block\">\n<div class=\"ui-sch\" style=\"text-align: center;\">Granada<\/div>\n<div><\/div>\n<div style=\"text-align: center;\"><span style=\"font-size: 24px;\"><b>Orgiva<\/b><\/span><\/div>\n<h2><span style=\"color: #ff9900;\"><strong>\u00abLA FERIA\u00bb<\/strong><\/span><\/h2>\n<\/div>\n<h3 style=\"text-align: center;\">Lunes 22 de Agosto<\/h3>\n<h2>Plaza del la Alpujarra<\/h2>\n<\/div>\n<\/div>\n<\/div>\n<\/div>\n<\/div>\n<h2 style=\"text-align: center;\"><span style=\"color: #ff0000;\">*<\/span><\/h2>\n<div class=\"ui-sch\" style=\"text-align: center;\">\n<div id=\"mtb\" class=\"neb-title goog-inline-block\">\n<div class=\"ui-sch\" style=\"text-align: center;\">\n<div id=\"mtb\" class=\"neb-title goog-inline-block\">\n<div class=\"ui-sch\" style=\"text-align: center;\">\n<div id=\"mtb\" class=\"neb-title goog-inline-block\">\n<div class=\"ui-sch\" style=\"text-align: center;\">Granada<\/div>\n<div><\/div>\n<div style=\"text-align: center;\"><span style=\"font-size: 24px;\"><b>Salobre\u00f1a<\/b><\/span><\/div>\n<h2><span style=\"color: #ff9900;\"><strong>\u00abLA FERIA\u00bb<\/strong><\/span><\/h2>\n<p>PRE ESTRENO<\/p>\n<\/div>\n<h3 style=\"text-align: center;\">Miercoles 17 de Agosto<\/h3>\n<h2>Anfiteatro Nilo Cruz<\/h2>\n<\/div>\n<\/div>\n<\/div>\n<\/div>\n<\/div>\n<h2 style=\"text-align: center;\"><span style=\"color: #ff0000;\">*<\/span><\/h2>\n<div class=\"ui-sch\" style=\"text-align: center;\">\n<div id=\"mtb\" class=\"neb-title goog-inline-block\">\n<div class=\"ui-sch\" style=\"text-align: center;\">\n<div id=\"mtb\" class=\"neb-title goog-inline-block\">\n<div class=\"ui-sch\" style=\"text-align: center;\">\n<div id=\"mtb\" class=\"neb-title goog-inline-block\">\n<div class=\"ui-sch\" style=\"text-align: center;\">Granada<\/div>\n<div><\/div>\n<div style=\"text-align: center;\"><span style=\"font-size: 24px;\"><b>Benalua<\/b><\/span><\/div>\n<h2><strong><span style=\"color: #00ff00;\">BOLO Y CLAUS<\/span><\/strong><\/h2>\n<h2 class=\"ui-sch\"><strong><span style=\"color: #00ff00;\">EN BUSCA DEL GRAN DRAG\u00d3N VERDE<\/span><\/strong><\/h2>\n<\/div>\n<h3 style=\"text-align: center;\">Jueves 11 de Agosto<\/h3>\n<h2>Plaza de la Constituci\u00f3n<\/h2>\n<\/div>\n<\/div>\n<\/div>\n<\/div>\n<\/div>\n<h2 style=\"text-align: center;\">\u00a0<span style=\"color: #ff0000;\">*<\/span><\/h2>\n<h2 style=\"text-align: center;\">_______JULIO 2022_______<\/h2>\n<h2 style=\"text-align: center;\"><span style=\"color: #ff0000;\">*<\/span><\/h2>\n<div class=\"ui-sch\" style=\"text-align: center;\">\n<div id=\"mtb\" class=\"neb-title goog-inline-block\">\n<div class=\"ui-sch\" style=\"text-align: center;\">\n<div id=\"mtb\" class=\"neb-title goog-inline-block\">\n<div class=\"ui-sch\" style=\"text-align: center;\">\n<div id=\"mtb\" class=\"neb-title goog-inline-block\">\n<div class=\"ui-sch\" style=\"text-align: center;\">Granada<\/div>\n<div><\/div>\n<div style=\"text-align: center;\"><span style=\"font-size: 24px;\"><b>Diezma<\/b><\/span><\/div>\n<h2><span style=\"color: #ff9900;\"><strong>\u00abLA FERIA\u00bb<\/strong><\/span><\/h2>\n<\/div>\n<h3 style=\"text-align: center;\">Viernes 15\u00a0 de Julio<\/h3>\n<h2>Plaza del Ayuntamiento<\/h2>\n<\/div>\n<\/div>\n<\/div>\n<\/div>\n<\/div>\n<h2 style=\"text-align: center;\"><span style=\"color: #ff0000;\">*<\/span><\/h2>\n<div class=\"ui-sch\" style=\"text-align: center;\">\n<div id=\"mtb\" class=\"neb-title goog-inline-block\">\n<div class=\"ui-sch\" style=\"text-align: center;\">\n<div id=\"mtb\" class=\"neb-title goog-inline-block\">\n<div class=\"ui-sch\" style=\"text-align: center;\">\n<div id=\"mtb\" class=\"neb-title goog-inline-block\">\n<div class=\"ui-sch\" style=\"text-align: center;\">Granada<\/div>\n<div><\/div>\n<div style=\"text-align: center;\"><span style=\"font-size: 24px;\"><b>Nig\u00fcelas<\/b><\/span><\/div>\n<h2><strong><span style=\"color: #00ff00;\">BOLO Y CLAUS<\/span><\/strong><\/h2>\n<h2 class=\"ui-sch\"><strong><span style=\"color: #00ff00;\">EN BUSCA DEL GRAN DRAG\u00d3N VERDE<\/span><\/strong><\/h2>\n<\/div>\n<h3 style=\"text-align: center;\">S\u00e1bado 9 de Julio<\/h3>\n<h2>Auditorio Seraf\u00edn Herv\u00e1s<\/h2>\n<\/div>\n<\/div>\n<\/div>\n<\/div>\n<\/div>\n<h2 style=\"text-align: center;\">\u00a0<span style=\"color: #ff0000;\">*<\/span><\/h2>\n<h2 style=\"text-align: center;\">_______ABRIL \/ MAYO \/ JUNIO 2022_______<\/h2>\n<h2 style=\"text-align: center;\"><span style=\"color: #ff0000;\">*<\/span><\/h2>\n<div class=\"ui-sch\" style=\"text-align: center;\">\n<div id=\"mtb\" class=\"neb-title goog-inline-block\">\n<div class=\"ui-sch\" style=\"text-align: center;\">\n<div id=\"mtb\" class=\"neb-title goog-inline-block\">\n<div class=\"ui-sch\" style=\"text-align: center;\">\n<div id=\"mtb\" class=\"neb-title goog-inline-block\">\n<div class=\"ui-sch\" style=\"text-align: center;\">Granada<\/div>\n<div><\/div>\n<div style=\"text-align: center;\"><span style=\"font-size: 24px;\"><b>Salobre\u00f1a<\/b><\/span><\/div>\n<\/div>\n<h3 style=\"text-align: center;\">Residencia art\u00edstica. Creaci\u00f3n de nuestro nuevo espect\u00e1culo:<\/h3>\n<h2><span style=\"color: #ff9900;\"><strong>\u00abLA FERIA\u00bb<\/strong><\/span><\/h2>\n<\/div>\n<\/div>\n<\/div>\n<\/div>\n<\/div>\n<h2 style=\"text-align: center;\">\u00a0<span style=\"color: #ff0000;\">*<\/span><\/h2>\n<h2 style=\"text-align: center;\">_______MARZO 2022_______<\/h2>\n<h2 style=\"text-align: center;\"><span style=\"color: #ff0000;\">*<\/span><\/h2>\n<div class=\"ui-sch\" style=\"text-align: center;\">\n<div id=\"mtb\" class=\"neb-title goog-inline-block\">\n<div class=\"ui-sch\" style=\"text-align: center;\">\n<div id=\"mtb\" class=\"neb-title goog-inline-block\">\n<div class=\"ui-sch\" style=\"text-align: center;\">\n<div id=\"mtb\" class=\"neb-title goog-inline-block\">\n<div class=\"ui-sch\" style=\"text-align: center;\">C\u00e1diz<\/div>\n<div><\/div>\n<div style=\"text-align: center;\"><span style=\"font-size: 24px;\"><b>C\u00e1diz<\/b><\/span><\/div>\n<h2><strong><span style=\"color: #00ff00;\">BOLO Y CLAUS<\/span><\/strong><\/h2>\n<h2 class=\"ui-sch\"><strong><span style=\"color: #00ff00;\">EN BUSCA DEL GRAN DRAG\u00d3N VERDE<\/span><\/strong><\/h2>\n<\/div>\n<h3 style=\"text-align: center;\">Viernes 11 de Marzo<\/h3>\n<h2>Teatro del T\u00edtere de C\u00e1diz &#8211; La T\u00eda Norica<\/h2>\n<\/div>\n<\/div>\n<\/div>\n<\/div>\n<\/div>\n<h2 style=\"text-align: center;\">\u00a0<span style=\"color: #ff0000;\">*<\/span><\/h2>\n<h2 style=\"text-align: center;\">_______ENERO \/ FEBRERO 2022_______<\/h2>\n<h2 style=\"text-align: center;\"><span style=\"color: #ff0000;\">*<\/span><\/h2>\n<div class=\"ui-sch\" style=\"text-align: center;\">\n<div id=\"mtb\" class=\"neb-title goog-inline-block\">\n<div class=\"ui-sch\" style=\"text-align: center;\">\n<div id=\"mtb\" class=\"neb-title goog-inline-block\">\n<div class=\"ui-sch\" style=\"text-align: center;\">\n<div id=\"mtb\" class=\"neb-title goog-inline-block\">\n<div class=\"ui-sch\" style=\"text-align: center;\">Granada<\/div>\n<div><\/div>\n<div style=\"text-align: center;\"><span style=\"font-size: 24px;\"><b>Salobre\u00f1a<\/b><\/span><\/div>\n<\/div>\n<h3 style=\"text-align: center;\">Residencia art\u00edstica. Creaci\u00f3n de nuestro nuevo espect\u00e1culo:<\/h3>\n<h2><span style=\"color: #ff9900;\"><strong>\u00abLA FERIA\u00bb<\/strong><\/span><\/h2>\n<\/div>\n<\/div>\n<\/div>\n<\/div>\n<\/div>\n<h2 style=\"text-align: center;\">\u00a0<span style=\"color: #ff0000;\">*<\/span><\/h2>\n<h2 style=\"text-align: center;\">_______DICIEMBRE 2021_______<\/h2>\n<h2 style=\"text-align: center;\"><span style=\"color: #ff0000;\">*<\/span><\/h2>\n<div class=\"ui-sch\" style=\"text-align: center;\">\n<div id=\"mtb\" class=\"neb-title goog-inline-block\">\n<div class=\"ui-sch\" style=\"text-align: center;\">\n<div id=\"mtb\" class=\"neb-title goog-inline-block\">\n<div class=\"ui-sch\" style=\"text-align: center;\">\n<div id=\"mtb\" class=\"neb-title goog-inline-block\">\n<div class=\"ui-sch\" style=\"text-align: center;\">Ja\u00e9n<\/div>\n<div><\/div>\n<div style=\"text-align: center;\"><span style=\"font-size: 24px;\"><b>Baena<\/b><\/span><\/div>\n<h2><strong><span style=\"color: #00ff00;\">BOLO Y CLAUS<\/span><\/strong><\/h2>\n<h2 class=\"ui-sch\"><strong><span style=\"color: #00ff00;\">EN BUSCA DEL GRAN DRAG\u00d3N VERDE<\/span><\/strong><\/h2>\n<\/div>\n<h3 style=\"text-align: center;\">Mi\u00e9rcoles 29 de Diciembre<\/h3>\n<\/div>\n<\/div>\n<\/div>\n<\/div>\n<\/div>\n<h2 style=\"text-align: center;\">\u00a0<span style=\"color: #ff0000;\">*<\/span><\/h2>\n<h2 style=\"text-align: center;\">_______NOVIEMBRE 2021_______<\/h2>\n<h2 style=\"text-align: center;\"><span style=\"color: #ff0000;\">*<\/span><\/h2>\n<div class=\"ui-sch\" style=\"text-align: center;\">\n<div id=\"mtb\" class=\"neb-title goog-inline-block\">\n<div class=\"ui-sch\" style=\"text-align: center;\">\n<div id=\"mtb\" class=\"neb-title goog-inline-block\">\n<div class=\"ui-sch\" style=\"text-align: center;\">\n<div id=\"mtb\" class=\"neb-title goog-inline-block\">\n<div class=\"ui-sch\" style=\"text-align: center;\">Granada<\/div>\n<div><\/div>\n<div style=\"text-align: center;\"><span style=\"font-size: 24px;\"><b>Pinos Puente<\/b><\/span><\/div>\n<h2><strong><span style=\"color: #00ff00;\">BOLO Y CLAUS<\/span><\/strong><\/h2>\n<h2 class=\"ui-sch\"><strong><span style=\"color: #00ff00;\">EN BUSCA DEL GRAN DRAG\u00d3N VERDE<\/span><\/strong><\/h2>\n<\/div>\n<h3 style=\"text-align: center;\">Domingo 14 de Diciembre<\/h3>\n<\/div>\n<\/div>\n<\/div>\n<\/div>\n<\/div>\n<h2 style=\"text-align: center;\">\u00a0<span style=\"color: #ff0000;\">*<\/span><\/h2>\n<h2 style=\"text-align: center;\">_______OCTUBRE 2021_______<\/h2>\n<div id=\"mtb\" class=\"neb-title goog-inline-block\">\n<div id=\"mtb\" class=\"neb-title goog-inline-block\">\n<div id=\"mtb\" class=\"neb-title goog-inline-block\">\n<div id=\"mtb\" class=\"neb-title goog-inline-block\">\n<h2 style=\"text-align: center;\">\u00a0<span style=\"color: #ff0000;\">*<\/span><\/h2>\n<div class=\"ui-sch\" style=\"text-align: center;\">\n<div id=\"mtb\" class=\"neb-title goog-inline-block\">\n<div class=\"ui-sch\" style=\"text-align: center;\">\n<div id=\"mtb\" class=\"neb-title goog-inline-block\">\n<div class=\"ui-sch\" style=\"text-align: center;\">\n<div id=\"mtb\" class=\"neb-title goog-inline-block\">\n<div class=\"ui-sch\" style=\"text-align: center;\">Granada<\/div>\n<div><\/div>\n<div style=\"text-align: center;\"><span style=\"font-size: 24px;\"><b>G\u00f3jar<\/b><\/span><\/div>\n<h4>Polideportivo<\/h4>\n<h2><span style=\"color: #ff00ff;\"><strong>EL PARAGUAS ENCANTADO<\/strong><\/span><\/h2>\n<\/div>\n<h3 style=\"text-align: center;\">Domingo 30 <strong>de Octubre<\/strong><\/h3>\n<\/div>\n<\/div>\n<\/div>\n<\/div>\n<\/div>\n<\/div>\n<\/div>\n<h2 style=\"text-align: center;\"><span style=\"color: #ff0000;\">*<\/span><\/h2>\n<div class=\"ui-sch\" style=\"text-align: center;\">\n<div id=\"mtb\" class=\"neb-title goog-inline-block\">\n<div class=\"ui-sch\" style=\"text-align: center;\">\n<div id=\"mtb\" class=\"neb-title goog-inline-block\">\n<div class=\"ui-sch\" style=\"text-align: center;\">\n<div id=\"mtb\" class=\"neb-title goog-inline-block\">\n<div class=\"ui-sch\" style=\"text-align: center;\">Granada<\/div>\n<div><\/div>\n<div style=\"text-align: center;\"><span style=\"font-size: 24px;\"><b>Guadix<\/b><\/span><\/div>\n<h4>Plaza de las Palomas<\/h4>\n<h2><span style=\"color: #ff00ff;\"><strong>EL PARAGUAS ENCANTADO<\/strong><\/span><\/h2>\n<\/div>\n<h3 style=\"text-align: center;\">Viernes 29 <strong>de Octubre<\/strong><\/h3>\n<\/div>\n<\/div>\n<\/div>\n<\/div>\n<\/div>\n<\/div>\n<\/div>\n<h2 style=\"text-align: center;\"><span style=\"color: #ff0000;\">*<\/span><\/h2>\n<h2 style=\"text-align: center;\">_______AGOSTO 2021_______<\/h2>\n<h2 style=\"text-align: center;\">\u00a0<span style=\"color: #ff0000;\">*<\/span><\/h2>\n<div class=\"ui-sch\" style=\"text-align: center;\">\n<div id=\"mtb\" class=\"neb-title goog-inline-block\">\n<div class=\"ui-sch\" style=\"text-align: center;\">\n<div id=\"mtb\" class=\"neb-title goog-inline-block\">\n<div class=\"ui-sch\" style=\"text-align: center;\">\n<div id=\"mtb\" class=\"neb-title goog-inline-block\">\n<div class=\"ui-sch\" style=\"text-align: center;\">Granada<\/div>\n<div><\/div>\n<div style=\"text-align: center;\"><span style=\"font-size: 24px;\"><b>Almu\u00f1\u00e9car\u00a0<\/b><\/span><\/div>\n<h4>Hotel Victoria Playa<\/h4>\n<h2><strong><span style=\"color: #00ff00;\">BOLO Y CLAUS<\/span><\/strong><\/h2>\n<h2 class=\"ui-sch\"><strong><span style=\"color: #00ff00;\">EN BUSCA DEL GRAN DRAG\u00d3N VERDE<\/span><\/strong><\/h2>\n<\/div>\n<h3 style=\"text-align: center;\">S\u00e1bados 7, 14, 21 y 28<strong>\u00a0 de Agosto<\/strong><\/h3>\n<\/div>\n<\/div>\n<\/div>\n<\/div>\n<\/div>\n<\/div>\n<\/div>\n<h2 style=\"text-align: center;\"><span style=\"color: #ff0000;\">*<\/span><\/h2>\n<h2 style=\"text-align: center;\">_______JULIO 2021________<\/h2>\n<h2 style=\"text-align: center;\"><span style=\"color: #ff0000;\">*<\/span><\/h2>\n<div class=\"ui-sch\" style=\"text-align: center;\">\n<div id=\"mtb\" class=\"neb-title goog-inline-block\">\n<div class=\"ui-sch\" style=\"text-align: center;\">\n<div id=\"mtb\" class=\"neb-title goog-inline-block\">\n<div class=\"ui-sch\" style=\"text-align: center;\">\n<div id=\"mtb\" class=\"neb-title goog-inline-block\">\n<div class=\"ui-sch\" style=\"text-align: center;\">Granada<\/div>\n<div><\/div>\n<div style=\"text-align: center;\"><span style=\"font-size: 24px;\"><b>Orgiva<\/b><\/span><\/div>\n<h2><strong><span style=\"color: #00ff00;\">BOLO Y CLAUS<\/span><\/strong><\/h2>\n<h2 class=\"ui-sch\"><strong><span style=\"color: #00ff00;\">EN BUSCA DEL GRAN DRAG\u00d3N VERDE<\/span><\/strong><\/h2>\n<\/div>\n<h3 style=\"text-align: center;\">Martes 20<strong> de Julio<\/strong><\/h3>\n<\/div>\n<\/div>\n<\/div>\n<\/div>\n<\/div>\n<h2 style=\"text-align: center;\">\u00a0<span style=\"color: #ff0000;\">*<\/span><\/h2>\n<div class=\"ui-sch\" style=\"text-align: center;\">\n<div id=\"mtb\" class=\"neb-title goog-inline-block\">\n<div class=\"ui-sch\" style=\"text-align: center;\">\n<div id=\"mtb\" class=\"neb-title goog-inline-block\">\n<div class=\"ui-sch\" style=\"text-align: center;\">\n<div id=\"mtb\" class=\"neb-title goog-inline-block\">\n<div class=\"ui-sch\" style=\"text-align: center;\">Granada<\/div>\n<div><\/div>\n<div style=\"text-align: center;\"><span style=\"font-size: 24px;\"><b>Almu\u00f1\u00e9car\u00a0<\/b><\/span><\/div>\n<h4>Hotel Victoria Playa<\/h4>\n<h2><strong><span style=\"color: #00ff00;\">BOLO Y CLAUS<\/span><\/strong><\/h2>\n<h2 class=\"ui-sch\"><strong><span style=\"color: #00ff00;\">EN BUSCA DEL GRAN DRAG\u00d3N VERDE<\/span><\/strong><\/h2>\n<\/div>\n<h3 style=\"text-align: center;\">S\u00e1bados 3, 10, 17 , 24 y 31<strong>\u00a0 de Julio<\/strong><\/h3>\n<\/div>\n<\/div>\n<\/div>\n<\/div>\n<\/div>\n<\/div>\n<\/div>\n<h2 style=\"text-align: center;\"><span style=\"color: #ff0000;\">*<\/span><\/h2>\n<h2 style=\"text-align: center;\">_______JUNIO 2021________<\/h2>\n<h2 style=\"text-align: center;\"><span style=\"color: #ff0000;\">*<\/span><\/h2>\n<div class=\"ui-sch\" style=\"text-align: center;\">\n<div id=\"mtb\" class=\"neb-title goog-inline-block\">\n<div class=\"ui-sch\" style=\"text-align: center;\">\n<div id=\"mtb\" class=\"neb-title goog-inline-block\">\n<div class=\"ui-sch\" style=\"text-align: center;\">Granada<\/div>\n<div><\/div>\n<div style=\"text-align: center;\"><span style=\"font-size: 24px;\"><b>Almu\u00f1\u00e9car\u00a0<\/b><\/span><\/div>\n<h4>Hotel Victoria Playa<\/h4>\n<h2><strong><span style=\"color: #00ff00;\">BOLO Y CLAUS<\/span><\/strong><\/h2>\n<h2 class=\"ui-sch\"><strong><span style=\"color: #00ff00;\">EN BUSCA DEL GRAN DRAG\u00d3N VERDE<\/span><\/strong><\/h2>\n<\/div>\n<h3 style=\"text-align: center;\">S\u00e1bado<strong> 26 de Junio<\/strong><\/h3>\n<\/div>\n<\/div>\n<\/div>\n<\/div>\n<\/div>\n<h2 style=\"text-align: center;\"><span style=\"color: #ff0000;\">*<\/span><\/h2>\n<h2 style=\"text-align: center;\">_______MAYO 2021________<\/h2>\n<h2 style=\"text-align: center;\"><span style=\"color: #ff0000;\">*<\/span><\/h2>\n<div class=\"ui-sch\" style=\"text-align: center;\">\n<div id=\"mtb\" class=\"neb-title goog-inline-block\">\n<div class=\"ui-sch\" style=\"text-align: center;\">\n<div id=\"mtb\" class=\"neb-title goog-inline-block\">\n<div class=\"ui-sch\" style=\"text-align: center;\">Granada<\/div>\n<div>Churriana de la Vega.<\/div>\n<h2><strong><span style=\"color: #00ff00;\">BOLO Y CLAUS<\/span><\/strong><\/h2>\n<h2 class=\"ui-sch\"><strong><span style=\"color: #00ff00;\">EN BUSCA DEL GRAN DRAG\u00d3N VERDE<\/span><\/strong><\/h2>\n<\/div>\n<h3 style=\"text-align: center;\"><strong>Martes 18 de Agosto<\/strong><\/h3>\n<\/div>\n<\/div>\n<\/div>\n<\/div>\n<\/div>\n<div style=\"text-align: center;\">Primer Pase 10:00<\/div>\n<div style=\"text-align: center;\">Segundo Pase 12:00<\/div>\n<h3 style=\"text-align: center;\"><strong>Jueves 20 de Agosto<\/strong><\/h3>\n<div>\n<div style=\"text-align: center;\">Primer Pase 10:00<\/div>\n<div style=\"text-align: center;\">Segundo Pase 12:00<\/div>\n<\/div>\n<h3 style=\"text-align: center;\"><strong>Viernes 21 de Agosto<\/strong><\/h3>\n<div>\n<div style=\"text-align: center;\">Primer Pase 10:00<\/div>\n<div style=\"text-align: center;\">Segundo Pase 12:00<\/div>\n<\/div>\n<div id=\"mtb\" class=\"neb-title goog-inline-block\">\n<div id=\"mtb\" class=\"neb-title goog-inline-block\">\n<h2 style=\"text-align: center;\"><span style=\"color: #ff0000;\">*<\/span><\/h2>\n<\/div>\n<\/div>\n<h2 style=\"text-align: center;\">_______ABRIL 2021________<\/h2>\n<div>\n<h2 style=\"text-align: center;\"><span style=\"color: #ff0000;\">*<\/span><\/h2>\n<\/div>\n<div class=\"ui-sch\" style=\"text-align: center;\">Granada<\/div>\n<div style=\"text-align: center;\">Alfacar<\/div>\n<h2 style=\"text-align: center;\"><strong><span style=\"color: #00ff00;\">BOLO Y CLAUS<\/span><\/strong><\/h2>\n<h2 class=\"ui-sch\" style=\"text-align: center;\"><strong><span style=\"color: #00ff00;\">EN BUSCA DEL GRAN DRAG\u00d3N VERDE<\/span><\/strong><\/h2>\n<p style=\"text-align: center;\">Viernes 23 de Abril<\/p>\n<h2 style=\"text-align: center;\"><span style=\"color: #ff0000;\">*<\/span><\/h2>\n<div id=\"mtb\" class=\"neb-title goog-inline-block\">\n<div id=\"mtb\" class=\"neb-title goog-inline-block\">\n<h2 style=\"text-align: center;\">_______AGOSTO 2020________<\/h2>\n<h2 style=\"text-align: center;\"><span style=\"color: #ff0000;\">*<\/span><\/h2>\n<div class=\"ui-sch\" style=\"text-align: center;\">\n<div id=\"mtb\" class=\"neb-title goog-inline-block\">\n<div class=\"ui-sch\" style=\"text-align: center;\">\n<div id=\"mtb\" class=\"neb-title goog-inline-block\">\n<div class=\"ui-sch\" style=\"text-align: center;\">Granada<\/div>\n<div>Soport\u00fajar.<\/div>\n<h2><strong><span style=\"color: #00ff00;\">BOLO Y CLAUS<\/span><\/strong><\/h2>\n<h2 class=\"ui-sch\"><strong><span style=\"color: #00ff00;\">EN BUSCA DEL GRAN DRAG\u00d3N VERDE<\/span><\/strong><\/h2>\n<\/div>\n<div style=\"text-align: center;\">S\u00e1bado 1 de Agosto<\/div>\n<\/div>\n<\/div>\n<\/div>\n<h2 style=\"text-align: center;\"><span style=\"color: #ff0000;\">*<\/span><\/h2>\n<div class=\"ui-sch\" style=\"text-align: center;\">\n<div id=\"mtb\" class=\"neb-title goog-inline-block\">\n<div class=\"ui-sch\" style=\"text-align: center;\">\n<div id=\"mtb\" class=\"neb-title goog-inline-block\">\n<div class=\"ui-sch\" style=\"text-align: center;\">Granada<\/div>\n<div>Salobre\u00f1a.<\/div>\n<h2><strong><span style=\"color: #00ff00;\">BOLO Y CLAUS<\/span><\/strong><\/h2>\n<h2 class=\"ui-sch\"><strong><span style=\"color: #00ff00;\">EN BUSCA DEL GRAN DRAG\u00d3N VERDE<\/span><\/strong><\/h2>\n<\/div>\n<div style=\"text-align: center;\">Martes 4 de Agosto<\/div>\n<\/div>\n<\/div>\n<\/div>\n<h2 style=\"text-align: center;\"><span style=\"color: #ff0000;\">*<\/span><\/h2>\n<div id=\"mtb\" class=\"neb-title goog-inline-block\">\n<div class=\"ui-sch\" style=\"text-align: center;\">Granada<\/div>\n<div style=\"text-align: center;\">G\u00f3jar.<\/div>\n<h2 style=\"text-align: center;\"><strong><span style=\"color: #00ff00;\">BOLO Y CLAUS<\/span><\/strong><\/h2>\n<h2 class=\"ui-sch\" style=\"text-align: center;\"><strong><span style=\"color: #00ff00;\">EN BUSCA DEL GRAN DRAG\u00d3N VERDE<\/span><\/strong><\/h2>\n<\/div>\n<div style=\"text-align: center;\">Viernes 28 de Agosto<\/div>\n<div>\n<h2 style=\"text-align: center;\"><span style=\"color: #ff0000;\">*<\/span><\/h2>\n<\/div>\n<h2 style=\"text-align: center;\">_______DICIEMBRE 2019________<\/h2>\n<div>\n<div>\n<h2 style=\"text-align: center;\"><span style=\"color: #ff0000;\">*<\/span><\/h2>\n<\/div>\n<div style=\"text-align: center;\">Granada<\/div>\n<div style=\"text-align: center;\">DEHESAS DE GUADIX<\/div>\n<div>\n<h2 style=\"text-align: center;\"><strong><span style=\"color: #00ff00;\">BOLO Y CLAUS<\/span><\/strong><\/h2>\n<h2 class=\"ui-sch\" style=\"text-align: center;\"><strong><span style=\"color: #00ff00;\">EN BUSCA DEL GRAN DRAG\u00d3N VERDE<\/span><\/strong><\/h2>\n<\/div>\n<div style=\"text-align: center;\">Lunes 30 de Diciembre<\/div>\n<div style=\"text-align: center;\">\n<h2 style=\"text-align: center;\"><span style=\"color: #ff0000;\">*<\/span><\/h2>\n<\/div>\n<\/div>\n<div style=\"text-align: center;\">Granada<\/div>\n<div style=\"text-align: center;\">ALIC\u00daN DE ORTEGA<\/div>\n<div>\n<h2 style=\"text-align: center;\"><strong><span style=\"color: #00ff00;\">BOLO Y CLAUS<\/span><\/strong><\/h2>\n<h2 class=\"ui-sch\" style=\"text-align: center;\"><strong><span style=\"color: #00ff00;\">EN BUSCA DEL GRAN DRAG\u00d3N VERDE<\/span><\/strong><\/h2>\n<\/div>\n<div style=\"text-align: center;\">S\u00e1bado 28 de Diciembre<\/div>\n<div style=\"text-align: center;\">\n<h2 style=\"text-align: center;\"><span style=\"color: #ff0000;\">*<\/span><\/h2>\n<div style=\"text-align: center;\">\n<div id=\"mtb\" class=\"neb-title goog-inline-block\">\n<div class=\"ui-sch\" style=\"text-align: center;\">Granada<\/div>\n<div>VILLANUEVA DE LAS TORRES<\/div>\n<div id=\"mtb\" class=\"neb-title goog-inline-block\">\n<div>\n<h2 class=\"ui-sch\" style=\"text-align: center;\"><strong style=\"color: #00ffff;\">\u00a1BU!<\/strong><\/h2>\n<\/div>\n<\/div>\n<div>(Espect\u00e1culo en proceso de creaci\u00f3n)<\/div>\n<\/div>\n<div style=\"text-align: center;\">Viernes 27 de Diciembre<\/div>\n<\/div>\n<h2 style=\"text-align: center;\"><span style=\"color: #ff0000;\">*<\/span><\/h2>\n<\/div>\n<h2 style=\"text-align: center;\">_______NOVIEMBRE 2019________<\/h2>\n<h2 style=\"text-align: center;\"><span style=\"color: #ff0000;\">*<\/span><\/h2>\n<div class=\"ui-sch\" style=\"text-align: center;\">\n<div id=\"mtb\" class=\"neb-title goog-inline-block\">\n<div class=\"ui-sch\" style=\"text-align: center;\">\n<div id=\"mtb\" class=\"neb-title goog-inline-block\">\n<div class=\"ui-sch\" style=\"text-align: center;\">Granada<\/div>\n<div>ALIC\u00daN DE ORTEGA<\/div>\n<h2><strong><span style=\"color: #ff9900;\">\u00a0LA FERIA<\/span><\/strong><\/h2>\n<p>(Espect\u00e1culo en proceso de creaci\u00f3n)<\/p>\n<\/div>\n<div style=\"text-align: center;\">S\u00e1bado 2 de Noviembre<\/div>\n<\/div>\n<\/div>\n<\/div>\n<h2 style=\"text-align: center;\"><span style=\"color: #ff0000;\">*<\/span><\/h2>\n<div class=\"ui-sch\" style=\"text-align: center;\">\n<div id=\"mtb\" class=\"neb-title goog-inline-block\">\n<div class=\"ui-sch\" style=\"text-align: center;\">\n<div id=\"mtb\" class=\"neb-title goog-inline-block\">\n<div class=\"ui-sch\" style=\"text-align: center;\">Granada<\/div>\n<div>DEHESAS DE GUADIX<\/div>\n<h2><span style=\"color: #ff00ff;\"><strong>EL PARAGUAS ENCANTADO<\/strong><\/span><\/h2>\n<p>PASACALLES<\/p>\n<\/div>\n<div style=\"text-align: center;\">Viernes 1 de Noviembre<\/div>\n<\/div>\n<\/div>\n<\/div>\n<h2 style=\"text-align: center;\"><span style=\"color: #ff0000;\">*<\/span><\/h2>\n<h2 style=\"text-align: center;\">_______OCTUBRE 2019________<\/h2>\n<h2 style=\"text-align: center;\"><span style=\"color: #ff0000;\">*<\/span><\/h2>\n<div class=\"ui-sch\" style=\"text-align: center;\">\n<div id=\"mtb\" class=\"neb-title goog-inline-block\">\n<div class=\"ui-sch\" style=\"text-align: center;\">\n<div id=\"mtb\" class=\"neb-title goog-inline-block\">\n<div class=\"ui-sch\" style=\"text-align: center;\">Granada<\/div>\n<div>VILLANUEVA DE LAS TORRES<\/div>\n<h2><span style=\"color: #ff00ff;\"><strong>EL PARAGUAS ENCANTADO<\/strong><\/span><\/h2>\n<p>PASACALLES<\/p>\n<\/div>\n<div style=\"text-align: center;\">Jueves 31 de Octubre<\/div>\n<\/div>\n<\/div>\n<\/div>\n<h2 style=\"text-align: center;\"><span style=\"color: #ff0000;\">*<\/span><\/h2>\n<h2 style=\"text-align: center;\">_______SEPTIEMBRE 2019________<\/h2>\n<\/div>\n<div>\n<h2 style=\"text-align: center;\"><span style=\"color: #ff0000;\">*<\/span><\/h2>\n<div class=\"ui-sch\" style=\"text-align: center;\">\n<div id=\"mtb\" class=\"neb-title goog-inline-block\">\n<div class=\"ui-sch\" style=\"text-align: center;\">\n<div id=\"mtb\" class=\"neb-title goog-inline-block\">\n<div class=\"ui-sch\" style=\"text-align: center;\">Granada<\/div>\n<div>MURTAS<\/div>\n<h2><strong><span style=\"color: #ff9900;\">\u00a0LA FERIA<\/span><\/strong><\/h2>\n<p>(Espect\u00e1culo en proceso de creaci\u00f3n)<\/p>\n<\/div>\n<div style=\"text-align: center;\">S\u00e1bado 28 de Septiembre a las 19:00 hrs<\/div>\n<\/div>\n<\/div>\n<\/div>\n<h2 style=\"text-align: center;\"><span style=\"color: #ff0000;\">*<\/span><\/h2>\n<div class=\"ui-sch\" style=\"text-align: center;\">\n<div id=\"mtb\" class=\"neb-title goog-inline-block\">\n<div class=\"ui-sch\" style=\"text-align: center;\">\n<div id=\"mtb\" class=\"neb-title goog-inline-block\">\n<div class=\"ui-sch\" style=\"text-align: center;\">Granada<\/div>\n<div>EL PADUL<\/div>\n<h2><strong><span style=\"color: #ff9900;\">\u00a0LA FERIA<\/span><\/strong><\/h2>\n<p>(Espect\u00e1culo en proceso de creaci\u00f3n)<\/p>\n<\/div>\n<div style=\"text-align: center;\">S\u00e1bado 28 de Septiembre a las 12:00 hrs<\/div>\n<\/div>\n<\/div>\n<\/div>\n<h2 style=\"text-align: center;\"><span style=\"color: #ff0000;\">*<\/span><\/h2>\n<div class=\"ui-sch\" style=\"text-align: center;\">\n<div id=\"mtb\" class=\"neb-title goog-inline-block\">\n<div class=\"ui-sch\" style=\"text-align: center;\">\n<div id=\"mtb\" class=\"neb-title goog-inline-block\">\n<div class=\"ui-sch\" style=\"text-align: center;\">Granada<\/div>\n<div>LARIOS CENTRO<\/div>\n<div>Weekend Family<\/div>\n<h2><strong><span style=\"color: #00ff00;\">BOLO Y CLAUS<\/span><\/strong><\/h2>\n<h2 class=\"ui-sch\"><strong><span style=\"color: #00ff00;\">EN BUSCA DEL GRAN DRAG\u00d3N VERDE<\/span><\/strong><\/h2>\n<\/div>\n<div style=\"text-align: center;\">Viernes 13 de Septiembre<\/div>\n<\/div>\n<\/div>\n<\/div>\n<h2 style=\"text-align: center;\"><span style=\"color: #ff0000;\">*<\/span><\/h2>\n<\/div>\n<div style=\"text-align: center;\">Granada<\/div>\n<div style=\"text-align: center;\">Almu\u00f1\u00e9car<\/div>\n<div style=\"text-align: center;\">HOTEL VICTORIA PLAYA<\/div>\n<div>\n<h2 style=\"text-align: center;\"><strong><span style=\"color: #00ff00;\">BOLO Y CLAUS<\/span><\/strong><\/h2>\n<h2 class=\"ui-sch\" style=\"text-align: center;\"><strong><span style=\"color: #00ff00;\">EN BUSCA DEL GRAN DRAG\u00d3N VERDE<\/span><\/strong><\/h2>\n<\/div>\n<div style=\"text-align: center;\">Domingos 1 y 8 de septiembre<\/div>\n<div style=\"text-align: center;\">\n<h2 style=\"text-align: center;\"><span style=\"color: #ff0000;\">*<\/span><\/h2>\n<\/div>\n<div id=\"mtb\" class=\"neb-title goog-inline-block\">\n<h2 style=\"text-align: center;\">_______AGOSTO 2019________<\/h2>\n<\/div>\n<div>\n<h2 style=\"text-align: center;\"><span style=\"color: #ff0000;\">*<\/span><\/h2>\n<div class=\"ui-sch\" style=\"text-align: center;\">\n<div id=\"mtb\" class=\"neb-title goog-inline-block\">\n<div class=\"ui-sch\" style=\"text-align: center;\">\n<div id=\"mtb\" class=\"neb-title goog-inline-block\">\n<div class=\"ui-sch\" style=\"text-align: center;\">Granada<\/div>\n<div>ALBU\u00d1OL<\/div>\n<h2><strong><span style=\"color: #ff9900;\">\u00a0LA FERIA<\/span><\/strong><\/h2>\n<p>(Espect\u00e1culo en proceso de creaci\u00f3n)<\/p>\n<\/div>\n<div style=\"text-align: center;\">Viernes 16 de Agosto<\/div>\n<\/div>\n<\/div>\n<\/div>\n<h2 style=\"text-align: center;\"><span style=\"color: #ff0000;\">*<\/span><\/h2>\n<\/div>\n<div style=\"text-align: center;\">Almu\u00f1\u00e9car<\/div>\n<div style=\"text-align: center;\">HOTEL VICTORIA PLAYA<\/div>\n<div>\n<h2 style=\"text-align: center;\"><strong><span style=\"color: #00ff00;\">BOLO Y CLAUS<\/span><\/strong><\/h2>\n<h2 class=\"ui-sch\" style=\"text-align: center;\"><strong><span style=\"color: #00ff00;\">EN BUSCA DEL GRAN DRAG\u00d3N VERDE<\/span><\/strong><\/h2>\n<\/div>\n<div style=\"text-align: center;\">Domingos 4, 11, 18 y 25 de julio<\/div>\n<div style=\"text-align: center;\">\n<h2 style=\"text-align: center;\"><span style=\"color: #ff0000;\">*<\/span><\/h2>\n<\/div>\n<h2 style=\"text-align: center;\">_______JULIO 2019________<\/h2>\n<\/div>\n<div>\n<h2 style=\"text-align: center;\"><span style=\"color: #ff0000;\">*<\/span><\/h2>\n<\/div>\n<div style=\"text-align: center;\">Almu\u00f1\u00e9car<\/div>\n<div style=\"text-align: center;\">HOTEL VICTORIA PLAYA<\/div>\n<div>\n<h2 style=\"text-align: center;\"><strong><span style=\"color: #00ff00;\">BOLO Y CLAUS<\/span><\/strong><\/h2>\n<h2 class=\"ui-sch\" style=\"text-align: center;\"><strong><span style=\"color: #00ff00;\">EN BUSCA DEL GRAN DRAG\u00d3N VERDE<\/span><\/strong><\/h2>\n<\/div>\n<div style=\"text-align: center;\">Domingos 7, 14, 21 y 28 de julio<\/div>\n<div style=\"text-align: center;\">\n<h2 style=\"text-align: center;\"><span style=\"color: #ff0000;\">*<\/span><\/h2>\n<div class=\"ui-sch\" style=\"text-align: center;\">\n<div id=\"mtb\" class=\"neb-title goog-inline-block\">\n<div class=\"ui-sch\" style=\"text-align: center;\">\n<div id=\"mtb\" class=\"neb-title goog-inline-block\"><\/div>\n<\/div>\n<\/div>\n<\/div>\n<\/div>\n<div>\n<h2 style=\"text-align: center;\">_______JUNIO 2019________<\/h2>\n<\/div>\n<div style=\"text-align: center;\">PROCESO DE CREACI\u00d3N DE NUESTROS NUEVOS ESPECT\u00c1CULOS<\/div>\n<div style=\"text-align: center;\">\n<h2 class=\"ui-sch\" style=\"text-align: center;\"><strong style=\"color: #00ffff;\">\u00a1BU!<\/strong><\/h2>\n<p>Y<\/p>\n<h2><strong><span style=\"color: #ff9900;\">\u00a0LA FERIA<\/span><\/strong><\/h2>\n<h2 style=\"text-align: center;\"><span style=\"color: #ff0000;\">*<\/span><\/h2>\n<div style=\"text-align: center;\">Almu\u00f1\u00e9car<\/div>\n<div style=\"text-align: center;\">HOTEL VICTORIA PLAYA<\/div>\n<div>\n<h2 style=\"text-align: center;\"><strong><span style=\"color: #00ff00;\">BOLO Y CLAUS<\/span><\/strong><\/h2>\n<h2 class=\"ui-sch\" style=\"text-align: center;\"><strong><span style=\"color: #00ff00;\">EN BUSCA DEL GRAN DRAG\u00d3N VERDE<\/span><\/strong><\/h2>\n<\/div>\n<div style=\"text-align: center;\">Domingos 23 y 30 de junio<\/div>\n<p>&nbsp;<\/p>\n<\/div>\n<div style=\"text-align: center;\">\n<h2 style=\"text-align: center;\">_______MAYO 2019________<\/h2>\n<div class=\"ui-sch\" style=\"text-align: center;\">Motril<\/div>\n<div>CEIP R\u00edo Ebro<\/div>\n<h2><strong><span style=\"color: #00ff00;\">BOLO Y CLAUS<\/span><\/strong><\/h2>\n<h2 class=\"ui-sch\"><strong><span style=\"color: #00ff00;\">EN BUSCA DEL GRAN DRAG\u00d3N VERDE<\/span><\/strong><\/h2>\n<p>Jueves 9 de Mayo<\/p>\n<h2 style=\"text-align: center;\"><span style=\"color: #ff0000;\">*<\/span><\/h2>\n<div class=\"ui-sch\" style=\"text-align: center;\">\n<div id=\"mtb\" class=\"neb-title goog-inline-block\">\n<div class=\"ui-sch\" style=\"text-align: center;\">\n<div id=\"mtb\" class=\"neb-title goog-inline-block\">\n<div class=\"ui-sch\" style=\"text-align: center;\">\n<div class=\"ui-sch\" style=\"text-align: center;\">Granada<\/div>\n<div>CEIP MARISTAS<\/div>\n<h2><strong><span style=\"color: #00ff00;\">BOLO Y CLAUS<\/span><\/strong><\/h2>\n<h2 class=\"ui-sch\"><strong><span style=\"color: #00ff00;\">EN BUSCA DEL GRAN DRAG\u00d3N VERDE<\/span><\/strong><\/h2>\n<p>Jueves 9 de Mayo<\/p>\n<\/div>\n<\/div>\n<\/div>\n<\/div>\n<\/div>\n<h2 style=\"text-align: center;\"><span style=\"color: #ff0000;\">*<\/span><\/h2>\n<div class=\"ui-sch\" style=\"text-align: center;\">\n<div id=\"mtb\" class=\"neb-title goog-inline-block\">\n<div class=\"ui-sch\" style=\"text-align: center;\">\n<div id=\"mtb\" class=\"neb-title goog-inline-block\">\n<div class=\"ui-sch\" style=\"text-align: center;\">Granada<\/div>\n<div>CEIP MARISTAS<\/div>\n<h2><strong><span style=\"color: #00ff00;\">BOLO Y CLAUS<\/span><\/strong><\/h2>\n<h2 class=\"ui-sch\"><strong><span style=\"color: #00ff00;\">EN BUSCA DEL GRAN DRAG\u00d3N VERDE<\/span><\/strong><\/h2>\n<\/div>\n<div style=\"text-align: center;\">Mi\u00e9rcoles\u00a0 8 de Mayo<\/div>\n<\/div>\n<\/div>\n<\/div>\n<h2 style=\"text-align: center;\"><span style=\"color: #ff0000;\">*<\/span><\/h2>\n<div class=\"ui-sch\" style=\"text-align: center;\">\n<div id=\"mtb\" class=\"neb-title goog-inline-block\">\n<div class=\"ui-sch\" style=\"text-align: center;\">\n<div id=\"mtb\" class=\"neb-title goog-inline-block\">\n<div class=\"ui-sch\" style=\"text-align: center;\">Granada<\/div>\n<div>CENES DE LA VEGA<\/div>\n<div>\n<div id=\"mtb\" class=\"neb-title goog-inline-block\">\n<h2 class=\"ui-sch\" style=\"text-align: center;\"><strong style=\"color: #00ffff;\">\u00a1BU!<\/strong><\/h2>\n<\/div>\n<div>(Espect\u00e1culo en proceso de creaci\u00f3n)<\/div>\n<div style=\"text-align: center;\">Martes 7 de Mayo<\/div>\n<\/div>\n<\/div>\n<\/div>\n<\/div>\n<\/div>\n<h2 style=\"text-align: center;\"><span style=\"color: #ff0000;\">*<\/span><\/h2>\n<h2 style=\"text-align: center;\">_______ABRIL 2019________<\/h2>\n<h2 style=\"text-align: center;\"><span style=\"color: #ff0000;\">*<\/span><\/h2>\n<div class=\"ui-sch\" style=\"text-align: center;\">\n<div id=\"mtb\" class=\"neb-title goog-inline-block\">\n<div class=\"ui-sch\" style=\"text-align: center;\">\n<div id=\"mtb\" class=\"neb-title goog-inline-block\">\n<div class=\"ui-sch\" style=\"text-align: center;\">Granada<\/div>\n<div>SALOBRE\u00d1A<\/div>\n<div id=\"mtb\" class=\"neb-title goog-inline-block\">\n<div>\n<h2 class=\"ui-sch\" style=\"text-align: center;\"><strong style=\"color: #00ffff;\">\u00a1BU!<\/strong><\/h2>\n<\/div>\n<\/div>\n<div>(Espect\u00e1culo en proceso de creaci\u00f3n)<\/div>\n<\/div>\n<div style=\"text-align: center;\">Viernes 26 de Abril<\/div>\n<\/div>\n<\/div>\n<\/div>\n<h2 style=\"text-align: center;\"><span style=\"color: #ff0000;\">*<\/span><\/h2>\n<h2 style=\"text-align: center;\">_______MARZO 2019________<\/h2>\n<h2 style=\"text-align: center;\"><span style=\"color: #ff0000;\">*<\/span><\/h2>\n<div class=\"ui-sch\" style=\"text-align: center;\">\n<div id=\"mtb\" class=\"neb-title goog-inline-block\">\n<div class=\"ui-sch\" style=\"text-align: center;\">\n<div id=\"mtb\" class=\"neb-title goog-inline-block\">\n<div class=\"ui-sch\" style=\"text-align: center;\">Granada<\/div>\n<div>TEATRO MUNICIPAL ZAID\u00cdN<\/div>\n<h2><strong><span style=\"color: #00ff00;\">BOLO Y CLAUS<\/span><\/strong><\/h2>\n<h2 class=\"ui-sch\"><strong><span style=\"color: #00ff00;\">EN BUSCA DEL GRAN DRAG\u00d3N VERDE<\/span><\/strong><\/h2>\n<\/div>\n<div style=\"text-align: center;\">Viernes 29 de Marzo<\/div>\n<\/div>\n<\/div>\n<\/div>\n<h2 style=\"text-align: center;\"><span style=\"color: #ff0000;\">*<\/span><\/h2>\n<div class=\"ui-sch\" style=\"text-align: center;\">\n<div id=\"mtb\" class=\"neb-title goog-inline-block\">\n<div class=\"ui-sch\" style=\"text-align: center;\">\n<div id=\"mtb\" class=\"neb-title goog-inline-block\">\n<div class=\"ui-sch\" style=\"text-align: center;\">Madrid<\/div>\n<div>GUADARRAMA<\/div>\n<h2><strong><span style=\"color: #ff9900;\">\u00a0LA FERIA<\/span><\/strong><\/h2>\n<p>(Espect\u00e1culo en proceso de creaci\u00f3n)<\/p>\n<\/div>\n<div style=\"text-align: center;\">S\u00e1bado 16 de Marzo<\/div>\n<\/div>\n<\/div>\n<\/div>\n<h2 style=\"text-align: center;\"><span style=\"color: #ff0000;\">*<\/span><\/h2>\n<div class=\"ui-sch\" style=\"text-align: center;\">\n<div id=\"mtb\" class=\"neb-title goog-inline-block\">\n<div class=\"ui-sch\" style=\"text-align: center;\">\n<div id=\"mtb\" class=\"neb-title goog-inline-block\">\n<div class=\"ui-sch\" style=\"text-align: center;\">Granada<\/div>\n<div>CEIP LA CONSOLACI\u00d3N<\/div>\n<div>\n<div id=\"mtb\" class=\"neb-title goog-inline-block\">\n<h2><strong><span style=\"color: #ff9900;\">\u00a0LA FERIA<\/span><\/strong><\/h2>\n<\/div>\n<div>(Espect\u00e1culo en proceso de creaci\u00f3n)<\/div>\n<div style=\"text-align: center;\">Martes 12 de Marzo<\/div>\n<\/div>\n<\/div>\n<\/div>\n<\/div>\n<\/div>\n<h2 style=\"text-align: center;\"><span style=\"color: #ff0000;\">*<\/span><\/h2>\n<div class=\"ui-sch\" style=\"text-align: center;\">\n<div id=\"mtb\" class=\"neb-title goog-inline-block\">\n<div class=\"ui-sch\" style=\"text-align: center;\">\n<div id=\"mtb\" class=\"neb-title goog-inline-block\">\n<div class=\"ui-sch\" style=\"text-align: center;\">Madrid<\/div>\n<div>CENTRO CULTURAL SAN JUAN BAUTISTA<\/div>\n<div>\n<h2 class=\"ui-sch\" style=\"text-align: center;\"><strong style=\"color: #00ffff;\">\u00a1BU!<\/strong><\/h2>\n<\/div>\n<\/div>\n<div>(Espect\u00e1culo en proceso de creaci\u00f3n)<\/div>\n<div style=\"text-align: center;\">S\u00e1bado 9 de Marzo<\/div>\n<\/div>\n<\/div>\n<\/div>\n<h2 style=\"text-align: center;\"><span style=\"color: #ff0000;\">*<\/span><\/h2>\n<div class=\"ui-sch\" style=\"text-align: center;\">\n<div id=\"mtb\" class=\"neb-title goog-inline-block\">\n<div class=\"ui-sch\" style=\"text-align: center;\">\n<div id=\"mtb\" class=\"neb-title goog-inline-block\">\n<div class=\"ui-sch\" style=\"text-align: center;\">Madrid<\/div>\n<div>CENTRO CULTURAL SANTA PETRONILA<\/div>\n<h2><strong><span style=\"color: #ff9900;\">\u00a0LA FERIA<\/span><\/strong><\/h2>\n<\/div>\n<div style=\"text-align: center;\">\u00a0Viernes 1\u00a0 de Marzo<\/div>\n<\/div>\n<\/div>\n<\/div>\n<h2 style=\"text-align: center;\"><span style=\"color: #ff0000;\">*<\/span><\/h2>\n<h2><\/h2>\n<h2 style=\"text-align: center;\">_______FEBRERO 2019________<\/h2>\n<h2 style=\"text-align: center;\"><span style=\"color: #ff0000;\">*<\/span><\/h2>\n<div class=\"ui-sch\" style=\"text-align: center;\">\n<div id=\"mtb\" class=\"neb-title goog-inline-block\">\n<div class=\"ui-sch\" style=\"text-align: center;\">\n<div id=\"mtb\" class=\"neb-title goog-inline-block\">\n<div class=\"ui-sch\" style=\"text-align: center;\">Granada<\/div>\n<div>BELICENA<\/div>\n<h2><strong><span style=\"color: #ff9900;\">\u00a0LA FERIA<\/span><\/strong><\/h2>\n<p>(Espect\u00e1culo en proceso de creaci\u00f3n)<\/p>\n<\/div>\n<div style=\"text-align: center;\">Mi\u00e9rcoles 27 de Febrero<\/div>\n<\/div>\n<\/div>\n<\/div>\n<h2 style=\"text-align: center;\"><span style=\"color: #ff0000;\">*<\/span><\/h2>\n<div class=\"ui-sch\" style=\"text-align: center;\">\n<div id=\"mtb\" class=\"neb-title goog-inline-block\">\n<div class=\"ui-sch\" style=\"text-align: center;\">\n<div id=\"mtb\" class=\"neb-title goog-inline-block\">\n<div class=\"ui-sch\" style=\"text-align: center;\">Granada<\/div>\n<div>CHURRIANA DE LA VEGA<\/div>\n<div>\n<div id=\"mtb\" class=\"neb-title goog-inline-block\">\n<div>\n<h2 class=\"ui-sch\" style=\"text-align: center;\"><strong style=\"color: #00ffff;\">\u00a1BU!<\/strong><\/h2>\n<\/div>\n<\/div>\n<div>(Espect\u00e1culo en proceso de creaci\u00f3n)<\/div>\n<div style=\"text-align: center;\">S\u00e1bado 23 de Febrero<\/div>\n<\/div>\n<\/div>\n<\/div>\n<\/div>\n<\/div>\n<h2 style=\"text-align: center;\"><span style=\"color: #ff0000;\">*<\/span><\/h2>\n<div class=\"ui-sch\" style=\"text-align: center;\">\n<div id=\"mtb\" class=\"neb-title goog-inline-block\">\n<div class=\"ui-sch\" style=\"text-align: center;\">\n<div id=\"mtb\" class=\"neb-title goog-inline-block\">\n<div class=\"ui-sch\" style=\"text-align: center;\">Granada<\/div>\n<div>HUETOR T\u00c1JAR<\/div>\n<div>\n<h2 class=\"ui-sch\" style=\"text-align: center;\"><strong style=\"color: #00ffff;\">\u00a1BU!<\/strong><\/h2>\n<\/div>\n<\/div>\n<div>(Espect\u00e1culo en proceso de creaci\u00f3n)<\/div>\n<div style=\"text-align: center;\">Viernes 8 de Febrero<\/div>\n<\/div>\n<\/div>\n<\/div>\n<h2 style=\"text-align: center;\"><span style=\"color: #ff0000;\">*<\/span><\/h2>\n<div class=\"ui-sch\" style=\"text-align: center;\">\n<div id=\"mtb\" class=\"neb-title goog-inline-block\">\n<div class=\"ui-sch\" style=\"text-align: center;\">\n<div id=\"mtb\" class=\"neb-title goog-inline-block\">\n<div class=\"ui-sch\" style=\"text-align: center;\">Granada<\/div>\n<div>HUETOR T\u00c1JAR<\/div>\n<h2><strong><span style=\"color: #00ff00;\">BOLO Y CLAUS<\/span><\/strong><\/h2>\n<h2 class=\"ui-sch\"><strong><span style=\"color: #00ff00;\">EN BUSCA DEL GRAN DRAG\u00d3N VERDE<\/span><\/strong><\/h2>\n<\/div>\n<div style=\"text-align: center;\">\u00a0Jueves 7\u00a0 de Febrero<\/div>\n<\/div>\n<\/div>\n<\/div>\n<h2 style=\"text-align: center;\"><span style=\"color: #ff0000;\">*<\/span><\/h2>\n<h2 style=\"text-align: center;\">_______ENERO 2019________<\/h2>\n<h2 style=\"text-align: center;\"><span style=\"color: #ff0000;\">*<\/span><\/h2>\n<div class=\"ui-sch\" style=\"text-align: center;\">\n<div id=\"mtb\" class=\"neb-title goog-inline-block\">\n<div class=\"ui-sch\" style=\"text-align: center;\">\n<div id=\"mtb\" class=\"neb-title goog-inline-block\">\n<div class=\"ui-sch\" style=\"text-align: center;\">Granada<\/div>\n<div>ALMU\u00d1\u00c9CAR<\/div>\n<div>\n<h2 class=\"ui-sch\" style=\"text-align: center;\"><strong style=\"color: #00ffff;\">\u00a1BU!<\/strong><\/h2>\n<div>(Espect\u00e1culo en proceso de creaci\u00f3n)<\/div>\n<\/div>\n<\/div>\n<div style=\"text-align: center;\">Miercoles 16 de Enero<\/div>\n<\/div>\n<\/div>\n<\/div>\n<h2 style=\"text-align: center;\"><span style=\"color: #ff0000;\">*<\/span><\/h2>\n<div class=\"ui-sch\" style=\"text-align: center;\">\n<div id=\"mtb\" class=\"neb-title goog-inline-block\">\n<div class=\"ui-sch\" style=\"text-align: center;\">\n<div id=\"mtb\" class=\"neb-title goog-inline-block\">\n<div class=\"ui-sch\" style=\"text-align: center;\">Granada<\/div>\n<div>ALHAMA DE GRANADA<\/div>\n<h2><strong><span style=\"color: #00ff00;\">BOLO Y CLAUS<\/span><\/strong><\/h2>\n<h2 class=\"ui-sch\"><strong><span style=\"color: #00ff00;\">EN BUSCA DEL GRAN DRAG\u00d3N VERDE<\/span><\/strong><\/h2>\n<\/div>\n<div style=\"text-align: center;\">Jueves 3 de Enero<\/div>\n<\/div>\n<\/div>\n<\/div>\n<h2 style=\"text-align: center;\"><span style=\"color: #ff0000;\">*<\/span><\/h2>\n<\/div>\n<h2 style=\"text-align: center;\">_______DICIEMBRE 2018________<\/h2>\n<h2 style=\"text-align: center;\"><span style=\"color: #ff0000;\">*<\/span><\/h2>\n<div class=\"ui-sch\" style=\"text-align: center;\">\n<div id=\"mtb\" class=\"neb-title goog-inline-block\">\n<div class=\"ui-sch\" style=\"text-align: center;\">\n<div id=\"mtb\" class=\"neb-title goog-inline-block\">\n<div class=\"ui-sch\" style=\"text-align: center;\">Granada<\/div>\n<div>CASTELL DE FERRO<\/div>\n<div><strong><span style=\"color: #00ff00;\">BOLO Y CLAUS<\/span><\/strong><\/div>\n<div class=\"ui-sch\" style=\"text-align: center;\"><strong><span style=\"color: #00ff00;\">EN BUSCA DEL GRAN DRAG\u00d3N VERDE<\/span><\/strong><\/div>\n<\/div>\n<div style=\"text-align: center;\">S\u00e1bado 29 de Diciembre<\/div>\n<\/div>\n<\/div>\n<\/div>\n<h2 style=\"text-align: center;\"><span style=\"color: #ff0000;\">*<\/span><\/h2>\n<div class=\"ui-sch\" style=\"text-align: center;\">\n<div id=\"mtb\" class=\"neb-title goog-inline-block\">\n<div class=\"ui-sch\" style=\"text-align: center;\">\n<div id=\"mtb\" class=\"neb-title goog-inline-block\">\n<div class=\"ui-sch\" style=\"text-align: center;\">Granada<\/div>\n<div>VILLANUEVA DE LAS TORRES<\/div>\n<div><strong><span style=\"color: #00ff00;\">BOLO Y CLAUS<\/span><\/strong><\/div>\n<div class=\"ui-sch\" style=\"text-align: center;\"><strong><span style=\"color: #00ff00;\">EN BUSCA DEL GRAN DRAG\u00d3N VERDE<\/span><\/strong><\/div>\n<\/div>\n<div style=\"text-align: center;\">Jueves 27 de Diciembre<\/div>\n<\/div>\n<\/div>\n<\/div>\n<h2 style=\"text-align: center;\"><span style=\"color: #ff0000;\">*<\/span><\/h2>\n<div class=\"ui-sch\" style=\"text-align: center;\">\n<div id=\"mtb\" class=\"neb-title goog-inline-block\">\n<div class=\"ui-sch\" style=\"text-align: center;\">\n<div id=\"mtb\" class=\"neb-title goog-inline-block\">\n<div class=\"ui-sch\" style=\"text-align: center;\">Granada<\/div>\n<div>MARACENA<\/div>\n<div><strong><span style=\"color: #00ff00;\">BOLO Y CLAUS<\/span><\/strong><\/div>\n<div class=\"ui-sch\" style=\"text-align: center;\"><strong><span style=\"color: #00ff00;\">EN BUSCA DEL GRAN DRAG\u00d3N VERDE<\/span><\/strong><\/div>\n<\/div>\n<div style=\"text-align: center;\">S\u00e1bado 15 de Diciembre<\/div>\n<\/div>\n<\/div>\n<\/div>\n<h2 style=\"text-align: center;\"><span style=\"color: #ff0000;\">*<\/span><\/h2>\n<div class=\"ui-sch\" style=\"text-align: center;\">\n<div id=\"mtb\" class=\"neb-title goog-inline-block\">\n<div class=\"ui-sch\" style=\"text-align: center;\">\n<div id=\"mtb\" class=\"neb-title goog-inline-block\">\n<div class=\"ui-sch\" style=\"text-align: center;\">Granada<\/div>\n<div>PALACIO DE LOS CONDES DE GABIA<\/div>\n<div><strong><span style=\"color: #00ff00;\">BOLO Y CLAUS<\/span><\/strong><\/div>\n<div class=\"ui-sch\" style=\"text-align: center;\"><strong><span style=\"color: #00ff00;\">EN BUSCA DEL GRAN DRAG\u00d3N VERDE<\/span><\/strong><\/div>\n<\/div>\n<div style=\"text-align: center;\">Martes 11, Mi\u00e9rcoles 12, Jueves 13 y Viernes 14 de Diciembre<\/div>\n<\/div>\n<\/div>\n<\/div>\n<h2 style=\"text-align: center;\"><span style=\"color: #ff0000;\">*<\/span><\/h2>\n<div class=\"ui-sch\" style=\"text-align: center;\">\n<div id=\"mtb\" class=\"neb-title goog-inline-block\">\n<div class=\"ui-sch\" style=\"text-align: center;\">\n<div id=\"mtb\" class=\"neb-title goog-inline-block\">\n<div class=\"ui-sch\" style=\"text-align: center;\">Granada<\/div>\n<div>CENTRO C\u00ccVICO ZAID\u00ccN<\/div>\n<div><strong><span style=\"color: #00ff00;\">BOLO Y CLAUS<\/span><\/strong><\/div>\n<div class=\"ui-sch\" style=\"text-align: center;\"><strong><span style=\"color: #00ff00;\">EN BUSCA DEL GRAN DRAG\u00d3N VERDE<\/span><\/strong><\/div>\n<\/div>\n<div style=\"text-align: center;\">Lunes 10 de Diciembre<\/div>\n<\/div>\n<\/div>\n<\/div>\n<h2 style=\"text-align: center;\"><span style=\"color: #ff0000;\">*<\/span><\/h2>\n<div class=\"ui-sch\" style=\"text-align: center;\">\n<div id=\"mtb\" class=\"neb-title goog-inline-block\">\n<div class=\"ui-sch\" style=\"text-align: center;\">\n<div id=\"mtb\" class=\"neb-title goog-inline-block\">\n<div>M\u00e1laga<\/div>\n<div class=\"ui-sch\" style=\"text-align: center;\"><b>TEATRO ECHEGARAY<\/b><\/div>\n<div><strong><span style=\"color: #00ff00;\">BOLO Y CLAUS<\/span><\/strong><\/div>\n<div class=\"ui-sch\" style=\"text-align: center;\"><strong><span style=\"color: #00ff00;\">EN BUSCA DEL GRAN DRAG\u00d3N VERDE<\/span><\/strong><\/div>\n<\/div>\n<div style=\"text-align: center;\">Domingo 9 de Diciembre<\/div>\n<\/div>\n<\/div>\n<\/div>\n<h2 style=\"text-align: center;\"><span style=\"color: #ff0000;\">*<\/span><\/h2>\n<div class=\"ui-sch\" style=\"text-align: center;\">\n<div id=\"mtb\" class=\"neb-title goog-inline-block\">\n<div class=\"ui-sch\" style=\"text-align: center;\">\n<div id=\"mtb\" class=\"neb-title goog-inline-block\">\n<div>Granada<\/div>\n<div class=\"ui-sch\" style=\"text-align: center;\"><b>CEIP JUAN XXIII<\/b><\/div>\n<div class=\"ui-sch\" style=\"text-align: center;\"><strong><span style=\"color: #00ff00;\">\u00a0BOLO Y CLAUS<\/span><\/strong><\/div>\n<div class=\"ui-sch\" style=\"text-align: center;\"><strong><span style=\"color: #00ff00;\">EN BUSCA DEL GRAN DRAG\u00d3N VERDE<\/span><\/strong><\/div>\n<\/div>\n<div style=\"text-align: center;\">Mi\u00e9rcoles 5 de Diciembre<\/div>\n<\/div>\n<\/div>\n<\/div>\n<h2 style=\"text-align: center;\"><span style=\"color: #ff0000;\">*<\/span><\/h2>\n<div class=\"ui-sch\" style=\"text-align: center;\">\n<div id=\"mtb\" class=\"neb-title goog-inline-block\">\n<div class=\"ui-sch\" style=\"text-align: center;\">\n<div id=\"mtb\" class=\"neb-title goog-inline-block\">\n<div>Murcia<\/div>\n<div class=\"ui-sch\" style=\"text-align: center;\"><b>PUPACLOWN<\/b><\/div>\n<div class=\"ui-sch\" style=\"text-align: center;\"><strong><span style=\"color: #00ff00;\">\u00a0BOLO Y CLAUS<\/span><\/strong><\/div>\n<div class=\"ui-sch\" style=\"text-align: center;\"><strong><span style=\"color: #00ff00;\">EN BUSCA DEL GRAN DRAG\u00d3N VERDE<\/span><\/strong><\/div>\n<\/div>\n<div style=\"text-align: center;\">Domingo 2 de Diciembre<\/div>\n<\/div>\n<\/div>\n<\/div>\n<h2 style=\"text-align: center;\"><span style=\"color: #ff0000;\">*<\/span><\/h2>\n<h2 style=\"text-align: center;\">_______NOVIEMBRE 2018________<\/h2>\n<h2 style=\"text-align: center;\"><span style=\"color: #ff0000;\">*<\/span><\/h2>\n<div id=\"mtb\" class=\"neb-title goog-inline-block\">\n<div class=\"ui-sch\" style=\"text-align: center;\">Granada<\/div>\n<div style=\"text-align: center;\">LA ZUBIA<\/div>\n<div class=\"ui-sch\" style=\"text-align: center;\"><strong><span style=\"color: #00ff00;\">\u00a0BOLO Y CLAUS<\/span><\/strong><\/div>\n<div class=\"ui-sch\" style=\"text-align: center;\"><strong><span style=\"color: #00ff00;\">EN BUSCA DEL GRAN DRAG\u00d3N VERDE<\/span><\/strong><\/div>\n<\/div>\n<div style=\"text-align: center;\">Viernes 30 de Noviembre<\/div>\n<div>\n<h2 style=\"text-align: center;\"><span style=\"color: #ff0000;\">*<\/span><\/h2>\n<div id=\"mtb\" class=\"neb-title goog-inline-block\">\n<div class=\"ui-sch\" style=\"text-align: center;\">Granada<\/div>\n<div style=\"text-align: center;\">VILLANUEVA DE LAS TORRES<\/div>\n<div class=\"ui-sch\" style=\"text-align: center;\"><strong><span style=\"color: #ff9900;\">\u00a0LA FERIA<\/span><\/strong><\/div>\n<\/div>\n<div style=\"text-align: center;\">S\u00e1bado 24 de Noviembre<\/div>\n<div>\n<h2 style=\"text-align: center;\"><span style=\"color: #ff0000;\">*<\/span><\/h2>\n<div id=\"mtb\" class=\"neb-title goog-inline-block\">\n<div class=\"ui-sch\" style=\"text-align: center;\">Granada<\/div>\n<div style=\"text-align: center;\">SAN PEDRO DE ALC\u00c1NTARA<\/div>\n<div class=\"ui-sch\" style=\"text-align: center;\">\n<div class=\"ui-sch\" style=\"text-align: center;\"><strong><span style=\"color: #00ff00;\">BOLO Y CLAUS<\/span><\/strong><\/div>\n<div class=\"ui-sch\" style=\"text-align: center;\"><strong><span style=\"color: #00ff00;\">EN BUSCA DEL GRAN DRAG\u00d3N VERDE<\/span><\/strong><\/div>\n<\/div>\n<\/div>\n<div style=\"text-align: center;\">Domingo 4 de Noviembre<\/div>\n<div>\n<h2 style=\"text-align: center;\"><span style=\"color: #ff0000;\">*<\/span><\/h2>\n<\/div>\n<\/div>\n<\/div>\n<h2 style=\"text-align: center;\">_______OCTUBRE 2018_______<\/h2>\n<h2 style=\"text-align: center;\"><span style=\"color: #ff0000;\">*<\/span><\/h2>\n<p style=\"text-align: center;\">PROCESO DE CREACI\u00d3N DE NUEVOS ESPECT\u00c1CULOS<\/p>\n<h2 style=\"text-align: center;\"><span style=\"color: #ff0000;\">*<\/span><\/h2>\n<h2 style=\"text-align: center;\">_______SEPTIEMBRE 2018________<\/h2>\n<h2 style=\"text-align: center;\"><span style=\"color: #ff0000;\">*<\/span><\/h2>\n<p style=\"text-align: center;\">PROCESO DE CREACI\u00d3N DE NUEVOS ESPECT\u00c1CULOS<\/p>\n<h2 style=\"text-align: center;\"><span style=\"color: #ff0000;\">*<\/span><\/h2>\n<h2 style=\"text-align: center;\">_______AGOSTO 2018________<\/h2>\n<h2 style=\"text-align: center;\"><span style=\"color: #ff0000;\">*<\/span><\/h2>\n<div class=\"ui-sch\" style=\"text-align: center;\">\n<div id=\"mtb\" class=\"neb-title goog-inline-block\">\n<div class=\"ui-sch\" style=\"text-align: center;\">\n<div id=\"mtb\" class=\"neb-title goog-inline-block\">\n<div class=\"ui-sch\" style=\"text-align: center;\">\n<div id=\"mtb\" class=\"neb-title goog-inline-block\">\n<div>Granada<\/div>\n<div class=\"ui-sch\" style=\"text-align: center;\">HUETOR TAJAR<\/div>\n<div class=\"ui-sch\" style=\"text-align: center;\">\n<div class=\"ui-sch\" style=\"text-align: center;\"><span style=\"color: #ff9900;\"><strong>OLIMPIADAS<\/strong><\/span><\/div>\n<div class=\"ui-sch\" style=\"text-align: center;\">(Espect\u00e1culo en proceso de creaci\u00f3n)<\/div>\n<\/div>\n<\/div>\n<div style=\"text-align: center;\">Viernes 17 de Agosto<\/div>\n<\/div>\n<\/div>\n<\/div>\n<\/div>\n<\/div>\n<h2 style=\"text-align: center;\"><span style=\"color: #ff0000;\">*<\/span><\/h2>\n<h2 style=\"text-align: center;\">_______JULIO 2018________<\/h2>\n<h2 style=\"text-align: center;\"><span style=\"color: #ff0000;\">*<\/span><\/h2>\n<div class=\"ui-sch\" style=\"text-align: center;\">\n<div id=\"mtb\" class=\"neb-title goog-inline-block\">\n<div class=\"ui-sch\" style=\"text-align: center;\">\n<div id=\"mtb\" class=\"neb-title goog-inline-block\">\n<div class=\"ui-sch\" style=\"text-align: center;\">Granada<\/div>\n<div>DILAR<\/div>\n<div><strong><span style=\"color: #00ff00;\">BOLO Y CLAUS<\/span><\/strong><\/div>\n<div class=\"ui-sch\" style=\"text-align: center;\"><strong><span style=\"color: #00ff00;\">EN BUSCA DEL GRAN DRAG\u00d3N VERDE<\/span><\/strong><\/div>\n<\/div>\n<div style=\"text-align: center;\">Jueves 19 de julio<\/div>\n<\/div>\n<\/div>\n<\/div>\n<h2 style=\"text-align: center;\"><span style=\"color: #ff0000;\">*<\/span><\/h2>\n<div class=\"ui-sch\" style=\"text-align: center;\">\n<div id=\"mtb\" class=\"neb-title goog-inline-block\">\n<div class=\"ui-sch\" style=\"text-align: center;\">\n<div id=\"mtb\" class=\"neb-title goog-inline-block\">\n<div class=\"ui-sch\" style=\"text-align: center;\">Granada<\/div>\n<div>LOJA<\/div>\n<div><strong><span style=\"color: #00ff00;\">BOLO Y CLAUS<\/span><\/strong><\/div>\n<div class=\"ui-sch\" style=\"text-align: center;\"><strong><span style=\"color: #00ff00;\">EN BUSCA DEL GRAN DRAG\u00d3N VERDE<\/span><\/strong><\/div>\n<\/div>\n<div style=\"text-align: center;\">Viernes 13 de julio<\/div>\n<\/div>\n<\/div>\n<\/div>\n<h2 style=\"text-align: center;\"><span style=\"color: #ff0000;\">*<\/span><\/h2>\n<div class=\"ui-sch\" style=\"text-align: center;\">\n<div id=\"mtb\" class=\"neb-title goog-inline-block\">\n<div class=\"ui-sch\" style=\"text-align: center;\">\n<div id=\"mtb\" class=\"neb-title goog-inline-block\">\n<div class=\"ui-sch\" style=\"text-align: center;\">Granada<\/div>\n<div>CHURRIANA DE LA VEGA<\/div>\n<div class=\"ui-sch\" style=\"text-align: center;\"><strong><span style=\"color: #00ff00;\">\u00a0BOLO Y CLAUS<\/span><\/strong><\/div>\n<div class=\"ui-sch\" style=\"text-align: center;\"><strong><span style=\"color: #00ff00;\">EN BUSCA DEL GRAN DRAG\u00d3N VERDE<\/span><\/strong><\/div>\n<\/div>\n<div style=\"text-align: center;\">Martes 10 de Julio<\/div>\n<\/div>\n<\/div>\n<\/div>\n<h2 style=\"text-align: center;\"><span style=\"color: #ff0000;\">*<\/span><\/h2>\n<h2 style=\"text-align: center;\">_______JUNIO 2018________<\/h2>\n<div class=\"ui-sch\" style=\"text-align: center;\">\n<div id=\"mtb\" class=\"neb-title goog-inline-block\">\n<div class=\"ui-sch\" style=\"text-align: center;\">\n<div style=\"text-align: center;\"><\/div>\n<\/div>\n<\/div>\n<\/div>\n<h2 style=\"text-align: center;\"><span style=\"color: #ff0000;\">*<\/span><\/h2>\n<div class=\"ui-sch\" style=\"text-align: center;\">\n<div id=\"mtb\" class=\"neb-title goog-inline-block\">\n<div class=\"ui-sch\" style=\"text-align: center;\">\n<div id=\"mtb\" class=\"neb-title goog-inline-block\">\n<div class=\"ui-sch\" style=\"text-align: center;\">Granada<\/div>\n<div>PULIANAS<\/div>\n<div class=\"ui-sch\" style=\"text-align: center;\"><strong><span style=\"color: #00ff00;\">\u00a0BOLO Y CLAUS<\/span><\/strong><\/div>\n<div class=\"ui-sch\" style=\"text-align: center;\"><strong><span style=\"color: #00ff00;\">EN BUSCA DEL GRAN DRAG\u00d3N VERDE<\/span><\/strong><\/div>\n<\/div>\n<div style=\"text-align: center;\">Sabado 5 de Junio<\/div>\n<\/div>\n<\/div>\n<\/div>\n<h2 style=\"text-align: center;\"><span style=\"color: #ff0000;\">*<\/span><\/h2>\n<h2 style=\"text-align: center;\">_______MAYO 2018________<\/h2>\n<h2 style=\"text-align: center;\"><span style=\"color: #ff0000;\">*<\/span><\/h2>\n<div class=\"ui-sch\" style=\"text-align: center;\">\n<div id=\"mtb\" class=\"neb-title goog-inline-block\">\n<div class=\"ui-sch\" style=\"text-align: center;\">\n<div id=\"mtb\" class=\"neb-title goog-inline-block\">\n<div class=\"ui-sch\" style=\"text-align: center;\">Granada<\/div>\n<div>GUAJAR FONDON<\/div>\n<div><strong><span style=\"color: #00ff00;\">BOLO Y CLAUS<\/span><\/strong><\/div>\n<div class=\"ui-sch\" style=\"text-align: center;\"><strong><span style=\"color: #00ff00;\">EN BUSCA DEL GRAN DRAG\u00d3N VERDE<\/span><\/strong><\/div>\n<\/div>\n<div style=\"text-align: center;\">S\u00e1bado 26 de Mayo<\/div>\n<\/div>\n<\/div>\n<\/div>\n<h2 style=\"text-align: center;\"><span style=\"color: #ff0000;\">*<\/span><\/h2>\n<div class=\"ui-sch\" style=\"text-align: center;\">\n<div id=\"mtb\" class=\"neb-title goog-inline-block\">\n<div class=\"ui-sch\" style=\"text-align: center;\">\n<div id=\"mtb\" class=\"neb-title goog-inline-block\">\n<div class=\"ui-sch\" style=\"text-align: center;\">Granada<\/div>\n<div>PELIGROS<\/div>\n<div class=\"ui-sch\" style=\"text-align: center;\"><strong><span style=\"color: #00ff00;\">\u00a0BOLO Y CLAUS<\/span><\/strong><\/div>\n<div class=\"ui-sch\" style=\"text-align: center;\"><strong><span style=\"color: #00ff00;\">EN BUSCA DEL GRAN DRAG\u00d3N VERDE<\/span><\/strong><\/div>\n<\/div>\n<div style=\"text-align: center;\">Viernes 25 de Mayo<\/div>\n<div>\n<h2 style=\"text-align: center;\"><span style=\"color: #ff0000;\">*<\/span><\/h2>\n<div class=\"ui-sch\" style=\"text-align: center;\">\n<div id=\"mtb\" class=\"neb-title goog-inline-block\">\n<div class=\"ui-sch\" style=\"text-align: center;\">\n<div id=\"mtb\" class=\"neb-title goog-inline-block\">\n<div>Granada<\/div>\n<div class=\"ui-sch\" style=\"text-align: center;\">DEHESAS DE GUADIX<\/div>\n<div class=\"ui-sch\" style=\"text-align: center;\"><b>CASA DE LA CULTURA<\/b><\/div>\n<div class=\"ui-sch\" style=\"text-align: center;\">\n<div class=\"ui-sch\" style=\"text-align: center;\"><span style=\"color: #ff9900;\"><strong>OLIMPIADAS<\/strong><\/span><\/div>\n<div class=\"ui-sch\" style=\"text-align: center;\">(Espect\u00e1culo en proceso de creaci\u00f3n)<\/div>\n<\/div>\n<\/div>\n<div style=\"text-align: center;\">Jueves 17 de Mayo<\/div>\n<\/div>\n<\/div>\n<\/div>\n<\/div>\n<\/div>\n<\/div>\n<\/div>\n<h2 style=\"text-align: center;\"><span style=\"color: #ff0000;\">*<\/span><\/h2>\n<div class=\"ui-sch\" style=\"text-align: center;\">\n<div id=\"mtb\" class=\"neb-title goog-inline-block\">\n<div class=\"ui-sch\" style=\"text-align: center;\">\n<div id=\"mtb\" class=\"neb-title goog-inline-block\">\n<div>Granada<\/div>\n<div class=\"ui-sch\" style=\"text-align: center;\">MURTAS<\/div>\n<div class=\"ui-sch\" style=\"text-align: center;\"><b>PLAZA DE LA IGLESIA<\/b><\/div>\n<div class=\"ui-sch\" style=\"text-align: center;\">\n<div class=\"ui-sch\" style=\"text-align: center;\"><span style=\"color: #ff9900;\"><strong>OLIMPIADAS<\/strong><\/span><\/div>\n<div class=\"ui-sch\" style=\"text-align: center;\">(Espect\u00e1culo en proceso de creaci\u00f3n)<\/div>\n<\/div>\n<\/div>\n<div style=\"text-align: center;\">S\u00e1bado 5 de Mayo<\/div>\n<\/div>\n<\/div>\n<\/div>\n<h2 style=\"text-align: center;\"><span style=\"color: #ff0000;\">*<\/span><\/h2>\n<h2 style=\"text-align: center;\">_______ABRIL 2018________<\/h2>\n<h2 style=\"text-align: center;\"><span style=\"color: #ff0000;\">*<\/span><\/h2>\n<div class=\"ui-sch\" style=\"text-align: center;\">\n<div id=\"mtb\" class=\"neb-title goog-inline-block\">\n<div class=\"ui-sch\" style=\"text-align: center;\">\n<div id=\"mtb\" class=\"neb-title goog-inline-block\">\n<div class=\"ui-sch\" style=\"text-align: center;\">Granada<\/div>\n<div>SALOBRE\u00d1A<\/div>\n<div class=\"ui-sch\" style=\"text-align: center;\"><b>AUDITORIO MUNICIPAL<\/b><\/div>\n<div><strong><span style=\"color: #00ff00;\">BOLO Y CLAUS<\/span><\/strong><\/div>\n<div class=\"ui-sch\" style=\"text-align: center;\"><strong><span style=\"color: #00ff00;\">EN BUSCA DEL GRAN DRAG\u00d3N VERDE<\/span><\/strong><\/div>\n<\/div>\n<div style=\"text-align: center;\">Domingo 29 de Abril<\/div>\n<\/div>\n<\/div>\n<\/div>\n<h2 style=\"text-align: center;\"><span style=\"color: #ff0000;\">*<\/span><\/h2>\n<div class=\"ui-sch\" style=\"text-align: center;\">\n<div id=\"mtb\" class=\"neb-title goog-inline-block\">\n<div class=\"ui-sch\" style=\"text-align: center;\">\n<div id=\"mtb\" class=\"neb-title goog-inline-block\">\n<div>GRANADA<\/div>\n<div class=\"ui-sch\" style=\"text-align: center;\"><strong>C.E.I.P Ave Mar\u00eda San Isidro<\/strong><\/div>\n<div>\n<h2 class=\"ui-sch\" style=\"text-align: center;\"><strong style=\"color: #00ffff;\">\u00a1BU!<\/strong><\/h2>\n<div>(Espect\u00e1culo en proceso de creaci\u00f3n)<\/div>\n<\/div>\n<\/div>\n<div style=\"text-align: center;\">Viernes 27 de Abril<\/div>\n<\/div>\n<\/div>\n<\/div>\n<h2 style=\"text-align: center;\"><span style=\"color: #ff0000;\">*<\/span><\/h2>\n<div class=\"ui-sch\" style=\"text-align: center;\">\n<div id=\"mtb\" class=\"neb-title goog-inline-block\">\n<div class=\"ui-sch\" style=\"text-align: center;\">\n<div id=\"mtb\" class=\"neb-title goog-inline-block\">\n<div class=\"ui-sch\" style=\"text-align: center;\">GRANADA<\/div>\n<div class=\"ui-sch\" style=\"text-align: center;\"><strong>C.E.I.P Santo Domingo<\/strong><\/div>\n<div class=\"ui-sch\" style=\"text-align: center;\">\n<div class=\"ui-sch\" style=\"text-align: center;\"><span style=\"color: #ff9900;\"><strong>OLIMPIADAS<\/strong><\/span><\/div>\n<div class=\"ui-sch\" style=\"text-align: center;\">(Espect\u00e1culo en proceso de creaci\u00f3n)<\/div>\n<\/div>\n<\/div>\n<div style=\"text-align: center;\">Viernes 20 de Abril<\/div>\n<\/div>\n<\/div>\n<\/div>\n<h2 style=\"text-align: center;\"><span style=\"color: #ff0000;\">*<\/span><\/h2>\n<div class=\"ui-sch\" style=\"text-align: center;\">\n<div id=\"mtb\" class=\"neb-title goog-inline-block\">\n<div class=\"ui-sch\" style=\"text-align: center;\">\n<div id=\"mtb\" class=\"neb-title goog-inline-block\">\n<div class=\"ui-sch\" style=\"text-align: center;\">GRANADA<\/div>\n<div class=\"ui-sch\" style=\"text-align: center;\"><b>C.E.I.P Nuestra Sra de la Concepci\u00f3n\u00a0<\/b><\/div>\n<div><strong><span style=\"color: #00ff00;\">BOLO Y CLAUS<\/span><\/strong><\/div>\n<div class=\"ui-sch\" style=\"text-align: center;\"><strong><span style=\"color: #00ff00;\">EN BUSCA DEL GRAN DRAG\u00d3N VERDE<\/span><\/strong><\/div>\n<\/div>\n<div style=\"text-align: center;\">Martes 17 de Abril<\/div>\n<\/div>\n<\/div>\n<\/div>\n<h2 style=\"text-align: center;\"><span style=\"color: #ff0000;\">*<\/span><\/h2>\n<div class=\"ui-sch\" style=\"text-align: center;\">\n<div id=\"mtb\" class=\"neb-title goog-inline-block\">\n<div class=\"ui-sch\" style=\"text-align: center;\">\n<div id=\"mtb\" class=\"neb-title goog-inline-block\">\n<div class=\"ui-sch\" style=\"text-align: center;\">Granada<\/div>\n<div>MOTRIL<\/div>\n<div class=\"ui-sch\" style=\"text-align: center;\"><strong>C.E.I.P Principe Felipe<\/strong><\/div>\n<div class=\"ui-sch\" style=\"text-align: center;\"><span style=\"color: #ff9900;\"><strong>\u00a0OLIMPIADAS<\/strong><\/span><\/div>\n<div class=\"ui-sch\" style=\"text-align: center;\">(Espect\u00e1culo en proceso de creaci\u00f3n)<\/div>\n<\/div>\n<div style=\"text-align: center;\">Jueves 12 de Abril<\/div>\n<\/div>\n<\/div>\n<\/div>\n<h2 style=\"text-align: center;\"><span style=\"color: #ff0000;\">*<\/span><\/h2>\n<h2 style=\"text-align: center;\">_______MARZO 2018________<\/h2>\n<h2 style=\"text-align: center;\"><span style=\"color: #ff0000;\">*<\/span><\/h2>\n<div class=\"ui-sch\" style=\"text-align: center;\">\n<div id=\"mtb\" class=\"neb-title goog-inline-block\">\n<div class=\"ui-sch\" style=\"text-align: center;\">\n<div id=\"mtb\" class=\"neb-title goog-inline-block\">\n<div class=\"ui-sch\" style=\"text-align: center;\">Madrid<\/div>\n<div>NAVACERRADA<\/div>\n<div class=\"ui-sch\" style=\"text-align: center;\"><strong>CASA DE LA CULTURA<\/strong><\/div>\n<div><strong><span style=\"color: #00ff00;\">BOLO Y CLAUS<\/span><\/strong><\/div>\n<div class=\"ui-sch\" style=\"text-align: center;\"><strong><span style=\"color: #00ff00;\">EN BUSCA DEL GRAN DRAG\u00d3N VERDE<\/span><\/strong><\/div>\n<\/div>\n<div style=\"text-align: center;\">S\u00e1bado 31 de Marzo<\/div>\n<\/div>\n<\/div>\n<\/div>\n<h2 style=\"text-align: center;\"><span style=\"color: #ff0000;\">*<\/span><\/h2>\n<div class=\"ui-sch\" style=\"text-align: center;\">\n<div id=\"mtb\" class=\"neb-title goog-inline-block\">\n<div class=\"ui-sch\" style=\"text-align: center;\">\n<div id=\"mtb\" class=\"neb-title goog-inline-block\">\n<div class=\"ui-sch\" style=\"text-align: center;\">Granada<\/div>\n<div>VEGAS DEL GENIL<\/div>\n<div class=\"ui-sch\" style=\"text-align: center;\"><strong>C.E.I.P Juan Carlos I<\/strong><strong><strong><span style=\"color: #00ff00;\">\u00a0<\/span><\/strong><\/strong><\/div>\n<h2 class=\"ui-sch\" style=\"text-align: center;\"><strong style=\"color: #00ffff;\">\u00a1BU!<\/strong><\/h2>\n<div>(Espect\u00e1culo en proceso de creaci\u00f3n)<\/div>\n<div class=\"ui-sch\" style=\"text-align: center;\">Viernes 23 de Marzo<\/div>\n<\/div>\n<\/div>\n<\/div>\n<\/div>\n<h2 style=\"text-align: center;\"><span style=\"color: #ff0000;\">*<\/span><\/h2>\n<h2 style=\"text-align: center;\">_______FEBRERO 2018________<\/h2>\n<h2 style=\"text-align: center;\"><span style=\"color: #ff0000;\">*<\/span><\/h2>\n<div class=\"ui-sch\" style=\"text-align: center;\">\n<div id=\"mtb\" class=\"neb-title goog-inline-block\">\n<div class=\"ui-sch\" style=\"text-align: center;\">\n<div id=\"mtb\" class=\"neb-title goog-inline-block\">\n<div class=\"ui-sch\" style=\"text-align: center;\">Madrid<\/div>\n<div>PEDREZUELA<\/div>\n<div class=\"ui-sch\" style=\"text-align: center;\"><strong>CENTRO CULTURAL<\/strong><\/div>\n<div><strong><span style=\"color: #00ff00;\">BOLO Y CLAUS<\/span><\/strong><\/div>\n<div class=\"ui-sch\" style=\"text-align: center;\"><strong><span style=\"color: #00ff00;\">EN BUSCA DEL GRAN DRAG\u00d3N VERDE<\/span><\/strong><\/div>\n<\/div>\n<div style=\"text-align: center;\">S\u00e1bado 24 de Febrero<\/div>\n<\/div>\n<\/div>\n<\/div>\n<h2 style=\"text-align: center;\"><span style=\"color: #ff0000;\">*<\/span><\/h2>\n<div class=\"ui-sch\" style=\"text-align: center;\">\n<div id=\"mtb\" class=\"neb-title goog-inline-block\">\n<div class=\"ui-sch\" style=\"text-align: center;\">\n<div id=\"mtb\" class=\"neb-title goog-inline-block\">\n<div class=\"ui-sch\" style=\"text-align: center;\">Granada<\/div>\n<div>VEGAS DEL GENIL<\/div>\n<div class=\"ui-sch\" style=\"text-align: center;\"><strong>C.E.I.P La Almohada<\/strong><\/div>\n<div class=\"ui-sch\" style=\"text-align: center;\"><strong><span style=\"color: #00ff00;\">\u00a0BOLO Y CLAUS<\/span><\/strong><\/div>\n<div class=\"ui-sch\" style=\"text-align: center;\"><strong><span style=\"color: #00ff00;\">EN BUSCA DEL GRAN DRAG\u00d3N VERDE<\/span><\/strong><\/div>\n<\/div>\n<div style=\"text-align: center;\">Mi\u00e9rcoles 21 de Febrero<\/div>\n<\/div>\n<\/div>\n<\/div>\n<h2 style=\"text-align: center;\"><span style=\"color: #ff0000;\">*<\/span><\/h2>\n<h2 style=\"text-align: center;\">_______ENERO 2018________<\/h2>\n<h2 style=\"text-align: center;\"><span style=\"color: #ff0000;\">*<\/span><\/h2>\n<div class=\"ui-sch\" style=\"text-align: center;\">\n<div id=\"mtb\" class=\"neb-title goog-inline-block\">\n<div class=\"ui-sch\" style=\"text-align: center;\">\n<div id=\"mtb\" class=\"neb-title goog-inline-block\">\n<div class=\"ui-sch\" style=\"text-align: center;\">Granada<\/div>\n<div>PE\u00d1UELAS<\/div>\n<div class=\"ui-sch\" style=\"text-align: center;\"><strong>C.E.I.P Los Pinares<\/strong><\/div>\n<div><strong><span style=\"color: #00ff00;\">BOLO Y CLAUS<\/span><\/strong><\/div>\n<div class=\"ui-sch\" style=\"text-align: center;\"><strong><span style=\"color: #00ff00;\">EN BUSCA DEL GRAN DRAG\u00d3N VERDE<\/span><\/strong><\/div>\n<\/div>\n<div style=\"text-align: center;\">Mi\u00e9rcoles 24 de Enero<\/div>\n<\/div>\n<\/div>\n<\/div>\n<h2 style=\"text-align: center;\"><span style=\"color: #ff0000;\">*<\/span><\/h2>\n<p style=\"text-align: center;\"><a href=\"http:\/\/boloandclaus.com\/web\/?attachment_id=1825\" rel=\"attachment wp-att-1825\"><img loading=\"lazy\" decoding=\"async\" class=\"aligncenter wp-image-1825\" src=\"http:\/\/boloandclaus.com\/web\/wp-content\/uploads\/2012\/05\/madera-11.jpg\" alt=\"Espa\u00f1a\" width=\"171\" height=\"54\" srcset=\"http:\/\/boloandclaus.com\/web\/wp-content\/uploads\/2012\/05\/madera-11.jpg 998w, http:\/\/boloandclaus.com\/web\/wp-content\/uploads\/2012\/05\/madera-11-300x94.jpg 300w\" sizes=\"auto, (max-width: 171px) 100vw, 171px\" \/><\/a><\/p>\n<h2 style=\"text-align: center;\">_______DICIEMBRE 2017________<\/h2>\n<div id=\"mtb\" class=\"neb-title goog-inline-block\">\n<div id=\"mtb\" class=\"neb-title goog-inline-block\">\n<div class=\"ui-sch\" style=\"text-align: center;\">\n<div id=\"mtb\" class=\"neb-title goog-inline-block\">\n<div class=\"ui-sch\" style=\"text-align: center;\">\n<div id=\"mtb\" class=\"neb-title goog-inline-block\">\n<div class=\"ui-sch\" style=\"text-align: center;\">\n<div class=\"ui-sch\" style=\"text-align: center;\">\n<div id=\"mtb\" class=\"neb-title goog-inline-block\">\n<div class=\"ui-sch\" style=\"text-align: center;\">\n<div class=\"ui-sch\" style=\"text-align: center;\">\n<div id=\"mtb\" class=\"neb-title goog-inline-block\">\n<div class=\"ui-sch\" style=\"text-align: center;\">\n<h2 style=\"text-align: center;\"><span style=\"color: #ff0000;\">*<\/span><\/h2>\n<\/div>\n<\/div>\n<\/div>\n<div class=\"ui-sch\" style=\"text-align: center;\">\n<div id=\"mtb\" class=\"neb-title goog-inline-block\">\n<div class=\"ui-sch\" style=\"text-align: center;\">\n<div id=\"mtb\" class=\"neb-title goog-inline-block\">\n<div class=\"ui-sch\" style=\"text-align: center;\">Madrid<\/div>\n<div class=\"ui-sch\" style=\"text-align: center;\"><strong>Centro Cultural San Juan Bautista<\/strong><\/div>\n<div class=\"ui-sch\" style=\"text-align: center;\"><strong><span style=\"color: #00ff00;\">EN BUSCA DEL GRAN DRAG\u00d3N VERDE<\/span><\/strong><\/div>\n<\/div>\n<div style=\"text-align: center;\">S\u00e1bado 30 de Diciembre<\/div>\n<\/div>\n<\/div>\n<\/div>\n<h2 style=\"text-align: center;\"><span style=\"color: #ff0000;\">*<\/span><\/h2>\n<div class=\"ui-sch\" style=\"text-align: center;\">\n<div id=\"mtb\" class=\"neb-title goog-inline-block\">\n<div class=\"ui-sch\" style=\"text-align: center;\">\n<div id=\"mtb\" class=\"neb-title goog-inline-block\">\n<div class=\"ui-sch\" style=\"text-align: center;\">Madrid<\/div>\n<div class=\"ui-sch\" style=\"text-align: center;\"><strong>Centro Cultural La Elipa<\/strong><\/div>\n<div class=\"ui-sch\" style=\"text-align: center;\"><strong><span style=\"color: #00ff00;\">EN BUSCA DEL GRAN DRAG\u00d3N VERDE<\/span><\/strong><\/div>\n<\/div>\n<div style=\"text-align: center;\">Jueves 28 de Diciembre<\/div>\n<\/div>\n<\/div>\n<\/div>\n<h2 style=\"text-align: center;\"><span style=\"color: #ff0000;\">*<\/span><\/h2>\n<\/div>\n<\/div>\n<\/div>\n<div class=\"ui-sch\" style=\"text-align: center;\">\n<div id=\"mtb\" class=\"neb-title goog-inline-block\">\n<div class=\"ui-sch\" style=\"text-align: center;\">\n<div id=\"mtb\" class=\"neb-title goog-inline-block\">\n<div class=\"ui-sch\" style=\"text-align: center;\">Granada<\/div>\n<div class=\"ui-sch\" style=\"text-align: center;\">CADIAR<\/div>\n<div class=\"ui-sch\" style=\"text-align: center;\"><strong><span style=\"color: #00ff00;\">EN BUSCA DEL GRAN DRAG\u00d3N VERDE<\/span><\/strong><\/div>\n<\/div>\n<div style=\"text-align: center;\">Martes 26 de Diciembre<\/div>\n<\/div>\n<\/div>\n<\/div>\n<h2 style=\"text-align: center;\"><span style=\"color: #ff0000;\">*<\/span><\/h2>\n<\/div>\n<\/div>\n<\/div>\n<div class=\"ui-sch\" style=\"text-align: center;\">\n<div id=\"mtb\" class=\"neb-title goog-inline-block\">\n<div class=\"ui-sch\" style=\"text-align: center;\">\n<div id=\"mtb\" class=\"neb-title goog-inline-block\">\n<div class=\"ui-sch\" style=\"text-align: center;\">Granada<\/div>\n<div class=\"ui-sch\" style=\"text-align: center;\">VIZNAR<\/div>\n<div class=\"ui-sch\" style=\"text-align: center;\"><span style=\"color: #00ffff;\"><span style=\"color: #00ff00;\"><b>OLIMPIADAS<\/b><\/span><\/span><\/div>\n<\/div>\n<div style=\"text-align: center;\">Viernes 22 de Diciembre<\/div>\n<\/div>\n<\/div>\n<div class=\"ui-sch\" style=\"text-align: center;\">\n<h2 style=\"text-align: center;\"><span style=\"color: #ff0000;\">*<\/span><\/h2>\n<\/div>\n<\/div>\n<\/div>\n<\/div>\n<\/div>\n<\/div>\n<h2 style=\"text-align: center;\">_______NOVIEMBRE 2017________<\/h2>\n<div id=\"mtb\" class=\"neb-title goog-inline-block\">\n<div id=\"mtb\" class=\"neb-title goog-inline-block\">\n<div class=\"ui-sch\" style=\"text-align: center;\">\n<div id=\"mtb\" class=\"neb-title goog-inline-block\">\n<div class=\"ui-sch\" style=\"text-align: center;\">\n<div id=\"mtb\" class=\"neb-title goog-inline-block\">\n<div class=\"ui-sch\" style=\"text-align: center;\">\n<div class=\"ui-sch\" style=\"text-align: center;\">\n<div id=\"mtb\" class=\"neb-title goog-inline-block\">\n<div class=\"ui-sch\" style=\"text-align: center;\">\n<h2 style=\"text-align: center;\"><span style=\"color: #ff0000;\">*<\/span><\/h2>\n<\/div>\n<\/div>\n<\/div>\n<div class=\"ui-sch\" style=\"text-align: center;\">\n<div id=\"mtb\" class=\"neb-title goog-inline-block\">\n<div class=\"ui-sch\" style=\"text-align: center;\">\n<div id=\"mtb\" class=\"neb-title goog-inline-block\">\n<div class=\"ui-sch\" style=\"text-align: center;\">Granada<\/div>\n<div class=\"ui-sch\" style=\"text-align: center;\">LA R\u00c1BITA<\/div>\n<div class=\"ui-sch\" style=\"text-align: center;\"><strong><span style=\"color: #00ff00;\">EN BUSCA DEL GRAN DRAG\u00d3N VERDE<\/span><\/strong><\/div>\n<div class=\"ui-sch\" style=\"text-align: center;\">CEIP Virgen del Mar<\/div>\n<\/div>\n<div style=\"text-align: center;\">Martes 28 de Noviembre<\/div>\n<\/div>\n<\/div>\n<\/div>\n<h2 style=\"text-align: center;\"><span style=\"color: #ff0000;\">*<\/span><\/h2>\n<\/div>\n<\/div>\n<\/div>\n<div class=\"ui-sch\" style=\"text-align: center;\">\n<div id=\"mtb\" class=\"neb-title goog-inline-block\">\n<div class=\"ui-sch\" style=\"text-align: center;\">\n<div id=\"mtb\" class=\"neb-title goog-inline-block\">\n<div class=\"ui-sch\" style=\"text-align: center;\">Madrid<\/div>\n<div class=\"ui-sch\" style=\"text-align: center;\">CENTRO CULTURAL BOHEMIOS<\/div>\n<div class=\"ui-sch\" style=\"text-align: center;\"><strong><span style=\"color: #00ff00;\">EN BUSCA DEL GRAN DRAG\u00d3N VERDE<\/span><\/strong><\/div>\n<\/div>\n<div style=\"text-align: center;\">Viernes 10 de Noviembre<\/div>\n<\/div>\n<\/div>\n<div class=\"ui-sch\" style=\"text-align: center;\">\n<h2 style=\"text-align: center;\"><span style=\"color: #ff0000;\">*<\/span><\/h2>\n<\/div>\n<\/div>\n<\/div>\n<\/div>\n<\/div>\n<\/div>\n<h2 style=\"text-align: center;\">_______OCTUBRE 2017________<\/h2>\n<div id=\"mtb\" class=\"neb-title goog-inline-block\">\n<div id=\"mtb\" class=\"neb-title goog-inline-block\">\n<div class=\"ui-sch\" style=\"text-align: center;\">\n<div id=\"mtb\" class=\"neb-title goog-inline-block\">\n<div class=\"ui-sch\" style=\"text-align: center;\">\n<div id=\"mtb\" class=\"neb-title goog-inline-block\">\n<div class=\"ui-sch\" style=\"text-align: center;\">\n<div class=\"ui-sch\" style=\"text-align: center;\">\n<div id=\"mtb\" class=\"neb-title goog-inline-block\">\n<div class=\"ui-sch\" style=\"text-align: center;\">\n<h2 style=\"text-align: center;\"><span style=\"color: #ff0000;\">*<\/span><\/h2>\n<\/div>\n<\/div>\n<\/div>\n<div class=\"ui-sch\" style=\"text-align: center;\">\n<div id=\"mtb\" class=\"neb-title goog-inline-block\">\n<div class=\"ui-sch\" style=\"text-align: center;\">\n<div id=\"mtb\" class=\"neb-title goog-inline-block\">\n<div class=\"ui-sch\" style=\"text-align: center;\">Granada<\/div>\n<div class=\"ui-sch\" style=\"text-align: center;\">ORGIVA<\/div>\n<div class=\"ui-sch\" style=\"text-align: center;\"><span style=\"color: #ff6600;\"><b>HALLOWEEN<\/b><\/span><\/div>\n<div class=\"ui-sch\" style=\"text-align: center;\"><strong><span style=\"color: #ff6600;\">EL PARAGUAS ENCANTADO<\/span><\/strong><\/div>\n<div class=\"ui-sch\" style=\"text-align: center;\">Plaza Alpujarra<\/div>\n<\/div>\n<div style=\"text-align: center;\">Martes 31 de Octubre<\/div>\n<\/div>\n<\/div>\n<\/div>\n<h2 style=\"text-align: center;\"><span style=\"color: #ff0000;\">*<\/span><\/h2>\n<\/div>\n<\/div>\n<\/div>\n<div class=\"ui-sch\" style=\"text-align: center;\">\n<div id=\"mtb\" class=\"neb-title goog-inline-block\">\n<div class=\"ui-sch\" style=\"text-align: center;\">\n<div id=\"mtb\" class=\"neb-title goog-inline-block\">\n<div class=\"ui-sch\" style=\"text-align: center;\">Madrid<\/div>\n<div class=\"ui-sch\" style=\"text-align: center;\">CUBAS DE LA SAGRA<\/div>\n<div class=\"ui-sch\" style=\"text-align: center;\"><strong><span style=\"color: #00ff00;\">EN BUSCA DEL GRAN DRAG\u00d3N VERDE<\/span><\/strong><\/div>\n<div class=\"ui-sch\" style=\"text-align: center;\">Polideportivo<\/div>\n<\/div>\n<div style=\"text-align: center;\">S\u00e1bado 21 de Octubre<\/div>\n<\/div>\n<\/div>\n<div class=\"ui-sch\" style=\"text-align: center;\">\n<h2 style=\"text-align: center;\"><span style=\"color: #ff0000;\">*<\/span><\/h2>\n<\/div>\n<\/div>\n<\/div>\n<\/div>\n<\/div>\n<\/div>\n<h2 style=\"text-align: center;\">_______SEPTIEMBRE 2017________<\/h2>\n<div id=\"mtb\" class=\"neb-title goog-inline-block\">\n<div id=\"mtb\" class=\"neb-title goog-inline-block\">\n<div class=\"ui-sch\" style=\"text-align: center;\">\n<div id=\"mtb\" class=\"neb-title goog-inline-block\">\n<div class=\"ui-sch\" style=\"text-align: center;\">\n<div id=\"mtb\" class=\"neb-title goog-inline-block\">\n<div class=\"ui-sch\" style=\"text-align: center;\">\n<h2 style=\"text-align: center;\"><span style=\"color: #ff0000;\">*<\/span><\/h2>\n<\/div>\n<\/div>\n<\/div>\n<div class=\"ui-sch\" style=\"text-align: center;\">\n<div id=\"mtb\" class=\"neb-title goog-inline-block\">\n<div class=\"ui-sch\" style=\"text-align: center;\">\n<div id=\"mtb\" class=\"neb-title goog-inline-block\">\n<div class=\"ui-sch\" style=\"text-align: center;\">Granada<\/div>\n<div class=\"ui-sch\" style=\"text-align: center;\">SALOBRE\u00d1A<\/div>\n<div class=\"ui-sch\" style=\"text-align: center;\"><span style=\"color: #00ffff;\"><strong>OLIMPIADAS<\/strong><\/span><\/div>\n<div class=\"ui-sch\" style=\"text-align: center;\">Hotel Salobre\u00f1a<\/div>\n<\/div>\n<div style=\"text-align: center;\">Lunes 28 de Agosto<\/div>\n<\/div>\n<\/div>\n<div class=\"ui-sch\" style=\"text-align: center;\">\n<h2 style=\"text-align: center;\"><span style=\"color: #ff0000;\">*<\/span><\/h2>\n<\/div>\n<\/div>\n<\/div>\n<\/div>\n<\/div>\n<\/div>\n<h2 style=\"text-align: center;\">_______AGOSTO 2017________<\/h2>\n<div id=\"mtb\" class=\"neb-title goog-inline-block\">\n<div id=\"mtb\" class=\"neb-title goog-inline-block\">\n<div class=\"ui-sch\" style=\"text-align: center;\">\n<div id=\"mtb\" class=\"neb-title goog-inline-block\">\n<div class=\"ui-sch\" style=\"text-align: center;\">\n<div id=\"mtb\" class=\"neb-title goog-inline-block\">\n<div class=\"ui-sch\" style=\"text-align: center;\">\n<h2 style=\"text-align: center;\"><span style=\"color: #ff0000;\">*<\/span><\/h2>\n<\/div>\n<\/div>\n<\/div>\n<div class=\"ui-sch\" style=\"text-align: center;\">\n<div id=\"mtb\" class=\"neb-title goog-inline-block\">\n<div class=\"ui-sch\" style=\"text-align: center;\">\n<div id=\"mtb\" class=\"neb-title goog-inline-block\">\n<div class=\"ui-sch\" style=\"text-align: center;\">Granada<\/div>\n<div class=\"ui-sch\" style=\"text-align: center;\">SALOBRE\u00d1A<\/div>\n<div class=\"ui-sch\" style=\"text-align: center;\"><strong><span style=\"color: #00ff00;\">EN BUSCA DEL GRAN DRAG\u00d3N VERDE<\/span><\/strong><\/div>\n<div class=\"ui-sch\" style=\"text-align: center;\">Hotel Salobre\u00f1a<\/div>\n<\/div>\n<div style=\"text-align: center;\">Lunes 28 de Agosto<\/div>\n<\/div>\n<\/div>\n<div class=\"ui-sch\" style=\"text-align: center;\">\n<h2 style=\"text-align: center;\"><span style=\"color: #ff0000;\">*<\/span><\/h2>\n<\/div>\n<div id=\"mtb\" class=\"neb-title goog-inline-block\">\n<div class=\"ui-sch\" style=\"text-align: center;\">Granada<\/div>\n<div class=\"ui-sch\" style=\"text-align: center;\">SALOBRE\u00d1A<\/div>\n<div class=\"ui-sch\" style=\"text-align: center;\"><span style=\"color: #00ffff;\"><strong>OLIMPIADAS<\/strong><\/span><\/div>\n<div class=\"ui-sch\" style=\"text-align: center;\">Hotel Salobre\u00f1a<\/div>\n<div class=\"ui-sch\" style=\"text-align: center;\">Lunes 21 de Agosto<\/div>\n<\/div>\n<div class=\"ui-sch\" style=\"text-align: center;\">\n<div id=\"mtb\" class=\"neb-title goog-inline-block\" style=\"text-align: center;\">\n<div class=\"ui-sch\">\n<div class=\"ui-sch-schmedit ui-sch-hover\">\n<h2 style=\"text-align: center;\"><span style=\"color: #ff0000;\">*<\/span><\/h2>\n<\/div>\n<div class=\"ui-sch-schmedit ui-sch-hover\">Almer\u00eda<\/div>\n<div class=\"ui-sch-schmedit ui-sch-hover\">ADRA<\/div>\n<div class=\"ui-sch-schmedit ui-sch-hover\"><strong><span style=\"color: #00ff00;\">EN BUSCA DEL GRAN DRAG\u00d3N VERDE<\/span><\/strong><\/div>\n<\/div>\n<\/div>\n<div class=\"neb-date\" style=\"text-align: center;\">S\u00e1bado 19 de Agosto<\/div>\n<div class=\"neb-date\" style=\"text-align: center;\">\n<h2 style=\"text-align: center;\"><span style=\"color: #ff0000;\">*<\/span><\/h2>\n<\/div>\n<\/div>\n<div style=\"text-align: center;\">\n<div id=\"mtb\" class=\"neb-title goog-inline-block\" style=\"text-align: center;\">\n<div class=\"ui-sch\">\n<div class=\"ui-sch-schmedit ui-sch-hover\">Malaga<\/div>\n<div class=\"ui-sch-schmedit ui-sch-hover\">TORREMOLINOS<\/div>\n<div class=\"ui-sch-schmedit ui-sch-hover\"><strong><span style=\"color: #00ff00;\">EN BUSCA DEL GRAN DRAG\u00d3N VERDE<\/span><\/strong><\/div>\n<\/div>\n<\/div>\n<div class=\"neb-date\" style=\"text-align: center;\">Viernes 18 de Agosto<\/div>\n<h2 style=\"text-align: center;\"><span style=\"color: #ff0000;\">*<\/span><\/h2>\n<\/div>\n<\/div>\n<div class=\"ui-sch\" style=\"text-align: center;\">Granada<\/div>\n<div class=\"ui-sch\" style=\"text-align: center;\">SALOBRE\u00d1A<\/div>\n<div class=\"ui-sch\" style=\"text-align: center;\"><strong><span style=\"color: #00ff00;\">EN BUSCA DEL GRAN DRAG\u00d3N VERDE<\/span><\/strong><\/div>\n<div class=\"ui-sch\" style=\"text-align: center;\">Hotel Salobre\u00f1a<\/div>\n<\/div>\n<div style=\"text-align: center;\">Lunes 14 de Agosto<\/div>\n<div style=\"text-align: center;\">\n<h2 style=\"text-align: center;\"><span style=\"color: #ff0000;\">*<\/span><\/h2>\n<\/div>\n<div style=\"text-align: center;\">\n<div id=\"mtb\" class=\"neb-title goog-inline-block\" style=\"text-align: center;\">\n<div class=\"ui-sch\">\n<div class=\"ui-sch-schmedit ui-sch-hover\">Almer\u00eda<\/div>\n<div class=\"ui-sch-schmedit ui-sch-hover\">VICAR<\/div>\n<div class=\"ui-sch-schmedit ui-sch-hover\"><strong><span style=\"color: #00ff00;\">EN BUSCA DEL GRAN DRAG\u00d3N VERDE<\/span><\/strong><\/div>\n<\/div>\n<\/div>\n<div class=\"neb-date\" style=\"text-align: center;\">Domingo 13 de Agosto<\/div>\n<\/div>\n<\/div>\n<\/div>\n<div class=\"ui-sch\" style=\"text-align: center;\">\n<div class=\"ui-sch\" style=\"text-align: center;\">\n<h2 style=\"text-align: center;\"><span style=\"color: #ff0000;\">*<\/span><\/h2>\n<\/div>\n<div class=\"ui-sch\" style=\"text-align: center;\"><\/div>\n<div style=\"text-align: center;\">\n<div style=\"text-align: center;\"><\/div>\n<div style=\"text-align: center;\">\n<div id=\"mtb\" class=\"neb-title goog-inline-block\" style=\"text-align: center;\">\n<div class=\"ui-sch\">\n<div class=\"ui-sch-schmedit ui-sch-hover\">Granada<\/div>\n<div class=\"ui-sch-schmedit ui-sch-hover\">CENES DE LA VEGA<\/div>\n<div class=\"ui-sch-schmedit ui-sch-hover\"><strong><span style=\"color: #00ff00;\">EN BUSCA DEL GRAN DRAG\u00d3N VERDE<\/span><\/strong><\/div>\n<\/div>\n<\/div>\n<div class=\"neb-date\" style=\"text-align: center;\">S\u00e1bado 12 de Agosto<\/div>\n<\/div>\n<h2 style=\"text-align: center;\"><span style=\"color: #ff0000;\">*<\/span><\/h2>\n<\/div>\n<div style=\"text-align: center;\">\n<div id=\"mtb\" class=\"neb-title goog-inline-block\" style=\"text-align: center;\">\n<div class=\"ui-sch\">\n<div class=\"ui-sch-schmedit ui-sch-hover\">Granada<\/div>\n<div class=\"ui-sch-schmedit ui-sch-hover\">YATOR<\/div>\n<div class=\"ui-sch-schmedit ui-sch-hover\"><strong><span style=\"color: #00ff00;\">EN BUSCA DEL GRAN DRAG\u00d3N VERDE<\/span><\/strong><\/div>\n<\/div>\n<\/div>\n<div class=\"neb-date\" style=\"text-align: center;\">Viernes 11 de Agosto<\/div>\n<\/div>\n<h2 style=\"text-align: center;\"><span style=\"color: #ff0000;\">*<\/span><\/h2>\n<\/div>\n<div id=\"mtb\" class=\"neb-title goog-inline-block\">\n<div class=\"ui-sch\" style=\"text-align: center;\">Granada<\/div>\n<div class=\"ui-sch\" style=\"text-align: center;\">NARILA<\/div>\n<div class=\"ui-sch\" style=\"text-align: center;\"><span style=\"color: #00ffff;\"><strong>OLIMPIADAS<\/strong><\/span><\/div>\n<div class=\"ui-sch\" style=\"text-align: center;\">Mi\u00e9rcoles 9 de Agosto<\/div>\n<div class=\"ui-sch\" style=\"text-align: center;\">\n<h2 style=\"text-align: center;\"><span style=\"color: #ff0000;\">*<\/span><\/h2>\n<\/div>\n<\/div>\n<\/div>\n<div id=\"mtb\" class=\"neb-title goog-inline-block\">\n<div class=\"ui-sch\" style=\"text-align: center;\">\n<div id=\"mtb\" class=\"neb-title goog-inline-block\">\n<div class=\"ui-sch\" style=\"text-align: center;\">Granada<\/div>\n<div class=\"ui-sch\" style=\"text-align: center;\">SALOBRE\u00d1A<\/div>\n<div class=\"ui-sch\" style=\"text-align: center;\"><strong><span style=\"color: #00ff00;\">EN BUSCA DEL GRAN DRAG\u00d3N VERDE<\/span><\/strong><\/div>\n<div class=\"ui-sch\" style=\"text-align: center;\">Hotel Salobre\u00f1a<\/div>\n<\/div>\n<div style=\"text-align: center;\">Lunes 7 de Agosto<\/div>\n<\/div>\n<\/div>\n<h2 style=\"text-align: center;\"><span style=\"color: #ff0000;\">*<\/span><\/h2>\n<div id=\"mtb\" class=\"neb-title goog-inline-block\" style=\"text-align: center;\">\n<div class=\"ui-sch\">\n<div class=\"ui-sch-schmedit ui-sch-hover\">Granada<\/div>\n<div class=\"ui-sch-schmedit ui-sch-hover\">HUETOR TAJAR<\/div>\n<div class=\"ui-sch-schmedit ui-sch-hover\"><strong><span style=\"color: #00ff00;\">EN BUSCA DEL GRAN DRAG\u00d3N VERDE<\/span><\/strong><\/div>\n<\/div>\n<\/div>\n<div class=\"neb-date\" style=\"text-align: center;\">Guarder\u00eda Municipal Saltarines<\/div>\n<div class=\"neb-date\" style=\"text-align: center;\">Viernes 4 de Agosto a las 22 00 hrs<\/div>\n<div class=\"neb-date\" style=\"text-align: center;\">\n<h2 style=\"text-align: center;\"><span style=\"color: #ff0000;\">*<\/span><\/h2>\n<\/div>\n<h2 style=\"text-align: center;\">_______JULIO 2017________<\/h2>\n<div id=\"mtb\" class=\"neb-title goog-inline-block\">\n<div class=\"ui-sch\" style=\"text-align: center;\">\n<div id=\"mtb\" class=\"neb-title goog-inline-block\">\n<div class=\"ui-sch\" style=\"text-align: center;\">\n<div id=\"mtb\" class=\"neb-title goog-inline-block\">\n<div class=\"ui-sch\" style=\"text-align: center;\">\n<h2 style=\"text-align: center;\"><span style=\"color: #ff0000;\">*<\/span><\/h2>\n<\/div>\n<div class=\"ui-sch\" style=\"text-align: center;\">Granada<\/div>\n<div class=\"ui-sch\" style=\"text-align: center;\">SALOBRE\u00d1A<\/div>\n<div class=\"ui-sch\" style=\"text-align: center;\"><span style=\"color: #00ffff;\"><strong>OLIMPIADAS<\/strong><\/span><\/div>\n<div class=\"ui-sch\" style=\"text-align: center;\">Hotel Salobre\u00f1a<\/div>\n<\/div>\n<div style=\"text-align: center;\">Lunes 31 de Julio<\/div>\n<div style=\"text-align: center;\">\n<h2 style=\"text-align: center;\"><span style=\"color: #ff0000;\">*<\/span><\/h2>\n<\/div>\n<\/div>\n<div class=\"ui-sch\" style=\"text-align: center;\">\n<div id=\"mtb\" class=\"neb-title goog-inline-block\">\n<div class=\"ui-sch\" style=\"text-align: center;\">\n<div id=\"mtb\" class=\"neb-title goog-inline-block\">\n<div class=\"ui-sch\" style=\"text-align: center;\">Granada<\/div>\n<div class=\"ui-sch\" style=\"text-align: center;\">SALOBRE\u00d1A<\/div>\n<div class=\"ui-sch\" style=\"text-align: center;\"><strong><span style=\"color: #00ff00;\">EN BUSCA DEL GRAN DRAG\u00d3N VERDE<\/span><\/strong><\/div>\n<div class=\"ui-sch\" style=\"text-align: center;\">Hotel Salobre\u00f1a<\/div>\n<\/div>\n<div style=\"text-align: center;\">Lunes 24 de Julio<\/div>\n<\/div>\n<\/div>\n<div class=\"ui-sch\" style=\"text-align: center;\">\n<h2 style=\"text-align: center;\"><span style=\"color: #ff0000;\">*<\/span><\/h2>\n<\/div>\n<div id=\"mtb\" class=\"neb-title goog-inline-block\">\n<div class=\"ui-sch\" style=\"text-align: center;\">Granada<\/div>\n<div class=\"ui-sch\" style=\"text-align: center;\">SALOBRE\u00d1A<\/div>\n<div class=\"ui-sch\" style=\"text-align: center;\"><span style=\"color: #00ffff;\"><strong>OLIMPIADAS<\/strong><\/span><\/div>\n<div class=\"ui-sch\" style=\"text-align: center;\">Hotel Salobre\u00f1a<\/div>\n<\/div>\n<div style=\"text-align: center;\">Lunes 17 de Julio<\/div>\n<div style=\"text-align: center;\">\n<h2 style=\"text-align: center;\"><span style=\"color: #ff0000;\">*<\/span><\/h2>\n<\/div>\n<\/div>\n<div class=\"ui-sch\" style=\"text-align: center;\">Granada<\/div>\n<div class=\"ui-sch\" style=\"text-align: center;\">SALOBRE\u00d1A<\/div>\n<div class=\"ui-sch\" style=\"text-align: center;\"><strong><span style=\"color: #00ff00;\">EN BUSCA DEL GRAN DRAG\u00d3N VERDE<\/span><\/strong><\/div>\n<div class=\"ui-sch\" style=\"text-align: center;\">Hotel Salobre\u00f1a<\/div>\n<\/div>\n<div style=\"text-align: center;\">Lunes 10 de Julio<\/div>\n<\/div>\n<\/div>\n<div class=\"ui-sch\" style=\"text-align: center;\">\n<h2 style=\"text-align: center;\"><span style=\"color: #ff0000;\">*<\/span><\/h2>\n<\/div>\n<div id=\"mtb\" class=\"neb-title goog-inline-block\">\n<div class=\"ui-sch\" style=\"text-align: center;\">Granada<\/div>\n<div class=\"ui-sch\" style=\"text-align: center;\">SALOBRE\u00d1A<\/div>\n<div class=\"ui-sch\" style=\"text-align: center;\"><span style=\"color: #00ffff;\"><strong>OLIMPIADAS<\/strong><\/span><\/div>\n<div class=\"ui-sch\" style=\"text-align: center;\">Hotel Salobre\u00f1a<\/div>\n<div class=\"ui-sch\" style=\"text-align: center;\">Lunes 3 de Julio<\/div>\n<\/div>\n<div style=\"text-align: center;\">\n<h2 style=\"text-align: center;\"><span style=\"color: #ff0000;\">*<\/span><\/h2>\n<\/div>\n<h2 style=\"text-align: center;\">_______JUNIO 2017________<\/h2>\n<div id=\"mtb\" class=\"neb-title goog-inline-block\">\n<div class=\"ui-sch\">\n<div class=\"ui-sch-schmedit ui-sch-hover\">\n<div id=\"mtb\" class=\"neb-title goog-inline-block\">\n<div class=\"ui-sch\" style=\"text-align: center;\">\n<div id=\"mtb\" class=\"neb-title goog-inline-block\">\n<div class=\"ui-sch\" style=\"text-align: center;\">\n<h2 style=\"text-align: center;\"><span style=\"color: #ff0000;\">*<\/span><\/h2>\n<\/div>\n<div class=\"ui-sch\" style=\"text-align: center;\">Almer\u00eda<\/div>\n<div class=\"ui-sch\" style=\"text-align: center;\">MACAEL<\/div>\n<div class=\"ui-sch\" style=\"text-align: center;\"><span style=\"color: #00ff00;\"><strong>EN BUSCA DEL GRAN DRAG\u00d3N VERDE<\/strong><\/span><\/div>\n<div class=\"ui-sch\" style=\"text-align: center;\">PLAZA DE LA JUVENTUD<\/div>\n<\/div>\n<div style=\"text-align: center;\">Mi\u00e9rcoles 28 de Junio a las 19:30 hrs<\/div>\n<h2 style=\"text-align: center;\"><span style=\"color: #ff0000;\">*<\/span><\/h2>\n<\/div>\n<\/div>\n<\/div>\n<div id=\"mtb\" class=\"neb-title goog-inline-block\" style=\"text-align: center;\">\n<div class=\"ui-sch\">\n<div class=\"ui-sch-schmedit ui-sch-hover\">M\u00e1laga<\/div>\n<div class=\"ui-sch-schmedit ui-sch-hover\">MARBELLA<\/div>\n<div class=\"ui-sch-schmedit ui-sch-hover\">ESCENALIA, CAMPA\u00d1A EDUCATEATRO<\/div>\n<\/div>\n<\/div>\n<div class=\"neb-date\" style=\"text-align: center;\">\n<div>Mi\u00e9rcoles 7 de junio<\/div>\n<\/div>\n<\/div>\n<div class=\"ui-sch\" style=\"text-align: center;\">\n<h2 style=\"text-align: center;\"><span style=\"color: #ff0000;\">*<\/span><\/h2>\n<\/div>\n<\/div>\n<h2 style=\"text-align: center;\">_______MAYO 2017________<\/h2>\n<div id=\"mtb\" class=\"neb-title goog-inline-block\">\n<div class=\"ui-sch\" style=\"text-align: center;\">\n<h2 style=\"text-align: center;\"><span style=\"color: #ff0000;\">*<\/span><\/h2>\n<p><span style=\"line-height: 1.5;\">GRANADA<\/span><\/p>\n<\/div>\n<div class=\"ui-sch\" style=\"text-align: center;\">SALA EL APEADERO<\/div>\n<\/div>\n<div class=\"neb-date\" style=\"text-align: center;\">Domingo 7 de mayo a las 16:00 hrs<\/div>\n<h2 style=\"text-align: center;\"><span style=\"color: #ff0000;\">*<\/span><\/h2>\n<h2 style=\"text-align: center;\">_______ABRIL 2017________<\/h2>\n<h2 style=\"text-align: center;\"><span style=\"color: #ff0000;\">*<\/span><\/h2>\n<div id=\"mtb\" class=\"neb-title goog-inline-block\">\n<div class=\"ui-sch\">\n<div class=\"ui-sch-schmedit ui-sch-hover\" style=\"text-align: center;\">\u00a0GRANADA<\/div>\n<div class=\"ui-sch-schmedit ui-sch-hover\" style=\"text-align: center;\">Villamena<\/div>\n<div class=\"ui-sch-schmedit ui-sch-hover\" style=\"text-align: center;\">CEIP Villamena<\/div>\n<\/div>\n<\/div>\n<div class=\"neb-date\">\n<div style=\"text-align: center;\">Viernes 28 de abril a las 12:00 hrs<\/div>\n<\/div>\n<h2 style=\"text-align: center;\"><span style=\"color: #ff0000;\">*<\/span><\/h2>\n<div id=\"mtb\" class=\"neb-title goog-inline-block\">\n<div class=\"ui-sch\">\n<div class=\"ui-sch-schmedit ui-sch-hover\" style=\"text-align: center;\">\u00a0GRANADA<\/div>\n<div class=\"ui-sch-schmedit ui-sch-hover\" style=\"text-align: center;\">CEIP Santo Domingo<\/div>\n<\/div>\n<\/div>\n<div class=\"neb-date\">\n<div style=\"text-align: center;\">Jueves 27 de abril<\/div>\n<div style=\"text-align: center;\">\n<h2 style=\"text-align: center;\"><span style=\"color: #ff0000;\">*<\/span><\/h2>\n<div id=\"mtb\" class=\"neb-title goog-inline-block\">\n<div class=\"ui-sch\">\n<div class=\"ui-sch-schmedit ui-sch-hover\" style=\"text-align: center;\">Granada<\/div>\n<div class=\"ui-sch-schmedit ui-sch-hover\" style=\"text-align: center;\">DEIFONTES<\/div>\n<div class=\"ui-sch-schmedit ui-sch-hover\" style=\"text-align: center;\">Auditorio Municipal<\/div>\n<\/div>\n<\/div>\n<div class=\"neb-date\">\n<div style=\"text-align: center;\">Mi\u00e9rcoles 26 de abril a las 12:00 hrs<\/div>\n<div style=\"text-align: center;\">\n<h2 style=\"text-align: center;\"><span style=\"color: #ff0000;\">*<\/span><\/h2>\n<\/div>\n<\/div>\n<\/div>\n<\/div>\n<div id=\"mtb\" class=\"neb-title goog-inline-block\">\n<div class=\"ui-sch\">\n<div class=\"ui-sch-schmedit ui-sch-hover\" style=\"text-align: center;\">Madrid<\/div>\n<div class=\"ui-sch-schmedit ui-sch-hover\" style=\"text-align: center;\">VILLAVICIOSA DE ODON<\/div>\n<\/div>\n<\/div>\n<div class=\"neb-date\">\n<div style=\"text-align: center;\">Domingo 23 de abril<\/div>\n<div style=\"text-align: center;\">Red de Teatros de la Comunidad de Madrid<\/div>\n<div style=\"text-align: center;\">\n<h2 style=\"text-align: center;\"><span style=\"color: #ff0000;\">*<\/span><\/h2>\n<\/div>\n<div style=\"text-align: center;\">\n<div id=\"mtb\" class=\"neb-title goog-inline-block\">\n<div class=\"ui-sch\">\n<div class=\"ui-sch-schmedit ui-sch-hover\" style=\"text-align: center;\">\u00a0MADRID<\/div>\n<div class=\"ui-sch-schmedit ui-sch-hover\" style=\"text-align: center;\">CEIP BRAINS<\/div>\n<\/div>\n<\/div>\n<div class=\"neb-date\">\n<div style=\"text-align: center;\">Jueves 21 de abril<\/div>\n<\/div>\n<\/div>\n<\/div>\n<h2 style=\"text-align: center;\"><span style=\"color: #ff0000;\">*<\/span><\/h2>\n<div id=\"mtb\" class=\"neb-title goog-inline-block\">\n<div class=\"ui-sch\" style=\"text-align: center;\">Madrid<\/div>\n<div class=\"ui-sch\" style=\"text-align: center;\">BOADILLA DEL MONTE<\/div>\n<\/div>\n<div class=\"neb-date\" style=\"text-align: center;\">Domingo 2 de abril<\/div>\n<div class=\"neb-date\" style=\"text-align: center;\">Red de Teatros de la Comunidad de Madrid<\/div>\n<h2 style=\"text-align: center;\"><span style=\"color: #ff0000;\">*<\/span><\/h2>\n<h2 style=\"text-align: center;\">_______MARZO 2017________<\/h2>\n<div id=\"mtb\" class=\"neb-title goog-inline-block\">\n<div class=\"ui-sch\">\n<div class=\"ui-sch-schmedit ui-sch-hover\" style=\"text-align: center;\">\n<div id=\"mtb\" class=\"neb-title goog-inline-block\">\n<div class=\"ui-sch\">\n<div class=\"ui-sch-schmedit ui-sch-hover\">\n<div id=\"mtb\" class=\"neb-title goog-inline-block\">\n<div class=\"ui-sch\">\n<div class=\"ui-sch-schmedit ui-sch-hover\">\n<h2 style=\"text-align: center;\"><span style=\"color: #ff0000;\">*<\/span><\/h2>\n<\/div>\n<div class=\"ui-sch-schmedit ui-sch-hover\">Granada<\/div>\n<div class=\"ui-sch-schmedit ui-sch-hover\">MURTAS<\/div>\n<div class=\"ui-sch-schmedit ui-sch-hover\">Casa de la Cultura<\/div>\n<\/div>\n<\/div>\n<div class=\"neb-date\">\n<div>Martes 21 de marzo<\/div>\n<\/div>\n<h2 style=\"text-align: center;\"><span style=\"color: #ff0000; font-size: 16px; line-height: 1.5;\">*<\/span><\/h2>\n<\/div>\n<div class=\"ui-sch-schmedit ui-sch-hover\">Granada<\/div>\n<div class=\"ui-sch-schmedit ui-sch-hover\">PUERTO LOPE<\/div>\n<div class=\"ui-sch-schmedit ui-sch-hover\">CEIP Las Atalayas<\/div>\n<\/div>\n<\/div>\n<div class=\"neb-date\">\n<div>Jueves 16 de marzo<\/div>\n<\/div>\n<\/div>\n<div class=\"ui-sch-schmedit ui-sch-hover\" style=\"text-align: center;\">\n<h2 style=\"text-align: center;\"><span style=\"color: #ff0000;\">*<\/span><\/h2>\n<\/div>\n<div class=\"ui-sch-schmedit ui-sch-hover\" style=\"text-align: center;\">Granada<\/div>\n<div class=\"ui-sch-schmedit ui-sch-hover\" style=\"text-align: center;\">ALMU\u00d1\u00c9CAR<\/div>\n<div class=\"ui-sch-schmedit ui-sch-hover\" style=\"text-align: center;\">\n<div id=\"mtb\" class=\"neb-title goog-inline-block\">\n<div class=\"ui-sch\">\n<div class=\"ui-sch-schmedit ui-sch-hover\">CEIP La Noria<\/div>\n<\/div>\n<\/div>\n<div class=\"neb-date\">\n<div>Martes 14 de marzo<\/div>\n<\/div>\n<\/div>\n<div class=\"ui-sch-schmedit ui-sch-hover\" style=\"text-align: center;\">\n<h2 style=\"text-align: center;\"><span style=\"color: #ff0000;\">*<\/span><\/h2>\n<\/div>\n<div class=\"ui-sch-schmedit ui-sch-hover\" style=\"text-align: center;\">Madrid<\/div>\n<div class=\"ui-sch-schmedit ui-sch-hover\" style=\"text-align: center;\">EL \u00c1LAMO<\/div>\n<\/div>\n<\/div>\n<div class=\"neb-date\">\n<div style=\"text-align: center;\">Domingo, 12 de marzo<\/div>\n<div style=\"text-align: center;\">Red de Teatros de la Comunidad de Madrid<\/div>\n<\/div>\n<h2 style=\"text-align: center;\"><span style=\"color: #ff0000;\">*<\/span><\/h2>\n<h2 style=\"text-align: center;\">_______FEBRERO 2017________<\/h2>\n<div class=\"ui-sch-schmedit ui-sch-hover\" style=\"text-align: center;\">\n<div id=\"mtb\" class=\"neb-title goog-inline-block\">\n<div class=\"ui-sch\">\n<div class=\"ui-sch-schmedit ui-sch-hover\">\n<h2 style=\"text-align: center;\"><span style=\"color: #ff0000;\">*<\/span><\/h2>\n<\/div>\n<div class=\"ui-sch-schmedit ui-sch-hover\">\u00a0Madrid<\/div>\n<div class=\"ui-sch-schmedit ui-sch-hover\">RIVAS VACIAMADRID<\/div>\n<\/div>\n<\/div>\n<div class=\"neb-date\">\n<div>Domingo 26 de febrero<\/div>\n<div>Red de Teatros de la Comunidad de Madrid<\/div>\n<\/div>\n<h2 style=\"text-align: center;\"><span style=\"color: #ff0000;\">*<\/span><\/h2>\n<\/div>\n<div id=\"mtb\" class=\"neb-title goog-inline-block\">\n<div class=\"ui-sch\">\n<div class=\"ui-sch-schmedit ui-sch-hover\" style=\"text-align: center;\">\u00a0Madrid<\/div>\n<div class=\"ui-sch-schmedit ui-sch-hover\" style=\"text-align: center;\">SAN MARTIN DE LA VEGA<\/div>\n<\/div>\n<\/div>\n<div class=\"neb-date\">\n<div style=\"text-align: center;\">Domingo 19 de febrero<\/div>\n<div style=\"text-align: center;\">Red de Teatros de la Comunidad de Madrid<\/div>\n<\/div>\n<div class=\"ui-sch-schmedit ui-sch-hover\" style=\"text-align: center;\"><\/div>\n<div id=\"mtb\" class=\"neb-title goog-inline-block\">\n<div class=\"ui-sch\">\n<div class=\"ui-sch-schmedit ui-sch-hover\" style=\"text-align: center;\">\n<h2 style=\"text-align: center;\"><span style=\"color: #ff0000;\">*<\/span><\/h2>\n<\/div>\n<div class=\"ui-sch-schmedit ui-sch-hover\" style=\"text-align: center;\">MADRID<\/div>\n<div class=\"ui-sch-schmedit ui-sch-hover\" style=\"text-align: center;\">\n<div id=\"mtb\" class=\"neb-title goog-inline-block\">\n<div class=\"ui-sch\">\n<div class=\"ui-sch-schmedit ui-sch-hover\">CENTRO CULTURAL PILAR MIRO<\/div>\n<\/div>\n<\/div>\n<div class=\"neb-date\">\n<div>S\u00e1bado 18 de febrero<\/div>\n<div>Red de Teatros de la Comunidad de Madrid<\/div>\n<\/div>\n<\/div>\n<div class=\"ui-sch-schmedit ui-sch-hover\" style=\"text-align: center;\">\n<h2 style=\"text-align: center;\"><span style=\"color: #ff0000;\">*<\/span><\/h2>\n<div class=\"ui-sch-schmedit ui-sch-hover\" style=\"text-align: center;\">MURCIA<\/div>\n<div class=\"ui-sch-schmedit ui-sch-hover\" style=\"text-align: center;\">\n<div id=\"mtb\" class=\"neb-title goog-inline-block\">\n<div class=\"ui-sch\">\n<div class=\"ui-sch-schmedit ui-sch-hover\">ESCENALIA, CAMPA\u00d1A EDUCATEATRO<\/div>\n<\/div>\n<\/div>\n<div class=\"neb-date\">Martes 14 de febrero<\/div>\n<\/div>\n<\/div>\n<\/div>\n<\/div>\n<h2 style=\"text-align: center;\"><span style=\"color: #ff0000;\">*<\/span><\/h2>\n<h2 style=\"text-align: center;\">_______ENERO 2017________<\/h2>\n<p style=\"text-align: center;\">Desde el d\u00eda 24 de Diciembre hasta el d\u00eda 10 de Febrero no hay fechas disponibles.<\/p>\n<p style=\"text-align: center;\">Proceso de creaci\u00f3n de nuestro nuevo espect\u00e1culo.<\/p>\n<h2 style=\"text-align: center;\">BU!<\/h2>\n<p style=\"text-align: center;\">Co Producci\u00f3n<\/p>\n<h3 style=\"text-align: center;\">Atalaya N\u00f3mada &#8211; Cultura<\/h3>\n<p style=\"text-align: center;\"><img loading=\"lazy\" decoding=\"async\" class=\"aligncenter wp-image-2589\" src=\"http:\/\/boloandclaus.com\/web\/wp-content\/uploads\/2012\/05\/002-300x109.jpg\" alt=\"Atalaya N\u00f3mada - Cultura \" width=\"200\" height=\"73\" srcset=\"http:\/\/boloandclaus.com\/web\/wp-content\/uploads\/2012\/05\/002-300x109.jpg 300w, http:\/\/boloandclaus.com\/web\/wp-content\/uploads\/2012\/05\/002-1024x373.jpg 1024w\" sizes=\"auto, (max-width: 200px) 100vw, 200px\" \/><\/p>\n<h2 style=\"text-align: center;\"><span style=\"color: #ff0000;\">*<\/span><\/h2>\n<p style=\"text-align: center;\"><a href=\"http:\/\/boloandclaus.com\/web\/?attachment_id=1825\" rel=\"attachment wp-att-1825\"><img loading=\"lazy\" decoding=\"async\" class=\"aligncenter wp-image-1825\" src=\"http:\/\/boloandclaus.com\/web\/wp-content\/uploads\/2012\/05\/madera-11.jpg\" alt=\"Espa\u00f1a\" width=\"171\" height=\"54\" srcset=\"http:\/\/boloandclaus.com\/web\/wp-content\/uploads\/2012\/05\/madera-11.jpg 998w, http:\/\/boloandclaus.com\/web\/wp-content\/uploads\/2012\/05\/madera-11-300x94.jpg 300w\" sizes=\"auto, (max-width: 171px) 100vw, 171px\" \/><\/a><\/p>\n<h2 style=\"text-align: center;\"><span style=\"color: #ff0000;\">*<\/span><\/h2>\n<h2 style=\"text-align: center;\">_______DICIEMBRE 2016________<\/h2>\n<h2 style=\"text-align: center;\"><span style=\"color: #ff0000;\">*<\/span><\/h2>\n<p style=\"text-align: center;\"><span style=\"color: #ffff00;\"><b>ALIC\u00daN DE ORTEGA<\/b><\/span><\/p>\n<p style=\"text-align: center;\">PROVINCIA DE GRANADA<\/p>\n<h2 style=\"text-align: center;\"><span style=\"color: #00ffff;\">TEATRO MUNICIPAL<\/span><\/h2>\n<p style=\"text-align: center;\">Jueves 22<\/p>\n<h2 style=\"text-align: center;\"><span style=\"color: #ff0000;\">*<\/span><\/h2>\n<p style=\"text-align: center;\"><span style=\"color: #ffff00;\"><b>C\u00daLLAR<\/b><\/span><\/p>\n<p style=\"text-align: center;\">PROVINCIA DE GRANADA<\/p>\n<h2 style=\"text-align: center;\"><span style=\"color: #00ffff;\">C.POLIDEPOTIVO MURES<\/span><\/h2>\n<p style=\"text-align: center;\">Mi\u00e9rcoles 21<\/p>\n<h2 style=\"text-align: center;\"><span style=\"color: #ff0000;\">*<\/span><\/h2>\n<p style=\"text-align: center;\"><span style=\"color: #ffff00;\"><b>MADRID<\/b><\/span><\/p>\n<h2 style=\"text-align: center;\"><span style=\"color: #00ffff;\">CENTRO CULTURAL EDUARDO \u00daRCULO<\/span><\/h2>\n<p style=\"text-align: center;\">Viernes 16<\/p>\n<p style=\"text-align: center;\"><span style=\"color: #ff6600;\"><strong>MADRID ACTIVA 2016<\/strong><\/span><\/p>\n<h2 style=\"text-align: center;\"><span style=\"color: #ff0000;\">*<\/span><\/h2>\n<p style=\"text-align: center;\"><span style=\"color: #ffff00;\"><b>LEGAN\u00c9S<\/b><\/span><\/p>\n<p style=\"text-align: center;\">MADRID<\/p>\n<h2 style=\"text-align: center;\"><span style=\"color: #00ffff;\">TEATRO MUNICIPAL<\/span><\/h2>\n<p style=\"text-align: center;\">Viernes 9<\/p>\n<p style=\"text-align: center;\"><strong><span style=\"color: #ff6600;\">RED DE TEATROS DE LA COMUNIDAD DE MADRID<\/span><\/strong><\/p>\n<h2 style=\"text-align: center;\"><span style=\"color: #ff0000;\">*<\/span><\/h2>\n<p style=\"text-align: center;\"><span style=\"color: #ffff00;\"><b>COBE\u00d1A<\/b><\/span><\/p>\n<p style=\"text-align: center;\">MADRID<\/p>\n<h2 style=\"text-align: center;\"><span style=\"color: #00ffff;\">TEATRO MUNICIPAL<\/span><\/h2>\n<p style=\"text-align: center;\">S\u00e1bado 3<\/p>\n<p style=\"text-align: center;\"><strong><span style=\"color: #ff6600;\">RED DE TEATROS DE LA COMUNIDAD DE MADRID<\/span><\/strong><\/p>\n<h2 style=\"text-align: center;\"><span style=\"color: #ff0000;\">*<\/span><\/h2>\n<h2 style=\"text-align: center;\"><span style=\"color: #ffff99;\">_______NOVIEMBRE 2016________<\/span><\/h2>\n<h2 style=\"text-align: center;\"><span style=\"color: #ff0000;\">*<\/span><\/h2>\n<p style=\"text-align: center;\"><span style=\"color: #ffff00;\"><b>VIC\u00c1LVARO<\/b><\/span><\/p>\n<p style=\"text-align: center;\">MADRID<\/p>\n<h2 style=\"text-align: center;\"><span style=\"color: #00ffff;\">TEATRO MUNICIPAL<\/span><\/h2>\n<p style=\"text-align: center;\">Domingo 27<\/p>\n<p style=\"text-align: center;\"><strong><span style=\"color: #ff6600;\">MADRID ACTIVA 2016<\/span><\/strong><\/p>\n<h2 style=\"text-align: center;\"><span style=\"color: #ff0000;\">*<\/span><\/h2>\n<p style=\"text-align: center;\"><span style=\"color: #ffff00;\"><b>CALAHONDA<\/b><\/span><\/p>\n<p style=\"text-align: center;\">PROVINCIA DE GRANADA<\/p>\n<h2 style=\"text-align: center;\"><span style=\"color: #00ffff;\">CEIP VIRGEN DEL MAR<\/span><\/h2>\n<p style=\"text-align: center;\">Martes 22<\/p>\n<h2 style=\"text-align: center;\"><span style=\"color: #ff0000;\">*<\/span><\/h2>\n<p style=\"text-align: center;\"><span style=\"color: #ffff00;\"><b>CAMPOT\u00c9JAR<\/b><\/span><\/p>\n<p style=\"text-align: center;\">PROVINCIA DE GRANADA<\/p>\n<h2 style=\"text-align: center;\"><span style=\"color: #00ffff;\">CEIP TIRSO DE MOLINA<\/span><\/h2>\n<p style=\"text-align: center;\">Lunes 14<\/p>\n<h2 style=\"text-align: center;\"><span style=\"color: #ff0000;\">*<\/span><\/h2>\n<p style=\"text-align: center;\"><span style=\"color: #ffff00;\"><b>MOTRIL<\/b><\/span><\/p>\n<p style=\"text-align: center;\">PROVINCIA DE GRANADA<\/p>\n<h2 style=\"text-align: center;\"><span style=\"color: #00ffff;\">CEIP PR\u00cdNCIPE FELIPE<\/span><\/h2>\n<p style=\"text-align: center;\">Jueves 10<\/p>\n<h2 style=\"text-align: center;\"><span style=\"color: #ff0000;\">*<\/span><\/h2>\n<h2 style=\"text-align: center;\"><span style=\"color: #ffff99;\">_______OCTUBRE 2016________<\/span><\/h2>\n<h2 style=\"text-align: center;\"><span style=\"color: #ff0000;\">*<\/span><\/h2>\n<p style=\"text-align: center;\"><span style=\"color: #ffff00;\"><b>CENES DE LA VEGA<\/b><\/span><\/p>\n<p style=\"text-align: center;\">PROVINCIA DE GRANADA<\/p>\n<h2 style=\"text-align: center;\"><span style=\"color: #ffcc00;\">PASACALLES DE HALLOWEEN<\/span><\/h2>\n<p style=\"text-align: center;\">Lunes 31 a las 19:00 hrs<\/p>\n<h2 style=\"text-align: center;\"><span style=\"color: #ff0000;\">*<\/span><\/h2>\n<p style=\"text-align: center;\"><span style=\"color: #ffff00;\"><b>ALIC\u00daN DE ORTEGA<\/b><\/span><\/p>\n<p style=\"text-align: center;\">PROVINCIA DE GRANADA<\/p>\n<h2 style=\"text-align: center;\"><span style=\"color: #ffcc00;\">PASACALLES DE HALLOWEEN<\/span><\/h2>\n<p style=\"text-align: center;\">Domingo 30 a las 19:30 hrs<\/p>\n<h2 style=\"text-align: center;\"><span style=\"color: #ff0000;\">*<\/span><\/h2>\n<p style=\"text-align: center;\"><span style=\"color: #ffff00;\"><b>VALLE DE LECR\u00cdN<\/b><\/span><\/p>\n<p style=\"text-align: center;\">PROVINCIA DE GRANADA<\/p>\n<h2 style=\"text-align: center;\"><span style=\"color: #00ffff;\">PABELL\u00d3N CUBIERTO ANTONIO RUIZ<\/span><\/h2>\n<p style=\"text-align: center;\">S\u00e1bado 18 a las 16:00 hrs<\/p>\n<h2 style=\"text-align: center;\"><span style=\"color: #ff0000;\">*<\/span><\/h2>\n<p style=\"text-align: center;\"><span style=\"color: #ffff00;\"><b>LA CABRERA<\/b><\/span><\/p>\n<p style=\"text-align: center;\">MADRID<\/p>\n<h2 style=\"text-align: center;\"><span style=\"color: #00ffff;\">CENTRO COMARCAL CARDENAL GONZAGA<\/span><\/h2>\n<p style=\"text-align: center;\">Domingo 2 a las 12:00 hrs<\/p>\n<p style=\"text-align: center;\"><strong><span style=\"color: #ff6600;\">RED DE TEATROS DE LA COMUNIDAD DE MADRID<\/span><\/strong><\/p>\n<h2 style=\"text-align: center;\"><span style=\"color: #ff0000;\">*<\/span><\/h2>\n<h2 style=\"text-align: center;\"><span style=\"color: #ffff99;\">________SEPTIEMBRE 2016________<\/span><\/h2>\n<h2 style=\"text-align: center;\"><span style=\"color: #ff0000;\">*<\/span><\/h2>\n<p style=\"text-align: center;\"><span style=\"color: #ffff00;\"><b>ALFACAR<\/b><\/span><\/p>\n<p style=\"text-align: center;\">PROVINCIA DE GRANADA<\/p>\n<h2 style=\"text-align: center;\"><span style=\"color: #00ffff;\">TEATRO MUNICIPAL<\/span><\/h2>\n<p style=\"text-align: center;\">S\u00e1bado 17 a las 20:30 hrs<\/p>\n<p style=\"text-align: center;\"><span style=\"color: #ff6600;\"><strong>RED DE TEATROS DE LA\u00a0DIPUTACI\u00d3N\u00a0DE GRANADA<\/strong><\/span><\/p>\n<h2 style=\"text-align: center;\"><span style=\"color: #ff0000;\">*<\/span><\/h2>\n<p style=\"text-align: center;\"><span style=\"color: #ffff00;\"><b>NIVAR<\/b><\/span><\/p>\n<p style=\"text-align: center;\">PROVINCIA DE GRANADA<\/p>\n<h2 style=\"text-align: center;\"><span style=\"color: #00ffff;\">PLAZA DE LA IGLESIA<\/span><\/h2>\n<p style=\"text-align: center;\">Lunes 5 a las 19:30 hrs<\/p>\n<p style=\"text-align: center;\"><span style=\"color: #ff6600;\"><strong>RED DE TEATROS DE LA\u00a0DIPUTACI\u00d3N\u00a0DE GRANADA<\/strong><\/span><\/p>\n<h2 style=\"text-align: center;\"><span style=\"color: #ff0000;\">*<\/span><\/h2>\n<h2 style=\"text-align: center;\"><span style=\"color: #ffff99;\">________AGOSTO 2016________<\/span><\/h2>\n<h2 style=\"text-align: center;\"><span style=\"color: #ff0000;\">*<\/span><\/h2>\n<p style=\"text-align: center;\"><span style=\"color: #ffff00;\"><strong>V\u00cdZNAR\u00a0<\/strong><\/span><\/p>\n<p style=\"text-align: center;\">PROVINCIA DE GRANADA<\/p>\n<h2 style=\"text-align: center;\"><span style=\"color: #00ffff;\"><strong>PLAZA DEL AYUNTAMIENTO<\/strong><\/span><\/h2>\n<p style=\"text-align: center;\">Martes 16 a las 22:30 hrs<\/p>\n<h2 style=\"text-align: center;\"><span style=\"color: #ff0000;\">*<\/span><\/h2>\n<p style=\"text-align: center;\"><span style=\"color: #ffff00;\"><strong>LA MALAHA\u00a0<\/strong><\/span><\/p>\n<p style=\"text-align: center;\">PROVINCIA DE GRANADA<\/p>\n<h2 style=\"text-align: center;\"><span style=\"color: #00ffff;\"><strong>PARQUE ALMUDENA GRANDES<\/strong><\/span><\/h2>\n<p style=\"text-align: center;\">S\u00e1bado 13 a las 20:30 hrs<\/p>\n<h2 style=\"text-align: center;\"><span style=\"color: #ff0000;\">*<\/span><\/h2>\n<h2 style=\"text-align: center;\"><span style=\"color: #ffff99;\">________MAYO 2016________<\/span><\/h2>\n<h2 style=\"text-align: center;\"><span style=\"color: #ff0000;\">*<\/span><\/h2>\n<p style=\"text-align: center;\"><span style=\"color: #ffff00;\"><strong>MADRID\u00a0<\/strong><\/span><\/p>\n<p style=\"text-align: center;\">DISTRITO DE BARAJAS<\/p>\n<h2 style=\"text-align: center;\"><span style=\"color: #00ffff;\"><strong>CENTRO CULTURAL GLORIA FUERTES<\/strong><\/span><\/h2>\n<p style=\"text-align: center;\">S\u00e1bado 28 a las 12:30 hrs<\/p>\n<p style=\"text-align: center;\"><strong><span style=\"color: #ff6600;\">MADRID ACTIVA 2016<\/span><\/strong><\/p>\n<h2 style=\"text-align: center;\"><span style=\"color: #ff0000;\">*<\/span><\/h2>\n<h2 style=\"text-align: center;\"><span style=\"color: #ffff99;\">________ABRIL 2016________<\/span><\/h2>\n<h2 style=\"text-align: center;\"><span style=\"color: #ff0000;\">*<\/span><\/h2>\n<p style=\"text-align: center;\"><span style=\"color: #ffff00;\"><strong>MORALEJA DE ENMEDIO<\/strong><\/span><\/p>\n<h2 style=\"text-align: center;\"><span style=\"color: #00ffff;\">TEATRO AUDITORIO EL CERRO<\/span><\/h2>\n<p style=\"text-align: center;\">S\u00e1bado 16 a las 18:00 hrs<\/p>\n<h2 style=\"text-align: center;\"><span style=\"color: #ff0000;\">*<\/span><\/h2>\n<p style=\"text-align: center;\"><span style=\"color: #ffff00;\"><strong>MADRID<\/strong><\/span><\/p>\n<h2 style=\"text-align: center;\"><strong><span style=\"color: #00ffff;\">TEATRO TARAMBANA<\/span><\/strong><\/h2>\n<p style=\"text-align: center;\">S\u00e1bado 2 a las 18:00 hrs<\/p>\n<p style=\"text-align: center;\">Domingo 3<\/p>\n<p style=\"text-align: center;\">Primera funci\u00f3n a las 12:30 hrs.<\/p>\n<p style=\"text-align: center;\">Segunda funci\u00f3n a las \u00a017:30 hrs<\/p>\n<h2 style=\"text-align: center;\"><span style=\"color: #ff0000;\">*<\/span><\/h2>\n<p style=\"text-align: center;\"><span style=\"color: #ffff00;\"><b>GUADIX<\/b><\/span><\/p>\n<p style=\"text-align: center;\"><span style=\"color: #00ffff;\"><strong>ESCENALIA CAMPA\u00d1A EDUCATEATRO<\/strong><\/span><\/p>\n<p style=\"text-align: center;\">Martes 19<\/p>\n<h2 style=\"text-align: center;\"><span style=\"color: #ff0000;\">*<\/span><\/h2>\n<p style=\"text-align: center;\"><span style=\"color: #ffff00;\"><b>ALMU\u00d1\u00c9CAR<\/b><\/span><\/p>\n<p style=\"text-align: center;\"><span style=\"color: #00ffff;\"><strong>ESCENALIA CAMPA\u00d1A EDUCATEATRO<\/strong><\/span><\/p>\n<p style=\"text-align: center;\">Mi\u00e9rcoles 20<\/p>\n<h2 style=\"text-align: center;\"><span style=\"color: #ff0000;\">*<\/span><\/h2>\n<h2 style=\"text-align: center;\"><span style=\"color: #ffff99;\">________MARZO 2016________<\/span><\/h2>\n<h2 style=\"text-align: center;\"><span style=\"color: #ff0000;\">*<\/span><\/h2>\n<p style=\"text-align: center;\"><span style=\"color: #ffff00;\">LEGAN\u00c9S<\/span><\/p>\n<p style=\"text-align: center;\"><strong><span style=\"color: #00ffff;\">CAMPA\u00d1A ESCOLAR AYUNTAMIENTO DE LEGAN\u00c9S<\/span><\/strong><\/p>\n<p style=\"text-align: center;\">Mi\u00e9rcoles 9 y Jueves 10<\/p>\n<h2 style=\"text-align: center;\"><span style=\"color: #ff0000;\">*<\/span><\/h2>\n<p style=\"text-align: center;\"><span style=\"color: #ffff00;\"><b>ALMERIA<\/b><\/span><\/p>\n<p style=\"text-align: center;\"><span style=\"color: #00ffff;\"><strong>ESCENALIA CAMPA\u00d1A EDUCATEATRO<\/strong><\/span><\/p>\n<p style=\"text-align: center;\">Mi\u00e9rcoles 15<\/p>\n<h2 style=\"text-align: center;\"><span style=\"color: #ff0000;\">*<\/span><\/h2>\n<p style=\"text-align: center;\"><span style=\"color: #ffff00;\"><b>MURCIA<\/b><\/span><\/p>\n<p style=\"text-align: center;\"><span style=\"color: #00ffff;\"><strong>ESCENALIA CAMPA\u00d1A EDUCATEATRO<\/strong><\/span><\/p>\n<p style=\"text-align: center;\">Jueves 16<\/p>\n<h2 style=\"text-align: center;\"><span style=\"color: #ff0000;\">*<\/span><\/h2>\n<h2 style=\"text-align: center;\"><span style=\"color: #ffff99;\">________FEBRERO 2016________<\/span><\/h2>\n<h2 style=\"text-align: center;\"><span style=\"color: #ff0000;\">*<\/span><\/h2>\n<p style=\"text-align: center;\"><span style=\"color: #ffff00;\"><strong>CARTAGENA<\/strong><\/span><\/p>\n<p style=\"text-align: center;\"><strong><span style=\"color: #00ffff;\">ESCENALIA CAMPA\u00d1A EDUCATEATRO<\/span><\/strong><\/p>\n<p style=\"text-align: center;\">Martes 9<\/p>\n<h2 style=\"text-align: center;\"><span style=\"color: #ff0000;\">*<\/span><\/h2>\n<p style=\"text-align: center;\"><strong><span style=\"color: #ffff00;\">ALGECIRAS<\/span><\/strong><\/p>\n<p style=\"text-align: center;\"><strong><span style=\"color: #00ffff;\">ESCENALIA CAMPA\u00d1A EDUCATEATRO<\/span><\/strong><\/p>\n<p style=\"text-align: center;\">Mi\u00e9rcoles 24<\/p>\n<h2 style=\"text-align: center;\"><span style=\"color: #ff0000;\">*<\/span><\/h2>\n<h2 style=\"text-align: center;\"><span style=\"color: #ffff99;\">________ENERO 2016________<\/span><\/h2>\n<h2 style=\"text-align: center;\"><span style=\"color: #ff0000;\">*<\/span><\/h2>\n<p style=\"text-align: center;\"><span style=\"color: #ffff00;\"><strong>GRANADA<\/strong><\/span><\/p>\n<h2 style=\"text-align: center;\"><span style=\"color: #00ffff;\">CEIP SAN ISIDRO<\/span><\/h2>\n<p style=\"text-align: center;\">Viernes 29 a las 10:00 hrs<\/p>\n<h2 style=\"text-align: center;\"><span style=\"color: #ff0000;\">*<\/span><\/h2>\n<p style=\"text-align: center;\"><strong><span style=\"color: #ffff00;\">MADRID<\/span><\/strong><\/p>\n<h2 style=\"text-align: center;\"><span style=\"color: #00ffff;\"><strong>CEIP CIUDAD DE ROMA<\/strong><\/span><\/h2>\n<p style=\"text-align: center;\"><strong><span style=\"color: #00ff00;\">BOLO &amp; CLAUS AND THE GREEN DRAGON<\/span><\/strong><\/p>\n<p style=\"text-align: center;\">Viernes 22 a las 11:00 hrs<\/p>\n<h2 style=\"text-align: center;\"><span style=\"color: #ff0000;\">*<\/span><\/h2>\n<p style=\"text-align: center;\"><strong><span style=\"color: #ffff00;\">COLLADO MEDIANO<\/span><\/strong><\/p>\n<h2 style=\"text-align: center;\"><span style=\"color: #00ffff;\"><strong>TEATRO MUNICIPAL VILLA DE COLLADO<\/strong><\/span><\/h2>\n<p style=\"text-align: center;\">S\u00e1bado 9 a las 18:00 hrs<\/p>\n<h2 style=\"text-align: center;\"><span style=\"color: #ff0000;\">*<\/span><\/h2>\n<h1 style=\"text-align: center;\">_______2015_______<\/h1>\n<h2 style=\"text-align: center;\"><strong><span style=\"color: #0bf319;\">DICIEMBRE<\/span><\/strong><\/h2>\n<p style=\"text-align: center;\"><span style=\"color: #ffcc00;\"><strong>MADRID<\/strong><\/span><\/p>\n<h2 style=\"text-align: center;\"><span style=\"color: #00ffff;\">CEIP Las Naciones<\/span><\/h2>\n<p style=\"text-align: center;\">Martes 22 a las 10:00 hrs<\/p>\n<h2 style=\"text-align: center;\"><span style=\"color: #ff0000;\">*<\/span><strong><span style=\"color: #0bf319;\">\u00a0<\/span><\/strong><\/h2>\n<h2 style=\"text-align: center;\"><span style=\"color: #00ff00;\">NOVIEMBRE<\/span><\/h2>\n<p style=\"text-align: center;\"><strong><span style=\"color: #ffcc00;\">VILLANUEVA DE LA CA\u00d1ADA<\/span><\/strong><\/p>\n<h2 style=\"text-align: center;\"><span style=\"color: #00ffff;\">CEIP ARCADIA<\/span><\/h2>\n<p style=\"text-align: center;\">Jueves 26 a las 10:00 hrs<\/p>\n<h2 style=\"text-align: center;\"><span style=\"color: #ff0000;\">*<\/span><\/h2>\n<h2 style=\"text-align: center;\"><strong><span style=\"color: #0bf319;\">OCTUBRE<\/span><\/strong><\/h2>\n<p style=\"text-align: center;\"><span style=\"color: #ffff00;\"><strong>CABANILLAS DEL CAMPO<\/strong><\/span><\/p>\n<h2 style=\"text-align: center;\"><span style=\"color: #00ffff;\">CASA DE LA CULTURA DE CABANILLAS<\/span><\/h2>\n<p style=\"text-align: center;\">S\u00e1bado 24 a las 19:00 hrs<\/p>\n<h2 style=\"text-align: center;\"><span style=\"color: #ff0000;\">*<\/span><\/h2>\n<h2 style=\"text-align: center;\"><span style=\"color: #0bf319;\"><strong>SEPTIEMBRE<\/strong><\/span><\/h2>\n<p style=\"text-align: center;\"><strong><span style=\"color: #ffff00;\">ONT\u00cdGOLA<\/span><\/strong><\/p>\n<h2 style=\"text-align: center;\"><span style=\"color: #00ffff;\"><strong>CENTRO CULTURAL ONT\u00cdGOLA<\/strong><\/span><\/h2>\n<p style=\"text-align: center;\">Domingo 27 a las 19:00 hrs<\/p>\n<h2 style=\"text-align: center;\"><span style=\"color: #ff0000;\">*<\/span><\/h2>\n<h2 style=\"text-align: center;\"><span style=\"color: #0bf319;\"><strong>AGOSTO<\/strong><\/span><\/h2>\n<p style=\"text-align: center;\"><span style=\"color: #ffff00;\"><strong>YEBES &#8211; VALDELUZ<\/strong><\/span><\/p>\n<h2 style=\"text-align: center;\"><span style=\"color: #00ffff;\">ANFITEATRO DEL PARQUE CENTRAL<\/span><\/h2>\n<p style=\"text-align: center;\">Jueves 20 a las 20:00 hrs<\/p>\n<h2 style=\"text-align: center;\"><span style=\"color: #ff0000;\">*<\/span><\/h2>\n<p style=\"text-align: center;\"><strong><span style=\"color: #ffff00;\">SALOBRE\u00d1A<\/span><\/strong><\/p>\n<h2 style=\"text-align: center;\"><span style=\"color: #00ffff;\">AUDITORIO MUNICIPAL<\/span><\/h2>\n<p style=\"text-align: center;\">Martes 11 a las 21:20 hrs<\/p>\n<h2 style=\"text-align: center;\"><span style=\"color: #ff0000;\">*<\/span><\/h2>\n<h2 style=\"text-align: center;\"><span style=\"color: #0bf319;\"><strong>JUNIO &#8211; \u00a0JULIO<\/strong><\/span><\/h2>\n<p style=\"text-align: center;\"><span style=\"color: #ffff00;\"><strong>ALMU\u00d1ECAR<\/strong><\/span><\/p>\n<p style=\"text-align: center;\">PROCESO DE CREACI\u00d3N DE<\/p>\n<p style=\"text-align: center;\">EL \u00c1RBOL ENCANTADO<\/p>\n<h2 style=\"text-align: center;\"><span style=\"color: #ff0000;\">*<\/span><\/h2>\n<p style=\"text-align: center;\"><a href=\"http:\/\/boloandclaus.com\/web\/?attachment_id=2253\" rel=\"attachment wp-att-2253\"><img loading=\"lazy\" decoding=\"async\" class=\"aligncenter wp-image-2253\" src=\"http:\/\/boloandclaus.com\/web\/wp-content\/uploads\/2012\/05\/madera-1-Copy-42-300x95.jpg\" alt=\"madera-1 - Copy (4)\" width=\"162\" height=\"51\" srcset=\"http:\/\/boloandclaus.com\/web\/wp-content\/uploads\/2012\/05\/madera-1-Copy-42-300x95.jpg 300w, http:\/\/boloandclaus.com\/web\/wp-content\/uploads\/2012\/05\/madera-1-Copy-42.jpg 994w\" sizes=\"auto, (max-width: 162px) 100vw, 162px\" \/><\/a><\/p>\n<h1 style=\"text-align: center;\">_______2015_______<\/h1>\n<h1 style=\"text-align: center;\"><span style=\"color: #ff0000;\">*<\/span><\/h1>\n<h2 style=\"text-align: center;\"><span style=\"color: #00ff00;\">ABRIL &#8211; MAYO<\/span><\/h2>\n<h3 style=\"text-align: center;\"><span style=\"color: #ffff00;\"><strong>DESDE EL 21 DE ABRIL AL 27 DE MAYO<\/strong><\/span><\/h3>\n<p style=\"text-align: center;\"><a href=\"http:\/\/boloandclaus.com\/web\/?attachment_id=2264\" rel=\"attachment wp-att-2264\"><img loading=\"lazy\" decoding=\"async\" class=\"aligncenter wp-image-2264\" src=\"http:\/\/boloandclaus.com\/web\/wp-content\/uploads\/2012\/04\/GIRA-PUERTO-RICO-PROGRAMA1-1024x525.jpg\" alt=\"GIRA PUERTO RICO PROGRAMA\" width=\"614\" height=\"315\" srcset=\"http:\/\/boloandclaus.com\/web\/wp-content\/uploads\/2012\/04\/GIRA-PUERTO-RICO-PROGRAMA1-1024x525.jpg 1024w, http:\/\/boloandclaus.com\/web\/wp-content\/uploads\/2012\/04\/GIRA-PUERTO-RICO-PROGRAMA1-300x153.jpg 300w\" sizes=\"auto, (max-width: 614px) 100vw, 614px\" \/><\/a><\/p>\n<p align=\"center\"><span style=\"color: #00ffff;\"><strong>CATA\u00d1O<\/strong><\/span><\/p>\n<p align=\"center\">\u00a0Viernes, 22 de mayo<\/p>\n<p align=\"center\"><span style=\"color: #ffcc00;\"><strong>GUAYAMA<\/strong><\/span><\/p>\n<p align=\"center\">\u00a0Viernes, 22 de mayo<\/p>\n<p align=\"center\"><span style=\"color: #54f608;\"><strong>VEGA BAJA<\/strong><\/span><\/p>\n<p align=\"center\">S\u00e1bado, 16 de mayo<\/p>\n<p align=\"center\"><span style=\"color: #ffff00;\"><strong>AGUADILLA<\/strong><\/span><\/p>\n<p align=\"center\">Viernes, 15 de mayo<\/p>\n<p align=\"center\"><strong><span style=\"color: #ff0000;\">SAN JUAN<\/span><\/strong><\/p>\n<p align=\"center\">Martes, 12 de mayo<\/p>\n<p align=\"center\"><span style=\"color: #ccffff;\"><strong>PONCE<\/strong><\/span><\/p>\n<p align=\"center\">S\u00e1bado, 9 de mayo<\/p>\n<p align=\"center\"><strong><span style=\"color: #ff00ff;\">HATILLO<\/span><\/strong><\/p>\n<p align=\"center\">Viernes, 8 de mayo<\/p>\n<p align=\"center\"><span style=\"color: #00ff00;\"><strong>SAN JUAN<\/strong><\/span><\/p>\n<p align=\"center\">Mi\u00e9rcoles, 6 de mayo<\/p>\n<p align=\"center\"><span style=\"color: #ff6600;\"><strong>TRUJILLO ALTO<\/strong><\/span><\/p>\n<p align=\"center\">Domingo, 3 de mayo<\/p>\n<p align=\"center\"><strong><span style=\"color: #ffff00;\">RIO GRANDE<\/span><\/strong><\/p>\n<p align=\"center\">\u00a0Viernes, 1 de mayo<\/p>\n<p align=\"center\"><span style=\"color: #00ff00;\"><strong>CAYEY<\/strong><\/span><\/p>\n<p align=\"center\">Viernes, 1 de mayo<\/p>\n<p align=\"center\"><span style=\"color: #ffff00;\"><strong>JUNCOS<\/strong><\/span><\/p>\n<p align=\"center\">Mi\u00e9rcoles, 29 de abril<\/p>\n<p align=\"center\"><span style=\"color: #ff9900;\"><strong>ARECIBO<\/strong><\/span><\/p>\n<p align=\"center\">Mi\u00e9rcoles, 29 de abril<\/p>\n<p align=\"center\"><span style=\"color: #00ffff;\"><strong>MAYAGUEZ<\/strong><\/span><\/p>\n<p align=\"center\">S\u00e1bado, 25 de abril<\/p>\n<p align=\"center\"><span style=\"color: #ffff00;\">*<\/span><\/p>\n<h1 align=\"center\"><b><img loading=\"lazy\" decoding=\"async\" src=\"http:\/\/boloandclaus.com\/web\/wp-content\/uploads\/2012\/05\/madera-11-300x94.jpg\" alt=\"Espa\u00f1a\" width=\"146\" height=\"45\" \/><\/b><b>\u00a0<\/b><\/h1>\n<h1 style=\"text-align: center;\">_______2015_______<\/h1>\n<h1 style=\"text-align: center;\"><span style=\"color: #ff0000;\">*<\/span><\/h1>\n<h2 style=\"text-align: center;\"><span style=\"color: #ffff00;\"><em>MARZO 2015<\/em><\/span><\/h2>\n<h4 style=\"text-align: center;\"><span style=\"color: #ffff00;\">GUADARRAMA<\/span><\/h4>\n<h2 style=\"text-align: center;\"><span style=\"color: #00ffff;\">CENTRO CULTURAL LA TORRE<\/span><\/h2>\n<p style=\"text-align: center;\">S\u00e1bado 21 a las 19:00<\/p>\n<h6 style=\"text-align: center;\"><span style=\"color: #ffff00;\">LINK<\/span><\/h6>\n<p style=\"text-align: center;\"><span style=\"color: #ff0000;\">*<\/span><\/p>\n<h4 style=\"text-align: center;\"><span style=\"color: #ffff00;\">MADRID<\/span><\/h4>\n<h2 style=\"text-align: center;\"><span style=\"color: #00ffff;\">EL BOALO<\/span><\/h2>\n<p style=\"text-align: center;\">Domingo 1<\/p>\n<h6 style=\"text-align: center;\"><span style=\"color: #ffff00;\">LINK<\/span><\/h6>\n<h1 style=\"text-align: center;\"><span style=\"color: #ff0000;\">*<\/span><\/h1>\n<h2 style=\"text-align: center;\"><span style=\"color: #ffff00;\"><em>FEBRERO 2015<\/em><\/span><\/h2>\n<h4 style=\"text-align: center;\"><span style=\"color: #ffff00;\">MADRID<\/span><\/h4>\n<h2 style=\"text-align: center;\"><span style=\"color: #00ffff;\">TEATRO LAGRADA<\/span><\/h2>\n<p style=\"text-align: center;\">S\u00e1bado 7 a las 17:00 hrs &#8211; Domingo 8 a las 12:30 hrs<\/p>\n<p style=\"text-align: center;\">S\u00e1bado 14 a las 17:00 hrs &#8211; Domingo 15 a las 12:30 hrs<\/p>\n<h6 style=\"text-align: center;\"><span style=\"color: #ffff00;\">LINK<\/span><\/h6>\n<h5 style=\"text-align: center;\"><span style=\"color: #ff0000;\">*<\/span><\/h5>\n<h4 style=\"text-align: center;\"><span style=\"color: #ffff00;\">MADRID<\/span><\/h4>\n<h2 style=\"text-align: center;\"><span style=\"color: #00ffff;\">CEIP CIUDAD DE ROMA<\/span><\/h2>\n<p style=\"text-align: center;\">Mi\u00e9rcoles 11<\/p>\n<h5 style=\"text-align: center;\"><span style=\"color: #ff0000;\">*<\/span><\/h5>\n<h4 style=\"text-align: center;\"><span style=\"color: #ffff00;\">MADRID<\/span><\/h4>\n<h2 style=\"text-align: center;\"><span style=\"color: #00ffff;\">CENTRO CULTURAL FRANCISCO FATOU<\/span><\/h2>\n<p style=\"text-align: center;\">Viernes 6 a las 18:00 hrs<\/p>\n<h6 style=\"text-align: center;\"><span style=\"color: #ffff00;\">LINK<\/span><\/h6>\n<h1 style=\"text-align: center;\"><span style=\"color: #ff0000;\">*<\/span><\/h1>\n<h2 style=\"text-align: center;\"><span style=\"color: #ffff00;\"><em>ENERO 2015<\/em><\/span><\/h2>\n<h4 style=\"text-align: center;\"><span style=\"color: #ffff00;\">SALOBRE\u00d1A<\/span><\/h4>\n<h2 style=\"text-align: center;\"><span style=\"color: #00ffff;\">AUDITORIO MUNICIPAL<\/span><\/h2>\n<p style=\"text-align: center;\">S\u00e1bado 14 a las 18:00 Hrs<\/p>\n<h6 style=\"text-align: center;\"><span style=\"color: #ffff00;\"><strong>LINK<\/strong><\/span><\/h6>\n<h1 style=\"text-align: center;\"><span style=\"color: #ff0000;\">*<\/span><\/h1>\n<h1 style=\"text-align: center;\">_______2014_______<\/h1>\n<h2 style=\"text-align: center;\"><em><span style=\"color: #00ff00;\">DICIEMBRE 2014<\/span><\/em><\/h2>\n<h5 style=\"text-align: center;\"><span style=\"color: #ff0000;\">*<\/span><\/h5>\n<h4 style=\"text-align: center;\"><span style=\"color: #ffff00;\">ALBACETE<\/span><\/h4>\n<h2 style=\"text-align: center;\"><span style=\"color: #00ffff;\">AUDITORIO MUNICIPAL<\/span><\/h2>\n<p style=\"text-align: center;\">Lunes 29 a las 18:00<\/p>\n<h6 style=\"text-align: center;\"><a href=\"http:\/\/www.albacete.es\/es\/agenda\/clowns-bolo-y-claus-en-busca-del-gran-dragon-verde\" target=\"_blank\" rel=\"noopener noreferrer\"><span style=\"color: #ffff00;\">LINK<\/span><\/a><\/h6>\n<p style=\"text-align: center;\"><span style=\"color: #ff0000;\">*<\/span><\/p>\n<h4 style=\"text-align: center;\"><span style=\"color: #ffff00;\">NAVALCARNERO<\/span><\/h4>\n<h2 style=\"text-align: center;\"><span style=\"color: #00ffff;\">TEATRO MUNICIPAL CENTRO<\/span><\/h2>\n<p style=\"text-align: center;\">Martes 23 a las 18:oo<\/p>\n<h6 style=\"text-align: center;\"><a href=\"http:\/\/www.navalcarnero.es\/navalcarnero\/opencms\/system\/galleries\/download\/RevistaOcio\/xqocio_30_web_opt.pdf\" target=\"_blank\" rel=\"noopener noreferrer\"><span style=\"color: #ffff00;\">LINK<\/span><\/a><\/h6>\n<p style=\"text-align: center;\"><span style=\"color: #ff0000;\">*<\/span><\/p>\n<h2 style=\"text-align: center;\"><em><span style=\"color: #00ff00;\">NOVIEMBRE 2014<\/span><\/em><\/h2>\n<h5 style=\"text-align: center;\"><span style=\"color: #ff0000;\">*<\/span><\/h5>\n<h4 style=\"text-align: center;\"><span style=\"color: #ffff00;\">NAVACERRADA<\/span><\/h4>\n<h2 style=\"text-align: center;\"><span style=\"color: #00ffff;\">CASA DE LA CULTURA<\/span><\/h2>\n<p style=\"text-align: center;\">Domingo 30 a las 12:30<\/p>\n<h6 style=\"text-align: center;\"><a href=\"http:\/\/www.aytonavacerrada.org\/index.php?option=com_acymailing&amp;ctrl=archive&amp;task=view&amp;listid=5-juventud&amp;mailid=437-01-03-2014&amp;Itemid=69&amp;tmpl=component\" target=\"_blank\" rel=\"noopener noreferrer\"><span style=\"color: #ffff00;\">LINK<\/span><\/a><\/h6>\n<p style=\"text-align: center;\"><span style=\"color: #ff0000;\">*<\/span><\/p>\n<h2 style=\"text-align: center;\"><em><span style=\"color: #2bf30b;\">OCTUBRE 2014<\/span><\/em><\/h2>\n<h5 style=\"text-align: center;\"><span style=\"color: #ff0000;\">*<\/span><\/h5>\n<h5 style=\"text-align: center;\"><span style=\"color: #ffff00;\">BURGOS<\/span><\/h5>\n<h2 style=\"text-align: center;\"><span style=\"color: #00ffff;\">CENTRO C\u00cdVICO SAN AGUST\u00cdN<\/span><\/h2>\n<p style=\"text-align: center;\">S\u00e1bado 04 a las 18:30 hrs<\/p>\n<h6 style=\"text-align: center;\"><span style=\"color: #ffff00;\">LINK<\/span><\/h6>\n<h5 style=\"text-align: center;\"><span style=\"color: #ff0000;\">*<\/span><\/h5>\n<h2 style=\"text-align: center;\"><em><span style=\"color: #2bf30b;\">SEPTIEMBRE 2014<\/span><\/em><\/h2>\n<h5 style=\"text-align: center;\"><span style=\"color: #ff0000;\">*<\/span><\/h5>\n<h5 style=\"text-align: center;\"><span style=\"color: #ffff00;\">CIUDAD REAL<\/span><\/h5>\n<h2 style=\"text-align: center;\"><span style=\"color: #00ffff;\">TEATRO DE LA SENSACI\u00d3N\u00a0<\/span><\/h2>\n<p style=\"text-align: center;\">Domingo 28 a las 12:30 hrs y 18:00 hrs<\/p>\n<h6 style=\"text-align: center;\"><a href=\"http:\/\/teatrodelasensacionela.blogspot.com.es\/\" target=\"_blank\" rel=\"noopener noreferrer\"><span style=\"color: #ffff00;\">LINK<\/span><\/a><\/h6>\n<p style=\"text-align: center;\"><span style=\"color: #ff0000;\">*<\/span><\/p>\n<h5 style=\"text-align: center;\"><span style=\"color: #ffff00;\">ESTEPONA<\/span><\/h5>\n<h2 style=\"text-align: center;\"><span style=\"color: #00ffff;\">CENTRO CULTURAL PADRE MANUEL<\/span><\/h2>\n<p style=\"text-align: center;\">Jueves 25 a las 19:00 hrs<\/p>\n<h6 style=\"text-align: center;\"><a href=\"http:\/\/estepona.com\/evento\/bolo-y-claus-en-busca-de-el-gran-dragon-verde\/\" target=\"_blank\" rel=\"noopener noreferrer\"><span style=\"color: #ffff00;\">LINK<\/span><\/a><\/h6>\n<h5 style=\"text-align: center;\"><span style=\"color: #ff0000;\">*<\/span><\/h5>\n<h2 style=\"text-align: center;\"><span style=\"color: #28f20c;\">AGOSTO 2014<\/span><\/h2>\n<h5 style=\"text-align: center;\"><span style=\"color: #ff0000;\">*<\/span><\/h5>\n<h5 style=\"text-align: center;\"><span style=\"color: #ffff00;\">ALMU\u00d1ECAR<\/span><\/h5>\n<h2 style=\"text-align: center;\"><span style=\"color: #00ffff;\">PLAZA DE KUWAIT<\/span><\/h2>\n<p style=\"text-align: center;\">S\u00e1bado 30 a las 21:00 hrs<\/p>\n<h6 style=\"text-align: center;\"><span style=\"color: #ffff00;\">LINK<\/span><\/h6>\n<p style=\"text-align: center;\">*<\/p>\n<h5 style=\"text-align: center;\"><span style=\"color: #ffff00;\">CATALUNYA<\/span><\/h5>\n<h2 style=\"text-align: center;\"><span style=\"color: #00ffff;\">LA FIGUEROSA<\/span><\/h2>\n<p style=\"text-align: center;\">S\u00e1bado 16 a las 19:00 hrs<\/p>\n<h6 style=\"text-align: center;\"><span style=\"color: #ffff00;\">LINK<\/span><\/h6>\n<h5 style=\"text-align: center;\"><span style=\"color: #ff0000;\">*<\/span><\/h5>\n<h5 style=\"text-align: center;\"><span style=\"color: #ffff00;\">CARRI\u00d3N DE LOS CONDES<\/span><\/h5>\n<h2 style=\"text-align: center;\"><span style=\"color: #00ffff;\">ALAMEDA EL PLANTIO<\/span><\/h2>\n<p style=\"text-align: center;\">Domingo 03 a las 19:00 hrs<\/p>\n<h6 style=\"text-align: center;\"><span style=\"color: #ffff00;\">LINK<\/span><\/h6>\n<p style=\"text-align: center;\"><span style=\"color: #ff0000;\">*<\/span><\/p>\n<h2 style=\"text-align: center;\"><span style=\"color: #00ff00;\">JULIO2014<\/span><\/h2>\n<p style=\"text-align: center;\"><span style=\"color: #ff0000;\">*<\/span><\/p>\n<h5 style=\"text-align: center;\"><span style=\"color: #ffff00;\">RONDA<\/span><\/h5>\n<h2 style=\"text-align: center;\"><span style=\"color: #00ffff;\">ALAMEDA DEL TAJO<\/span><\/h2>\n<p style=\"text-align: center;\">Miercoles 16 a las 20:00 hrs<\/p>\n<h6 style=\"text-align: center;\"><span style=\"color: #ffff00;\">LINK<\/span><\/h6>\n<p style=\"text-align: center;\"><span style=\"color: #ff0000;\">*<\/span><\/p>\n<h5 style=\"text-align: center;\"><span style=\"color: #ffff00;\">ALMU\u00d1ECAR<\/span><\/h5>\n<h2 style=\"text-align: center;\"><span style=\"color: #00ffff;\">PLAZA MART\u00cdN RECUERDA\u00a0<\/span><\/h2>\n<p style=\"text-align: center;\">Lunes 07 a las 21:00 hrs<\/p>\n<h6 style=\"text-align: center;\"><span style=\"color: #ffff00;\">LINK<\/span><\/h6>\n<p style=\"text-align: center;\"><span style=\"color: #ff0000;\">*<\/span><\/p>\n<h2 style=\"text-align: center;\"><span style=\"color: #00ff00;\">JUNIO 2014<\/span><\/h2>\n<p style=\"text-align: center;\"><span style=\"color: #ff0000;\">*<\/span><\/p>\n<h5 style=\"text-align: center;\"><span style=\"color: #ffff00;\">EL EJIDO<\/span><\/h5>\n<h2 style=\"text-align: center;\"><span style=\"color: #00ffff;\">FESTIVAL DE TEATRO DE EL EJIDO<\/span><\/h2>\n<p style=\"text-align: center;\">Sabado 14 a las 19:00 hrs<\/p>\n<h6 style=\"text-align: center;\"><span style=\"color: #ffff00;\">LINK<\/span><\/h6>\n<p style=\"text-align: center;\"><span style=\"color: #ff0000;\">*<\/span><\/p>\n<h5 style=\"text-align: center;\"><span style=\"color: #ffff00;\">MADRID &#8211; ALGETE<\/span><\/h5>\n<h2 style=\"text-align: center;\"><span style=\"color: #00ffff;\">AUDITORIO MUNICIPAL JOAN MANUEL SERRAT<\/span><\/h2>\n<p style=\"text-align: center;\">Sabado 7<\/p>\n<h6 style=\"text-align: center;\"><span style=\"color: #ffff00;\">LINK<\/span><\/h6>\n<p style=\"text-align: center;\"><span style=\"color: #ff0000;\">*<\/span><\/p>\n<h2 style=\"text-align: center;\"><span style=\"color: #00ff00;\">MAYO2014<\/span><\/h2>\n<h5 style=\"text-align: center;\"><span style=\"color: #ff0000;\">*<\/span><\/h5>\n<h5 style=\"text-align: center;\"><span style=\"color: #ffff00;\">MADRID<\/span><\/h5>\n<h2 style=\"text-align: center;\"><span style=\"color: #00ffff;\">TEATRO MUNICIPAL GRI\u00d1\u00d3N<\/span><\/h2>\n<p style=\"text-align: center;\">Domingo 18<\/p>\n<h6 style=\"text-align: center;\"><span style=\"color: #ffff00;\">LINK<\/span><\/h6>\n<p style=\"text-align: center;\"><span style=\"color: #ff0000;\">*<\/span><\/p>\n<h5 style=\"text-align: center;\"><span style=\"color: #ffff00;\">MADRID<\/span><\/h5>\n<h2 style=\"text-align: center;\"><span style=\"color: #00ffff;\"><b>LA NAVE 73<\/b><\/span><\/h2>\n<p style=\"text-align: center;\">S\u00e1bado 3 a las 12:00 hrs<\/p>\n<p style=\"text-align: center;\">S\u00e1bado 10 a las 12:00 hrs<\/p>\n<p style=\"text-align: center;\">S\u00e1bado 17 a las 12:00 hrs<\/p>\n<p style=\"text-align: center;\">S\u00e1bado 24 a las 12:00 hrs<\/p>\n<p style=\"text-align: center;\">S\u00e1bado 31 a las 12:00 hrs<\/p>\n<h6 style=\"text-align: center;\"><span style=\"color: #ffff00;\">LINK<\/span><\/h6>\n<p style=\"text-align: center;\"><span style=\"color: #ff0000;\">*<\/span><\/p>\n<h5 style=\"text-align: center;\"><span style=\"color: #ffff00;\"><b>MADRID<\/b><\/span><\/h5>\n<h2 style=\"text-align: center;\"><span style=\"color: #00ffff;\"><b>SALA MARGARITA XIRGU<\/b><\/span><\/h2>\n<p style=\"text-align: center;\">Domingo 11 a las 12:00 hrs<\/p>\n<h6 style=\"text-align: center;\"><a href=\"http:\/\/salaxirgu.blogspot.com.es\/\" target=\"_blank\" rel=\"noopener noreferrer\"><span style=\"color: #ffff00;\">LINK<\/span><\/a><\/h6>\n<p style=\"text-align: center;\"><span style=\"color: #ff0000;\">*<\/span><\/p>\n<h2 style=\"text-align: center;\"><span style=\"color: #00ff00;\">ABRIL 2014<\/span><\/h2>\n<p style=\"text-align: center;\"><span style=\"color: #ff0000;\">*<\/span><\/p>\n<h5 style=\"text-align: center;\"><span style=\"color: #ffff00;\"><b>MADRID<\/b><\/span><\/h5>\n<h2 style=\"text-align: center;\"><span style=\"color: #00ffff;\">LA NAVE 73<\/span><\/h2>\n<p style=\"text-align: center;\">S\u00e1bado 11 a las 12:00 hrs<\/p>\n<p style=\"text-align: center;\">(Funci\u00f3n en Castellano)<\/p>\n<p style=\"text-align: center;\">S\u00e1bado 26 a las 12:00 hrs<\/p>\n<p style=\"text-align: center;\">( Funci\u00f3n en Ingles)<\/p>\n<h6 style=\"text-align: center;\"><a class=\"wpGallery mceItem\" title=\"gallery\" href=\"http:\/\/nave73.es\/portfolio\/bolo-y-claus-en-busca-de-el-gran-dragon-verde-bilingue-ingles\/#prettyphoto&lt;img src=\" target=\"_blank\" rel=\"noopener noreferrer\"><span style=\"color: #ffff00;\">LINK<\/span><\/a><\/h6>\n<p style=\"text-align: center;\"><span style=\"color: #ff0000;\">*<\/span><\/p>\n<h5 style=\"text-align: center;\"><span style=\"color: #ffff00;\"><b>JAEN<\/b><b>\u00a0&#8211; PORCUNA<\/b><\/span><\/h5>\n<h2 style=\"text-align: center;\"><span style=\"color: #00ffff;\">TEATRO MARIA BELLIDO<\/span><\/h2>\n<p style=\"text-align: center;\">Viernes 11 a las 12:00 hrs<\/p>\n<h6 style=\"text-align: center;\"><span style=\"color: #ffff00;\">LINK<\/span><\/h6>\n<p style=\"text-align: center;\"><span style=\"color: #ff0000;\">*<\/span><\/p>\n<h5 style=\"text-align: center;\"><span style=\"color: #ffff00;\"><b>MADRID<\/b><b>&#8211; EL ESCORIAL<\/b><\/span><\/h5>\n<h2 style=\"text-align: center;\"><span style=\"color: #00ffff;\"><b>CENTRO CULTURAL VILLA DE EL ESCORIAL<\/b><\/span><\/h2>\n<p style=\"text-align: center;\">S\u00e1bado\u00a05 a las 12:00\u00a0hrs<\/p>\n<h6 style=\"text-align: center;\"><a href=\"http:\/\/www.elescorial.es\/index.php?option=com_content&amp;task=view&amp;id=2978&amp;Itemid=182\" target=\"_blank\" rel=\"noopener noreferrer\"><span style=\"color: #ffff00;\">LINK<\/span><\/a><\/h6>\n<p style=\"text-align: center;\"><span style=\"color: #ff0000;\">*<\/span><\/p>\n<h2 style=\"text-align: center;\"><span style=\"text-decoration: underline;\"><span style=\"color: #00ff00; text-decoration: underline;\">MARZO 2014<\/span><\/span><\/h2>\n<p style=\"text-align: center;\"><span style=\"color: #ff0000;\">*<\/span><\/p>\n<h5 style=\"text-align: center;\"><span style=\"color: #ffff00;\">MADRID<\/span><\/h5>\n<h2 style=\"text-align: center;\"><span style=\"color: #00ffff;\">CENTRO CULTURAL SANCHINARRO<\/span><\/h2>\n<p style=\"text-align: center;\">Domingo 23 a las 12:00 hrs<\/p>\n<h6 style=\"text-align: center;\"><a href=\"http:\/\/www.centroculturalsanchinarro.com\/programacion\/detalle-actividad\/fecha\/2014\/03\/23\/en-busca-del-dragon-verde\/\" target=\"_blank\" rel=\"noopener noreferrer\"><span style=\"color: #ffff00;\">LINK<\/span><\/a><\/h6>\n<p style=\"text-align: center;\"><span style=\"color: #ff0000;\">*<\/span><\/p>\n<h5 style=\"text-align: center;\"><span style=\"color: #ffff00;\">MADRID &#8211; SEVILLA LA NUEVA<\/span><\/h5>\n<h2 style=\"text-align: center;\"><span style=\"color: #00ffff;\"><b>Colegio Anton Sevillano<\/b><\/span><\/h2>\n<p style=\"text-align: center;\"><b>\u00a0<\/b>Martes 18 a las 11:00 hrs<\/p>\n<h6 style=\"text-align: center;\"><span style=\"color: #ffff00;\">LINK<\/span><\/h6>\n<p style=\"text-align: center;\"><span style=\"color: #ff0000;\">*<\/span><\/p>\n<h5 style=\"text-align: center;\"><span style=\"color: #ffff00;\">MADRID<\/span><\/h5>\n<h2 style=\"text-align: center;\"><span style=\"color: #00ffff;\">Colegio Addis<\/span><\/h2>\n<p style=\"text-align: center;\"><span style=\"color: #00ffff;\"><b>Centro Cultural Agata<\/b><\/span><\/p>\n<p style=\"text-align: center;\"><b>\u00a0<\/b>Martes 11 a las 10:30 hrs<\/p>\n<h6 style=\"text-align: center;\"><span style=\"color: #ffff00;\">LINK<\/span><\/h6>\n<p style=\"text-align: center;\"><span style=\"color: #ff0000;\">*<\/span><\/p>\n<h5 style=\"text-align: center;\"><span style=\"color: #ffff00;\">MADRID<\/span><\/h5>\n<h2 style=\"text-align: center;\"><span style=\"color: #00ffff;\">TEATRO MONTACARGAS<\/span><\/h2>\n<p style=\"text-align: center;\">Domingos 9 &#8211; 16 y 30 a las \u00a018:00 hrs<\/p>\n<h6 style=\"text-align: center;\"><a href=\"http:\/\/teatroelmontacargas.weebly.com\/\" target=\"_blank\" rel=\"noopener noreferrer\"><span style=\"color: #ffff00;\"><span style=\"color: #ffff00;\">LINK<\/span><\/span><\/a><\/h6>\n<p style=\"text-align: center;\"><span style=\"color: #ff0000;\">*<\/span><\/p>\n<h2 style=\"text-align: center;\"><span style=\"text-decoration: underline; color: #00ff00;\">FEBRERO 2014<\/span><\/h2>\n<p style=\"text-align: center;\"><span style=\"color: #ff0000;\">*<\/span><\/p>\n<h5 style=\"text-align: center;\"><span style=\"color: #ffff00;\">PREMIA DE DALT<\/span><\/h5>\n<h2 style=\"text-align: center;\"><span style=\"color: #00ffff;\">SOCIETAT CULTURAL SANT JAUME<\/span><\/h2>\n<p style=\"text-align: center;\"><em>Domingo 23 a las\u00a018:00 hrs<br \/>\n<\/em><\/p>\n<h6 style=\"text-align: center;\">Espect\u00e1culo en Catal\u00e1n \/ Espectacle en Catal\u00e0<\/h6>\n<h6 style=\"text-align: center;\"><span style=\"color: #ffff00;\"><a href=\"http:\/\/www.jobutaca.org\/\" target=\"_blank\" rel=\"noopener noreferrer\"><span style=\"color: #ffff00;\">LINK<\/span><\/a><\/span><\/h6>\n<p style=\"text-align: center;\"><span style=\"color: #ff0000;\">*<\/span><\/p>\n<h5 style=\"text-align: center;\"><span style=\"color: #ffff00;\">TERRASSA<\/span><\/h5>\n<h2 style=\"text-align: center;\"><span style=\"color: #00ffff;\">TEATRE PRINCIPAL<\/span><\/h2>\n<p style=\"text-align: center;\"><em>Domingo 16 a las\u00a012:00 hrs\u00a0y\u00a0a las\u00a018:00 hrs<br \/>\n<\/em><\/p>\n<h6 style=\"text-align: center;\">Espect\u00e1culo en Catal\u00e1n \/ Espectacle en Catal\u00e0<\/h6>\n<h6 style=\"text-align: center;\"><span style=\"color: #ffff00;\"><a href=\"http:\/\/www.caet.cat\/programacio-estable-de-teatre\/programacio-familiar\/item\/351-bolo-a-claus-busquen-el-drac-verd.html\" target=\"_blank\" rel=\"noopener noreferrer\"><span style=\"color: #ffff00;\">LINK<\/span><\/a><\/span><\/h6>\n<p style=\"text-align: center;\"><span style=\"color: #ff0000;\">*<\/span><\/p>\n<h5 style=\"text-align: center;\"><span style=\"color: #ffff00;\">MADRID<\/span><\/h5>\n<h2 style=\"text-align: center;\"><span style=\"color: #00ffff;\">TEATRO TARAMBANA<\/span><\/h2>\n<p style=\"text-align: center;\"><em>Sabado 8 a las 18:00hrs<\/em><\/p>\n<p style=\"text-align: center;\"><em>Domingo 9 a las 12:30 hrs y 17:30 hrs<\/em><\/p>\n<h6 style=\"text-align: center;\"><a href=\"http:\/\/www.tarambana.net\/espectaculos\/bolo-and-claus-en-busca-del-gran-dragon-verde\/\" target=\"_blank\" rel=\"noopener noreferrer\"><span style=\"color: #ffff00;\"><span style=\"color: #ffff00;\">LINK<\/span><\/span><\/a><\/h6>\n<p style=\"text-align: center;\"><span style=\"color: #ff0000;\">*<\/span><\/p>\n<p style=\"text-align: center;\"><span style=\"color: #ccffff;\">Desde el mes de Febrero al mes de Agosto de 2014 estaremos de gira en Espa\u00f1a<\/span><\/p>\n<p style=\"text-align: center;\"><span style=\"color: #ccffff;\">presentando el espect\u00e1culo <em><strong>\u00abBolo y Claus en busca del Gran Drag\u00f3n Verde\u00bb<\/strong><\/em><\/span><\/p>\n<p style=\"text-align: center;\"><span style=\"color: #ccffff;\">Barcelona &#8211; Madrid &#8211; Andaluc\u00eda<\/span><\/p>\n<p style=\"text-align: center;\"><span style=\"color: #ff0000;\">*<\/span><\/p>\n<h1 style=\"text-align: center;\" align=\"center\"><img loading=\"lazy\" decoding=\"async\" class=\"aligncenter wp-image-1811\" src=\"http:\/\/boloandclaus.com\/web\/wp-content\/uploads\/2012\/05\/madera-1-Copy-21-300x96.jpg\" alt=\"Chile\" width=\"144\" height=\"46\" srcset=\"http:\/\/boloandclaus.com\/web\/wp-content\/uploads\/2012\/05\/madera-1-Copy-21-300x96.jpg 300w, http:\/\/boloandclaus.com\/web\/wp-content\/uploads\/2012\/05\/madera-1-Copy-21.jpg 991w\" sizes=\"auto, (max-width: 144px) 100vw, 144px\" \/><\/h1>\n<h2 style=\"text-align: center;\"><span style=\"color: #ff6600;\">2014<\/span><\/h2>\n<h2 style=\"text-align: center;\"><span style=\"color: #ffff00;\">ENERO<\/span><\/h2>\n<p align=\"center\"><strong>CENTRO CULTURAL DE LA REINA<\/strong><\/p>\n<p align=\"center\">XVI FESTIVAL DE TEATRO INFANTIL<\/p>\n<p style=\"text-align: center;\">BOLO Y CLAUS EN BUSCA DEL GRAN DRAG\u00d3N VERDE<\/p>\n<p style=\"text-align: center;\">LUNES 13 a las\u00a012 Hrs<\/p>\n<p style=\"text-align: center;\"><a href=\"http:\/\/www.culturalareina.cl\/actividades\/teatro_verano_infantil.htm\" target=\"_blank\" rel=\"noopener noreferrer\">LEER MAS<\/a><\/p>\n<p style=\"text-align: center;\"><span style=\"color: #00ff00;\">*<\/span><\/p>\n<h1 style=\"text-align: center;\"><span style=\"color: #ffff00;\">_______2013_______<\/span><\/h1>\n<h2 style=\"text-align: center;\" align=\"center\"><span style=\"color: #00ffff;\">\u00a0<span style=\"color: #ff6600;\">SEPTIEMBRE &#8211; OCTUBRE &#8211; NOVIEMBRE &#8211; DICIEMBRE<\/span><\/span><\/h2>\n<p style=\"text-align: center;\"><img loading=\"lazy\" decoding=\"async\" class=\"aligncenter size-medium wp-image-1804\" src=\"http:\/\/boloandclaus.com\/web\/wp-content\/uploads\/2012\/04\/6868768079_dd8bd0faec_b-Copy-2-300x118.jpg\" alt=\"6868768079_dd8bd0faec_b - Copy (2)\" width=\"300\" height=\"118\" srcset=\"http:\/\/boloandclaus.com\/web\/wp-content\/uploads\/2012\/04\/6868768079_dd8bd0faec_b-Copy-2-300x118.jpg 300w, http:\/\/boloandclaus.com\/web\/wp-content\/uploads\/2012\/04\/6868768079_dd8bd0faec_b-Copy-2.jpg 834w\" sizes=\"auto, (max-width: 300px) 100vw, 300px\" \/><\/p>\n<p style=\"text-align: center;\"><strong>\u00a0<\/strong><b>Durante estos 4 meses \u00a0estaremos en \u00a0la Regi\u00f3n\u00a0de \u00a0Magallanes y de la\u00a0Ant\u00e1rtica\u00a0Chilena <\/b><\/p>\n<p style=\"text-align: center;\"><b>implementando el proyecto :<\/b><\/p>\n<h2 align=\"center\">\u00abTeatro, educaci\u00f3n y desarrollo<\/h2>\n<h2 align=\"center\">en la Provincia de Tierra del Fuego\u00bb<\/h2>\n<p style=\"text-align: center;\"><a href=\"http:\/\/www.gobernaciontierradelfuego.gov.cl\/n1652_06-01-2014.html\" target=\"_blank\" rel=\"noopener noreferrer\">LEER MAS\u00a0<\/a><\/p>\n<p style=\"text-align: center;\"><img loading=\"lazy\" decoding=\"async\" class=\"aligncenter wp-image-1447\" src=\"http:\/\/boloandclaus.com\/web\/wp-content\/uploads\/2012\/04\/Gobernacion-de-Tierra-del-Fuego.jpg\" alt=\"Gobernacion de Tierra del Fuego\" width=\"113\" height=\"102\" \/><\/p>\n<p style=\"text-align: center;\"><span style=\"color: #ffff00;\">*<\/span><\/p>\n<h2 style=\"text-align: center;\" align=\"center\"><span style=\"color: #00ff00;\">Julio 2013<\/span><\/h2>\n<h2 style=\"text-align: center;\"><span style=\"color: #ffff00;\"><strong>SANTIAGO<\/strong><\/span><\/h2>\n<p style=\"text-align: center;\" align=\"center\"><span style=\"color: #ff9900;\"><strong>FESTIVAL DE TEATRO INFANTIL Y FAMILIAR<\/strong><\/span><\/p>\n<p style=\"text-align: center;\">BOLO Y CLAUS EN BUSCA DEL GRAN DRAG\u00d3N VERDE<\/p>\n<p style=\"text-align: center;\">MIERCOLES 17 a las\u00a016 Hrs<\/p>\n<h2 style=\"text-align: center;\"><span style=\"color: #00ff00;\"><strong>TEATRO FACETAS<\/strong><\/span><\/h2>\n<p style=\"text-align: center;\">VICU\u00d1A MACKENA 620<\/p>\n<p style=\"text-align: center;\">.<\/p>\n<h1 style=\"text-align: center;\" align=\"center\"><b><img loading=\"lazy\" decoding=\"async\" class=\"aligncenter wp-image-1817\" src=\"http:\/\/boloandclaus.com\/web\/wp-content\/uploads\/2012\/05\/madera-1-Copy-41-300x95.jpg\" alt=\"New York\" width=\"144\" height=\"46\" srcset=\"http:\/\/boloandclaus.com\/web\/wp-content\/uploads\/2012\/05\/madera-1-Copy-41-300x95.jpg 300w, http:\/\/boloandclaus.com\/web\/wp-content\/uploads\/2012\/05\/madera-1-Copy-41.jpg 994w\" sizes=\"auto, (max-width: 144px) 100vw, 144px\" \/><\/b><\/h1>\n<h2 style=\"text-align: center;\" align=\"center\"><span style=\"color: #ffff00;\">Mayo 2013<\/span><\/h2>\n<h2 style=\"text-align: center;\"><span style=\"color: #99cc00;\">\u00abBolo y Claus en busca del Gran Drag\u00f3n Verde\u00bb <\/span><\/h2>\n<p align=\"center\">Esta gira es posible gracias a la valiosa\u00a0colaboraci\u00f3n\u00a0de :<\/p>\n<p style=\"text-align: center;\" align=\"center\"><a href=\"http:\/\/www.she.es\/cursos?utm_source=boloANDclaus&amp;utm_medium=banner&amp;utm_content=web&amp;utm_campaign=patrocinio\" target=\"_blank\" rel=\"noopener noreferrer\"><img loading=\"lazy\" decoding=\"async\" class=\"aligncenter wp-image-1548\" src=\"http:\/\/boloandclaus.com\/web\/wp-content\/uploads\/2012\/05\/she-herencia-Copy-300x132.jpg\" alt=\"she herencia - Copy\" width=\"240\" height=\"106\" srcset=\"http:\/\/boloandclaus.com\/web\/wp-content\/uploads\/2012\/05\/she-herencia-Copy-300x132.jpg 300w, http:\/\/boloandclaus.com\/web\/wp-content\/uploads\/2012\/05\/she-herencia-Copy.jpg 968w\" sizes=\"auto, (max-width: 240px) 100vw, 240px\" \/><\/a><\/p>\n<h2 align=\"center\"><a href=\"http:\/\/queenstheatre.org\/bolo-claus\" target=\"_blank\" rel=\"noopener noreferrer\"><span style=\"text-decoration: underline; color: #ff9900;\"><b>Queens Theatre<\/b><\/span><\/a><\/h2>\n<p align=\"center\">14 United Nations Ave S\u00a0\u00a0Queens New York, 11368<\/p>\n<p align=\"center\">Tel\u00e9fono: 718-760-0064<\/p>\n<p align=\"center\"><b><span style=\"text-decoration: underline;\">Domingo 26 de mayo a las 13:00hrs<\/span><\/b><\/p>\n<p align=\"center\"><b><i>Espect\u00e1culo en\u00a0 Ingles<\/i><\/b><\/p>\n<p align=\"center\"><b><span style=\"text-decoration: underline;\">Domingo 26 de mayo a las 15:00hrs<\/span><\/b><\/p>\n<p align=\"center\"><b><i>Espect\u00e1culo en castellano<\/i><\/b><\/p>\n<p style=\"text-align: center;\">.<\/p>\n<h2 style=\"text-align: center;\"><a href=\"http:\/\/www.sea-online.info\/SEA_ArtsInEducation.html\" target=\"_blank\" rel=\"noopener noreferrer\"><span style=\"text-decoration: underline; color: #ffcc00;\"><strong>Teatro SEA<\/strong><\/span><\/a><\/h2>\n<p align=\"center\">Society of the Educational Arts, Inc.<\/p>\n<p align=\"center\">107 Suffolk St\u00a0\u00a0New York, NY 10002<br \/>\nTel\u00e9fono: 212-529-1545<\/p>\n<p align=\"center\"><b><span style=\"text-decoration: underline;\">S\u00e1bado 18 de mayo a las 15:00 hrs<\/span><\/b><\/p>\n<p align=\"center\"><b><i><b><i>Espect\u00e1culo en \u00a0ingles<\/i><\/b><\/i><\/b><\/p>\n<p align=\"center\"><b><span style=\"text-decoration: underline;\">Domingo 19 de mayo a las 15:00 hrs<\/span><\/b><\/p>\n<p align=\"center\"><b><i>Espect\u00e1culo en castellano<\/i><\/b><\/p>\n<p align=\"center\">.<\/p>\n<h2 align=\"center\"><a href=\"http:\/\/nyork.cervantes.es\/FichasCultura\/Ficha88490_27_1.htm\" target=\"_blank\" rel=\"noopener noreferrer\"><span style=\"color: #ffcc00;\"><b><span style=\"text-decoration: underline;\">Instituto Cervantes<\/span><\/b><\/span><\/a><\/h2>\n<p align=\"center\">211 E 49th St\u00a0\u00a0New York, NY 10017<br \/>\nTel\u00e9fono: \u00a0212-308-7720<\/p>\n<p align=\"center\"><b><span style=\"text-decoration: underline;\">S\u00e1bado 11 de mayo a las 12:00 hrs. <\/span><\/b><\/p>\n<p align=\"center\"><b><i>Espect\u00e1culo en castellano<\/i><\/b><\/p>\n<p align=\"center\"><b><span style=\"text-decoration: underline;\">S\u00e1bado 25 de mayo a las 12:00 hrs.<\/span><\/b><\/p>\n<p align=\"center\"><b><i>Espect\u00e1culo en \u00a0Castellano<\/i><\/b><\/p>\n<p style=\"text-align: center;\">.<\/p>\n<h1 style=\"text-align: center;\" align=\"center\"><span style=\"color: #ff0000;\"><span style=\"color: #ff6600;\"><b><img loading=\"lazy\" decoding=\"async\" class=\"aligncenter wp-image-1825\" src=\"http:\/\/boloandclaus.com\/web\/wp-content\/uploads\/2012\/05\/madera-11-300x94.jpg\" alt=\"Espa\u00f1a\" width=\"146\" height=\"45\" srcset=\"http:\/\/boloandclaus.com\/web\/wp-content\/uploads\/2012\/05\/madera-11-300x94.jpg 300w, http:\/\/boloandclaus.com\/web\/wp-content\/uploads\/2012\/05\/madera-11.jpg 998w\" sizes=\"auto, (max-width: 146px) 100vw, 146px\" \/><\/b><\/span><b>\u00a0<\/b><\/span><span style=\"color: #ffff00;\">Abril 2013<\/span><\/h1>\n<h2 style=\"text-align: center;\"><span style=\"color: #99cc00;\">\u00abBolo y Claus en busca del Gran Drag\u00f3n Verde\u00bb<\/span><\/h2>\n<p style=\"text-align: center;\">Esta gira es posible gracias a la valiosa\u00a0colaboraci\u00f3n\u00a0de :<\/p>\n<p style=\"text-align: center;\"><a href=\"http:\/\/www.she.es\/cursos\/\" target=\"_blank\" rel=\"noopener noreferrer\"><img loading=\"lazy\" decoding=\"async\" class=\"aligncenter wp-image-1548\" src=\"http:\/\/boloandclaus.com\/web\/wp-content\/uploads\/2012\/05\/she-herencia-Copy-300x132.jpg\" alt=\"she herencia - Copy\" width=\"240\" height=\"106\" srcset=\"http:\/\/boloandclaus.com\/web\/wp-content\/uploads\/2012\/05\/she-herencia-Copy-300x132.jpg 300w, http:\/\/boloandclaus.com\/web\/wp-content\/uploads\/2012\/05\/she-herencia-Copy.jpg 968w\" sizes=\"auto, (max-width: 240px) 100vw, 240px\" \/><\/a><\/p>\n<h2 align=\"center\"><span style=\"color: #ffcc00;\"><strong><span style=\"text-decoration: underline;\">MADRID<\/span><\/strong><\/span><\/h2>\n<p align=\"center\"><b><span style=\"text-decoration: underline;\">TEATRO GURDULU<\/span><\/b><\/p>\n<p align=\"center\">Calle Tirso de Molina, 4 \u2013 28912 Legan\u00e9s<\/p>\n<p align=\"center\">Tel\u00e9fono : 91 694 75 54<\/p>\n<p align=\"center\"><span style=\"text-decoration: underline;\"><b>Sabado 27 de abril a las 18:00hrs. <\/b><\/span><\/p>\n<p align=\"center\"><span style=\"text-decoration: underline;\"><b>Domingo 28 de abril a las 18:00hrs.<\/b><\/span><b><\/b><\/p>\n<p align=\"center\">.<\/p>\n<h2 align=\"center\"><span style=\"color: #ffcc00;\"><b><span style=\"text-decoration: underline;\">CANARIAS<\/span><\/b><\/span><\/h2>\n<p align=\"center\"><strong>Valle Gran Rey \u2013 La Gomera<\/strong><\/p>\n<p align=\"center\"><span style=\"text-decoration: underline;\"><b>CASA DE LA CULTURA<\/b><\/span><\/p>\n<p align=\"center\"><b><span style=\"text-decoration: underline;\">Martes 23 y Mi\u00e9rcoles 24 de abril<\/span><\/b><\/p>\n<p align=\"center\">.<\/p>\n<h2 align=\"center\"><span style=\"color: #ff9900;\"><b><span style=\"text-decoration: underline;\">MADRID<\/span><\/b><\/span><\/h2>\n<p align=\"center\"><a href=\"http:\/\/www.tarambana.net\/espectaculos\/bolo-and-claus-en-busca-del-gran-dragon-verde\/\" target=\"_blank\" rel=\"noopener noreferrer\"><b><span style=\"text-decoration: underline;\">TEATRO TARAMBANA<\/span><\/b><\/a><\/p>\n<p align=\"center\">Calle de Dolores Armengot, 31 \/\u00a0\u00a028025 Madrid<br \/>\nTel\u00e9fono: 34 914 61 83 34<\/p>\n<p align=\"center\"><b><span style=\"text-decoration: underline;\">S\u00e1bado 20 de abril a las 18:00 horas<\/span><\/b><span style=\"text-decoration: underline;\">\u00a0<\/span><\/p>\n<p align=\"center\"><b><span style=\"text-decoration: underline;\">Domingo 21 de abril a las 12:30 y 17:00<\/span><\/b><\/p>\n<p align=\"center\">.<\/p>\n<h2 align=\"center\"><span style=\"color: #ff9900;\"><strong><span style=\"text-decoration: underline;\">ALMU\u00d1ECAR\u00a0<\/span><\/strong><\/span><\/h2>\n<p align=\"center\"><span style=\"text-decoration: underline;\"><b>CASA DE LA CULTURA<\/b><\/span><\/p>\n<p align=\"center\">Puerta de Granada, 19 \/ 18690 Almu\u00f1\u00e9car<\/p>\n<p align=\"center\"><strong>Tel\u00e9fono: 958 838626<\/strong><b><\/b><\/p>\n<p align=\"center\"><span style=\"text-decoration: underline;\"><b>Martes 16 y \u00a0Mi\u00e9rcoles\u00a0<\/b><b>17 de abril<\/b><\/span><\/p>\n<p align=\"center\">.<\/p>\n<p align=\"center\"><b><span style=\"text-decoration: underline;\">CENTRO\u00a0C\u00cdVICO\u00a0LA HERRADURA.<\/span><\/b><\/p>\n<p align=\"center\">Avda. Prieto Moreno \u00a0\/ 18697 La Herradura<br \/>\nTel\u00e9fono: 34 958 61 86\u00a036<\/p>\n<p align=\"center\"><b><span style=\"text-decoration: underline;\">Martes 16 de Abril\u00a0<\/span><\/b><\/p>\n<p align=\"center\">.<\/p>\n<h2 align=\"center\"><span style=\"color: #ffcc00;\"><b><span style=\"text-decoration: underline;\">BURGOS<\/span><\/b><\/span><\/h2>\n<p align=\"center\"><b><span style=\"text-decoration: underline;\">LA PARRALA<\/span><\/b><\/p>\n<p align=\"center\"><b><span style=\"text-decoration: underline;\">Centro de Creaci\u00f3n Esc\u00e9nica de Burgos <\/span><\/b><\/p>\n<p align=\"center\">C\/ Las Infantas, 1 \/ 09001 Burgos<\/p>\n<p align=\"center\">Tel\u00e9fono: 947 200 051<\/p>\n<p align=\"center\"><b><i><span style=\"text-decoration: underline;\">Taller de Clown para ni\u00f1os<\/span><\/i><\/b><\/p>\n<p align=\"center\"><b><span style=\"text-decoration: underline;\">S\u00e1bado 13 de abril a las 17:00hrs<\/span><\/b><\/p>\n<p align=\"center\"><b>.<\/b><\/p>\n<p align=\"center\"><b><span style=\"text-decoration: underline;\">ESPACIO TANGENTE<\/span><\/b><\/p>\n<p align=\"center\">Valentin Jalon 10, Bajo \/ 09005 Burgos<\/p>\n<p align=\"center\">Tel\u00e9fono: 34 947 216 127<\/p>\n<p align=\"center\"><b><span style=\"text-decoration: underline;\">Domingo 14 de abril a las 12:00 hrs<\/span><\/b><\/p>\n<p align=\"center\">.<\/p>\n<h2 align=\"center\"><span style=\"color: #ffcc00;\"><b><span style=\"text-decoration: underline;\">GRANOLLERS<\/span><\/b><\/span><\/h2>\n<p align=\"center\"><b><span style=\"text-decoration: underline;\">TEATRE DE PONENT<\/span><\/b><\/p>\n<p align=\"center\">Carrer de Ponent, 60 \u2013 08401<\/p>\n<p align=\"center\">Telefono: 93 849 81 67<\/p>\n<p align=\"center\"><b><span style=\"text-decoration: underline;\">Martes 9 de abril a las 11:00hrs<\/span><\/b><\/p>\n<p align=\"center\"><b><i>Espect\u00e1culo en Catal\u00e1n \/ Espectacle en Catal\u00e0\u00a0<\/i><\/b><\/p>\n<p align=\"center\">.<\/p>\n<h2 align=\"center\"><span style=\"color: #ffcc00;\"><b><span style=\"text-decoration: underline;\">HOSPITALET DE LLOBREGAT<\/span><\/b><\/span><\/h2>\n<p style=\"text-align: center;\" align=\"center\"><img loading=\"lazy\" decoding=\"async\" class=\"aligncenter wp-image-1541\" src=\"http:\/\/boloandclaus.com\/web\/wp-content\/uploads\/2012\/04\/Hospitalet-de-Llobregat-300x118.jpg\" alt=\"Hospitalet de Llobregat\" width=\"240\" height=\"94\" srcset=\"http:\/\/boloandclaus.com\/web\/wp-content\/uploads\/2012\/04\/Hospitalet-de-Llobregat-300x118.jpg 300w, http:\/\/boloandclaus.com\/web\/wp-content\/uploads\/2012\/04\/Hospitalet-de-Llobregat-1024x405.jpg 1024w, http:\/\/boloandclaus.com\/web\/wp-content\/uploads\/2012\/04\/Hospitalet-de-Llobregat.jpg 1471w\" sizes=\"auto, (max-width: 240px) 100vw, 240px\" \/><\/p>\n<p align=\"center\"><b><span style=\"text-decoration: underline;\">CENTRE CATOLIC<\/span><\/b><\/p>\n<p align=\"center\">Rambla Just Oliveras, 34.<\/p>\n<p align=\"center\"><b><span style=\"text-decoration: underline;\">Domingo 7 de abril a las 18:00 hrs<\/span><\/b><\/p>\n<p align=\"center\"><b><i>Espect\u00e1culo en Catal\u00e1n \/ Espectacle en Catal\u00e0\u00a0<\/i><\/b><\/p>\n<h2 align=\"center\">.<\/h2>\n<h2 align=\"center\"><span style=\"color: #00ffff;\">CHILE<\/span><\/h2>\n<h2 align=\"center\"><span style=\"color: #ff9900;\"><b>Tierra del Fuego<\/b><\/span><\/h2>\n<h2 align=\"center\"><b>Marzo 2013<\/b><\/h2>\n<p align=\"center\"><a href=\"http:\/\/www.gobernaciontierradelfuego.gov.cl\/n1431_14-03-2013.html\" target=\"_blank\" rel=\"noopener noreferrer\"><img loading=\"lazy\" decoding=\"async\" class=\"aligncenter size-medium wp-image-1449\" src=\"http:\/\/boloandclaus.com\/web\/wp-content\/uploads\/2012\/04\/Talleres-de-teatro-en-Porvenir-Tierra-del-Fuego-300x117.jpg\" alt=\"Talleres de teatro en Porvenir , Tierra del Fuego\" width=\"300\" height=\"117\" srcset=\"http:\/\/boloandclaus.com\/web\/wp-content\/uploads\/2012\/04\/Talleres-de-teatro-en-Porvenir-Tierra-del-Fuego-300x117.jpg 300w, http:\/\/boloandclaus.com\/web\/wp-content\/uploads\/2012\/04\/Talleres-de-teatro-en-Porvenir-Tierra-del-Fuego.jpg 830w\" sizes=\"auto, (max-width: 300px) 100vw, 300px\" \/><\/a><\/p>\n<h2 align=\"center\"><strong>Talleres de teatro infantil y\u00a0animaci\u00f3n\u00a0a la lectura<\/strong><\/h2>\n<p align=\"center\"><strong>Jardines Infantiles de Porvenir<\/strong><\/p>\n<p align=\"center\"><strong>Biblioteca P\u00fablica de Porvenir<\/strong><\/p>\n<p align=\"center\"><em>Del 11 al 22 de Marzo.<\/em><\/p>\n<p align=\"center\">La\u00a0realizaci\u00f3n\u00a0de este proyecto<\/p>\n<p align=\"center\">es posible gracias a la valiosa\u00a0colaboraci\u00f3n\u00a0y\u00a0gesti\u00f3n\u00a0de la<\/p>\n<p align=\"center\">Gobernaci\u00f3n\u00a0de la Provincia de Tierra del Fuego.<\/p>\n<p align=\"center\"><a href=\"http:\/\/www.gobernaciontierradelfuego.gov.cl\/n1442_26-03-2013.html\" target=\"_blank\" rel=\"noopener noreferrer\">VISITAR LINK<\/a><\/p>\n<p style=\"text-align: center;\" align=\"center\"><a href=\"http:\/\/www.gobernaciontierradelfuego.gov.cl\/n1431_14-03-2013.html\" target=\"_blank\" rel=\"noopener noreferrer\"><img loading=\"lazy\" decoding=\"async\" class=\"aligncenter wp-image-1447\" title=\"Gobernacion de Tierra del Fuego\" src=\"http:\/\/boloandclaus.com\/web\/wp-content\/uploads\/2012\/04\/Gobernacion-de-Tierra-del-Fuego.jpg\" alt=\"Gobernacion de Tierra del Fuego\" width=\"141\" height=\"128\" \/><\/a><\/p>\n<h1 style=\"text-align: center;\"><\/h1>\n<h1 style=\"text-align: center;\"><span style=\"color: #00ffff;\">CHILE<\/span><\/h1>\n<h1 style=\"text-align: center;\"><\/h1>\n<h2 style=\"text-align: center;\">Santiago<\/h2>\n<h1 style=\"text-align: center;\"><\/h1>\n<p style=\"text-align: center;\">Febrero 2013<\/p>\n<h1 style=\"text-align: center;\"><\/h1>\n<h2 style=\"text-align: center;\"><span style=\"color: #ffff00;\">BOLO Y CLAUS EN BUSCA DEL GRAN DRAG\u00d3N VERDE<\/span><\/h2>\n<h1 style=\"text-align: center;\"><\/h1>\n<p style=\"text-align: center;\">en el<\/p>\n<h1 style=\"text-align: center;\"><\/h1>\n<h1 style=\"text-align: center;\">TEATRO ALCALA<\/h1>\n<h1 style=\"text-align: center;\"><\/h1>\n<p style=\"text-align: center;\">www.teatroalcala.cl<\/p>\n<h1 style=\"text-align: center;\"><\/h1>\n<p style=\"text-align: center;\">Bellavista 77<\/p>\n<h1 style=\"text-align: center;\"><\/h1>\n<p style=\"text-align: center;\">Reservas 02 2732 71 61<\/p>\n<h1 style=\"text-align: center;\"><\/h1>\n<h1 style=\"text-align: center;\"><span style=\"color: #ff9900;\">Domingos 3, 10, 17 y 24<\/span><\/h1>\n<h1 style=\"text-align: center;\"><\/h1>\n<p style=\"text-align: center;\">a las 17:00 Hrs<\/p>\n<h1 style=\"text-align: center;\"><span style=\"color: #00ffff;\">CHILE<\/span><\/h1>\n<h2 style=\"text-align: center;\">Santiago<\/h2>\n<p style=\"text-align: center;\">Enero 2013<\/p>\n<h2 style=\"text-align: center;\"><span style=\"color: #ff6600;\">BOLO Y CLAUS EN BUSCA DEL GRAN DRAG\u00d3<\/span><span style=\"color: #ff6600;\">N VERDE<\/span><\/h2>\n<p style=\"text-align: center;\">en el<\/p>\n<h1 style=\"text-align: center;\">TEATRO ALCALA<\/h1>\n<p style=\"text-align: center;\">www.teatroalcala.cl<\/p>\n<p style=\"text-align: center;\">Bellavista 77<\/p>\n<p style=\"text-align: center;\">Reservas 02 2732 71 61<\/p>\n<h1 style=\"text-align: center;\"><span style=\"color: #ff00ff;\">Domingos 6, 13, 20 y 27<\/span><\/h1>\n<p style=\"text-align: center;\">a las 17:00 Hrs<\/p>\n<h1 style=\"text-align: center;\"><\/h1>\n<h1 style=\"text-align: center;\"><span style=\"color: #00ffff;\">CHILE<\/span><\/h1>\n<h2 style=\"text-align: center;\">Santiago<\/h2>\n<p style=\"text-align: center;\"><strong>Diciembre 2012<\/strong><\/p>\n<h2 style=\"text-align: center;\"><span style=\"color: #ffff00;\">BOLO Y CLAUS EN BUSCA DEL GRAN DRAG\u00d3N VERDE<\/span><\/h2>\n<p style=\"text-align: center;\"><span style=\"color: #ccffff;\"><strong>en el\u00a0<\/strong><\/span><\/p>\n<h1 style=\"text-align: center;\"><span style=\"text-decoration: underline;\">TEATRO ALCALA<\/span><\/h1>\n<p style=\"text-align: center;\"><span style=\"color: #ccffff;\"><strong>Bellavista 77<\/strong><\/span><\/p>\n<p style=\"text-align: center;\"><span style=\"color: #ccffff;\"><strong>Reservas 02 2732 71 61<\/strong><\/span><\/p>\n<h2 style=\"text-align: center;\"><span style=\"color: #00ff00;\"><strong>Sabados 1, 8, 15, 22 y 29\u00a0<\/strong><\/span><\/h2>\n<p style=\"text-align: center;\"><strong>a las 17:00 Hrs<\/strong><\/p>\n<h1 style=\"text-align: center;\"><span style=\"color: #00ffff;\">CHILE<\/span><\/h1>\n<h1 style=\"text-align: center;\"><span style=\"color: #00ffff;\">Regi\u00f3n\u00a0de Magallanes y\u00a0Ant\u00e1rtica\u00a0Chilena<\/span><\/h1>\n<p style=\"text-align: center;\"><img loading=\"lazy\" decoding=\"async\" class=\"aligncenter wp-image-1330\" title=\"Consejo Regional de la Cultura y las Artes Regi\u00f3n de Magallanes\" src=\"http:\/\/boloandclaus.com\/web\/wp-content\/uploads\/2012\/05\/Logo-Color_Magallanes-300x271.jpg\" alt=\"\" width=\"144\" height=\"130\" srcset=\"http:\/\/boloandclaus.com\/web\/wp-content\/uploads\/2012\/05\/Logo-Color_Magallanes-300x271.jpg 300w, http:\/\/boloandclaus.com\/web\/wp-content\/uploads\/2012\/05\/Logo-Color_Magallanes.jpg 616w\" sizes=\"auto, (max-width: 144px) 100vw, 144px\" \/><\/p>\n<h3 style=\"text-align: center;\"><a href=\"http:\/\/www.youtube.com\/watch?v=OBQhxrbnIr4\" target=\"_blank\" rel=\"noopener noreferrer\"><img loading=\"lazy\" decoding=\"async\" class=\"wp-image-1395 aligncenter\" title=\"YOUTUBE \" src=\"http:\/\/boloandclaus.com\/web\/wp-content\/uploads\/2012\/05\/YOUTUBE-2-300x125.jpg\" alt=\"\" width=\"108\" height=\"45\" srcset=\"http:\/\/boloandclaus.com\/web\/wp-content\/uploads\/2012\/05\/YOUTUBE-2-300x125.jpg 300w, http:\/\/boloandclaus.com\/web\/wp-content\/uploads\/2012\/05\/YOUTUBE-2.jpg 460w\" sizes=\"auto, (max-width: 108px) 100vw, 108px\" \/><\/a><\/h3>\n<h3 style=\"text-align: center;\">\u00a0SEPTIEMBRE 2012<\/h3>\n<h2 style=\"text-align: center;\"><span style=\"color: #00ffff;\">MAGALLANES\u00a0<\/span><\/h2>\n<p style=\"text-align: center;\"><span style=\"color: #ffcc00;\"><strong>BOLO Y CLAUS EN BUSCA DEL GRAN DRAG\u00d3N VERDE<\/strong><\/span><\/p>\n<p style=\"text-align: center;\"><strong><span style=\"color: #99cc00;\">VILLA TEHUELCHES<\/span><\/strong><\/p>\n<p style=\"text-align: center;\">Martes 4<\/p>\n<p style=\"text-align: center;\">Escuela Villa Tehuelches a las 16: 30 hrs<\/p>\n<p style=\"text-align: center;\"><span style=\"color: #99cc00;\"><strong>PUNTA ARENAS<\/strong><\/span><\/p>\n<p style=\"text-align: center;\">Jueves 6<\/p>\n<p style=\"text-align: center;\">Polideportivo Bicentenario 18 De Septiembre<\/p>\n<p style=\"text-align: center;\">\u00a0a las 10:30 hrs y 16:00 hrs<\/p>\n<p style=\"text-align: center;\">Viernes 7<\/p>\n<p style=\"text-align: center;\">Polideportivo Bicentenario 18 De Septiembre<\/p>\n<p style=\"text-align: center;\">\u00a0a las 16:00 hrs<\/p>\n<h1 style=\"text-align: center;\"><span style=\"color: #00ffff;\">Chile<\/span><\/h1>\n<h1 style=\"text-align: center;\"><span style=\"color: #00ffff;\">Regi\u00f3n\u00a0de Magallanes y\u00a0Ant\u00e1rtica\u00a0Chilena<\/span><\/h1>\n<p style=\"text-align: center;\"><img loading=\"lazy\" decoding=\"async\" class=\"aligncenter wp-image-1330\" title=\"Consejo Regional de la Cultura y las Artes Regi\u00f3n de Magallanes\" src=\"http:\/\/boloandclaus.com\/web\/wp-content\/uploads\/2012\/05\/Logo-Color_Magallanes-300x271.jpg\" alt=\"\" width=\"144\" height=\"130\" srcset=\"http:\/\/boloandclaus.com\/web\/wp-content\/uploads\/2012\/05\/Logo-Color_Magallanes-300x271.jpg 300w, http:\/\/boloandclaus.com\/web\/wp-content\/uploads\/2012\/05\/Logo-Color_Magallanes.jpg 616w\" sizes=\"auto, (max-width: 144px) 100vw, 144px\" \/><\/p>\n<h3 style=\"text-align: center;\">\u00a0AGOSTO 2012<\/h3>\n<h2 style=\"text-align: center;\"><span style=\"color: #00ffff;\">Tierra del Fuego\u00a0<\/span><\/h2>\n<p style=\"text-align: center;\"><strong><span style=\"color: #ffcc00;\">BOLO Y CLAUS EN BUSCA DEL GRAN DRAG\u00d3N VERDE<\/span><\/strong><\/p>\n<p style=\"text-align: center;\"><span style=\"color: #00ff00;\"><strong>CERRO SOMBRERO<\/strong><\/span><\/p>\n<p style=\"text-align: center;\">Domingo 19<\/p>\n<p style=\"text-align: center;\">Escuela Cerro Sombrero\u00a0a las 16: 30 hrs<\/p>\n<p style=\"text-align: center;\"><span style=\"color: #00ff00;\"><strong>PUERTO PORVENIR<\/strong><\/span><\/p>\n<p style=\"text-align: center;\">Lunes 20<\/p>\n<p style=\"text-align: center;\">Escuela Bernardo O\u00bbHiggins a las 15:15 hrs<\/p>\n<p style=\"text-align: center;\">Martes 21<\/p>\n<p style=\"text-align: center;\">Escuela Maria Auxiliadora a las 9:45 hrs<\/p>\n<h2 style=\"text-align: center;\"><span style=\"color: #00ffff;\">Magallanes<\/span><\/h2>\n<p style=\"text-align: center;\"><span style=\"color: #ffcc00;\"><strong>BOLO Y CLAUS EN BUSCA DEL GRAN DRAG\u00d3N VERDE<\/strong><\/span><\/p>\n<p style=\"text-align: center;\"><span style=\"color: #00ff00;\"><strong>SAN GREGORIO<\/strong><\/span><\/p>\n<p style=\"text-align: center;\">Lunes 27<\/p>\n<p style=\"text-align: center;\">Escuela Punta Delgada a las 16:00 hrs<\/p>\n<h2 style=\"text-align: center;\"><span style=\"color: #00ffff;\">Ultima Esperanza<\/span><\/h2>\n<p style=\"text-align: center;\"><strong><span style=\"color: #ffcc00;\">BOLO Y CLAUS EN BUSCA DEL GRAN DRAG\u00d3N VERDE<\/span><\/strong><\/p>\n<p style=\"text-align: center;\"><span style=\"color: #00ff00;\"><strong>CERRO CASTILLO<\/strong><\/span><\/p>\n<p style=\"text-align: center;\">Jueves 30<\/p>\n<p style=\"text-align: center;\">Escuela Cerro Castillo a las 16:00 hrs<\/p>\n<p style=\"text-align: center;\"><strong><span style=\"color: #00ff00;\">PUERTO NATALES<\/span><\/strong><\/p>\n<p style=\"text-align: center;\">Viernes 31<\/p>\n<p style=\"text-align: center;\">Gimnasio Liceo Polit\u00e9cnico a las 16:00 hrs<\/p>\n<p style=\"text-align: center;\"><span style=\"color: #00ffff;\">JULIO 2012<\/span><\/p>\n<p style=\"text-align: center;\">Durante el mes de Julio estaremos preparando la segunda etapa de nuestra gira.<\/p>\n<p style=\"text-align: center;\">El estreno oficial de nuestro espect\u00e1culo<em><strong> \u00abBolo y Claus en busca de El Gran Drag\u00f3n Verde\u00bb<\/strong><\/em><\/p>\n<p style=\"text-align: center;\">en Chile se realizara en la Regi\u00f3n de Magallanes y de la Ant\u00e1rtica Chilena.<\/p>\n<p style=\"text-align: center;\">Posteriormente realizaremos funciones en Santiago y otras regiones del pa\u00eds.<\/p>\n<h1 style=\"text-align: center;\"><span style=\"color: #99cc00;\">ESPA\u00d1A<\/span><\/h1>\n<h1 style=\"text-align: center;\"><span style=\"color: #cff40a;\"><strong>MADRID<\/strong><\/span><\/h1>\n<p style=\"text-align: center;\"><span style=\"color: #ffcc00;\"><strong>JUNIO \u00a02012<\/strong><\/span><\/p>\n<p style=\"text-align: center;\">1\u00a0CEIP Helade<\/p>\n<p style=\"text-align: center;\">4\u00a0CEIP Anton Sevillano<\/p>\n<p style=\"text-align: center;\">6\u00a0CEIP Aragon<\/p>\n<p style=\"text-align: center;\">8\u00a0CEIP Parroco Don Victoriano<\/p>\n<p style=\"text-align: center;\">12\u00a0CEIP Rayuela<\/p>\n<p style=\"text-align: center;\">13\u00a0CEIP Stella maris<\/p>\n<p style=\"text-align: center;\">18\u00a0CEIP Cristobal colon<\/p>\n<p style=\"text-align: center;\">22\u00a0CEIP Andres Segovia<\/p>\n<p style=\"text-align: center;\">CEIP. \u00a0Centro de Educaci\u00f3n Infantil y Primaria.<\/p>\n<p style=\"text-align: center;\">&#8212;&#8212;&#8212;&#8212;&#8212;&#8212;&#8212;&#8212;&#8212;&#8212;&#8212;&#8212;&#8212;&#8212;&#8212;&#8212;&#8212;&#8212;&#8212;<\/p>\n<h2 style=\"text-align: center;\"><span style=\"color: #99cc00;\">ESPA\u00d1A<\/span><\/h2>\n<h2 style=\"text-align: center;\"><span style=\"color: #cff40a;\"><strong>MADRID<\/strong><\/span><\/h2>\n<p style=\"text-align: center;\"><span style=\"color: #ffcc00;\"><strong>MAYO 2012<\/strong><\/span><\/p>\n<p style=\"text-align: center;\">8 CEIP La Ca\u00f1ada<\/p>\n<p style=\"text-align: center;\">10 CEIP Andr\u00e9s Torrej\u00f3n<\/p>\n<p style=\"text-align: center;\">11 CEIP Colegio Addis<\/p>\n<p style=\"text-align: center;\">16 CEIP Andr\u00e9s Segovia<\/p>\n<p style=\"text-align: center;\">17 CEIP C. Rayuela<\/p>\n<p style=\"text-align: center;\">21 CEIP Isaac peral<\/p>\n<p style=\"text-align: center;\">22 CEIP Fuente la Villa<\/p>\n<p style=\"text-align: center;\">24 CEIP P\u00e1rroco Don Victoriano<\/p>\n<p style=\"text-align: center;\">25 CEIP Colegio San Gabriel<\/p>\n<p style=\"text-align: center;\">CEIP. \u00a0Centro de Educaci\u00f3n Infantil y Primaria.<\/p>\n<p style=\"text-align: center;\">&#8212;&#8212;&#8212;&#8212;&#8212;&#8212;&#8212;&#8212;&#8212;&#8212;&#8212;&#8212;&#8212;&#8212;&#8212;&#8212;&#8212;&#8212;&#8212;<\/p>\n<h2 style=\"text-align: center;\"><span style=\"color: #99cc00;\">ESPA\u00d1A<\/span><\/h2>\n<h2 style=\"text-align: center;\"><span style=\"color: #cff40a;\"><strong>MADRID<\/strong><\/span><\/h2>\n<p style=\"text-align: center;\"><span style=\"color: #ffcc00;\"><strong>ABRIL 2012<\/strong><\/span><\/p>\n<p style=\"text-align: center;\">10 CEIP Gredo San Diego<\/p>\n<p style=\"text-align: center;\">11 CEIP E. Tierno Galv\u00e1n<\/p>\n<p style=\"text-align: center;\">12 CEIP Zola<\/p>\n<p style=\"text-align: center;\">13 CEIP Zola<\/p>\n<p style=\"text-align: center;\"><strong><span style=\"color: #ff6600;\">BOLO Y CLAUS EN BUSCA DE EL GRAN\u00a0DRAG\u00d3N\u00a0VERDE<\/span><\/strong><\/p>\n<p style=\"text-align: center;\"><strong><span style=\"color: #ff6600;\">El\u00a0d\u00eda\u00a015\u00a0\u00a0en el <a href=\"http:\/\/www.madrid.es\/portal\/site\/munimadrid\/menuitem.8b2184148b70b0aa7d245f019fc08a0c\/?vgnextoid=8b9a1e79ee71c010VgnVCM1000000b205a0aRCRD&amp;vgnextchannel=148c43db40317010VgnVCM100000dc0ca8c0RCRD\" target=\"_blank\" rel=\"noopener noreferrer\">CENTRO CULTURAL ORCASUR <\/a>\/ \u00a011:00 hrs<\/span><\/strong><\/p>\n<p style=\"text-align: center;\">17 CEIP Zola<\/p>\n<p style=\"text-align: center;\">18 CEIP El Greco<\/p>\n<p style=\"text-align: center;\">19 CEIP Colegio El Encinar<\/p>\n<p style=\"text-align: center;\">20 CEIP Anton Sevillano<\/p>\n<p style=\"text-align: center;\">23 CEIP Ciudad del Aire<\/p>\n<p style=\"text-align: center;\">24 CEIP San Juan Bautista<\/p>\n<p style=\"text-align: center;\">25 CEIP Pasamonte<\/p>\n<p style=\"text-align: center;\">CEIP. \u00a0Centro de Educaci\u00f3n Infantil y Primaria.<\/p>\n<p style=\"text-align: center;\">&#8212;&#8212;&#8212;&#8212;&#8212;&#8212;&#8212;&#8212;&#8212;&#8212;&#8212;&#8212;&#8212;&#8212;&#8212;&#8212;&#8212;&#8212;&#8212;<\/p>\n<h2 style=\"text-align: center;\"><span style=\"color: #99cc00;\">ESPA\u00d1A<\/span><\/h2>\n<h2 style=\"text-align: center;\"><span style=\"color: #cff40a;\"><strong>MADRID<\/strong><\/span><\/h2>\n<p style=\"text-align: center;\"><span style=\"color: #ffcc00;\"><strong>MARZO 2012<\/strong><\/span><\/p>\n<p style=\"text-align: center;\">06 CEIP Andres \u00a0Segovia<\/p>\n<p style=\"text-align: center;\">08 CEIP El Greco<\/p>\n<p style=\"text-align: center;\"><strong><span style=\"color: #ff6600;\">BOLO Y CLAUS EN BUSCA DE EL GRAN\u00a0DRAG\u00d3N\u00a0VERDE<\/span><\/strong><\/p>\n<p style=\"text-align: center;\"><strong><span style=\"color: #ff6600;\">Los\u00a0d\u00edas\u00a010-11-17-18 y 24 \u00a0en\u00a0<a href=\"http:\/\/www.teatropompeya.com\/index.html\" target=\"_blank\" rel=\"noopener noreferrer\">TEATRO POMPEYA <\/a>\/\u00a011:00 hrs<\/span><\/strong><\/p>\n<p style=\"text-align: center;\"><img loading=\"lazy\" decoding=\"async\" class=\"aligncenter\" title=\"Teatro Pompeya. Madrid.Marzo 2012\" src=\"http:\/\/boloandclaus.com\/web\/wp-content\/uploads\/2012\/05\/cartel-pompeya1-230x300.jpg\" alt=\"\" width=\"230\" height=\"300\" \/><\/p>\n<p style=\"text-align: center;\">21 CEIP Cristobal Colon<\/p>\n<p style=\"text-align: center;\">22 CEIP P. Don Victoriano<\/p>\n<h2 style=\"text-align: center;\"><span style=\"color: #cff40a;\"><strong>BURGOS<\/strong><\/span><\/h2>\n<p style=\"text-align: center;\"><strong><span style=\"color: #ff6600;\">BOLO Y CLAUS EN BUSCA DE EL GRAN\u00a0DRAG\u00d3N\u00a0VERDE<\/span><\/strong><\/p>\n<p style=\"text-align: center;\"><strong><span style=\"color: #ff6600;\">El dia \u00a025 en el\u00a0<a href=\"http:\/\/www.espaciotangente.net\/\" target=\"_blank\" rel=\"noopener noreferrer\">ESPACIO TANGENTE<\/a>\u00a0\/ 12:00 hrs<\/span><\/strong><\/p>\n<p style=\"text-align: center;\"><img loading=\"lazy\" decoding=\"async\" title=\"BURGOS\" src=\"http:\/\/boloandclaus.com\/web\/wp-content\/uploads\/2012\/05\/burgos-213x300.jpg\" alt=\"\" width=\"213\" height=\"300\" \/><\/p>\n<h2 style=\"text-align: center;\"><span style=\"color: #cff40a;\"><strong>MADRID<\/strong><\/span><\/h2>\n<p style=\"text-align: center;\"><strong><span style=\"color: #ff6600;\">El\u00a0d\u00eda\u00a028 <a href=\"http:\/\/www.amma.es\/residencia-de-ancianos-madrid-amma-pozuelo\" target=\"_blank\" rel=\"noopener noreferrer\">RESIDENCIA AMMA POZUELO<\/a> \/\u00a0Cuentos para el Coraz\u00f3n<\/span><\/strong><\/p>\n<p style=\"text-align: center;\"><img loading=\"lazy\" decoding=\"async\" title=\"Residencia Amma Pozuelo.Madrid 2012\" src=\"http:\/\/boloandclaus.com\/web\/wp-content\/uploads\/2012\/05\/residencia-amma-pzuelo-madrid-2012-212x300.jpg\" alt=\"\" width=\"212\" height=\"300\" \/><\/p>\n<p style=\"text-align: center;\">28 CEIP B. Perez Galdos<\/p>\n<p style=\"text-align: center;\">29 CEIP M.Sainz de Vicu\u00f1a<\/p>\n<p style=\"text-align: center;\"><strong><span style=\"color: #ff6600;\">BOLO Y CLAUS EN BUSCA DE EL GRAN DRAGON VERDE<\/span><\/strong><\/p>\n<p style=\"text-align: center;\"><strong><span style=\"color: #ff6600;\">El\u00a0d\u00eda\u00a031 en EL ESCORIAL \/ 16 hrs<\/span><\/strong><\/p>\n<p style=\"text-align: center;\">CEIP. \u00a0Centro de Educaci\u00f3n Infantil y Primaria.<\/p>\n<p style=\"text-align: center;\">&#8212;&#8212;&#8212;&#8212;&#8212;&#8212;&#8212;&#8212;&#8212;&#8212;&#8212;&#8212;&#8212;&#8212;&#8212;&#8212;&#8212;&#8212;&#8212;-<\/p>\n<h2 style=\"text-align: center;\"><span style=\"color: #99cc00;\">ESPA\u00d1A<\/span><\/h2>\n<h2 style=\"text-align: center;\"><span style=\"color: #cff40a;\"><strong>MADRID<\/strong><\/span><\/h2>\n<p style=\"text-align: center;\"><span style=\"color: #ffcc00;\"><strong>FEBRERO 2012<\/strong><\/span><\/p>\n<p style=\"text-align: center;\"><strong><span style=\"color: #ff6600;\">BOLO Y CLAUS EN BUSCA DE EL GRAN\u00a0DRAG\u00d3N\u00a0VERDE<\/span><\/strong><\/p>\n<p style=\"text-align: center;\"><strong><span style=\"color: #ff6600;\">Los dias 5-12-19-26 en la sala <a href=\"http:\/\/www.misterkubik.com\/www.mrkubik.com\/Fabrik.html\" target=\"_blank\" rel=\"noopener noreferrer\">KUBIK FABRIK<\/a>\u00a0\/ 12:00 hrs y 19:00 hrs<\/span><\/strong><\/p>\n<p style=\"text-align: center;\"><img loading=\"lazy\" decoding=\"async\" class=\"size-medium wp-image-94 aligncenter\" title=\"Programa Kubik \" src=\"http:\/\/boloandclaus.com\/web\/wp-content\/uploads\/2012\/05\/programa-kubik-copy1-300x97.jpg\" alt=\"\" width=\"300\" height=\"97\" srcset=\"http:\/\/boloandclaus.com\/web\/wp-content\/uploads\/2012\/05\/programa-kubik-copy1-300x97.jpg 300w, http:\/\/boloandclaus.com\/web\/wp-content\/uploads\/2012\/05\/programa-kubik-copy1.jpg 866w\" sizes=\"auto, (max-width: 300px) 100vw, 300px\" \/><\/p>\n<p><\/p>","protected":false},"excerpt":{"rendered":"<p>ESTAMOS ACTUALIZANDO Y REORGANIZANDO NUESTRA P\u00c1GINA WEB !DISCULPEN EL DESORDEN! _______DICIEMBRE 2022_______ * Ja\u00e9n Baeza \u00abLA FERIA\u00bb Viernes 30 de Diciembre * _______NOVIEMBRE 2022_______ * Granada Churriana de la Vega \u00abLA FERIA\u00bb S\u00e1bado 12 de Noviembre * _______OCTUBRE 2022_______ * Granada V\u00edznar EL PARAGUAS ENCANTADO PASACALLE Lunes 31 de Octubre * Granada Purullena EL PARAGUAS [&hellip;]<\/p>\n","protected":false},"author":2,"featured_media":0,"parent":0,"menu_order":2,"comment_status":"closed","ping_status":"closed","template":"","meta":{"footnotes":""},"class_list":["post-75","page","type-page","status-publish","hentry"],"_links":{"self":[{"href":"http:\/\/boloandclaus.com\/web\/index.php?rest_route=\/wp\/v2\/pages\/75","targetHints":{"allow":["GET"]}}],"collection":[{"href":"http:\/\/boloandclaus.com\/web\/index.php?rest_route=\/wp\/v2\/pages"}],"about":[{"href":"http:\/\/boloandclaus.com\/web\/index.php?rest_route=\/wp\/v2\/types\/page"}],"author":[{"embeddable":true,"href":"http:\/\/boloandclaus.com\/web\/index.php?rest_route=\/wp\/v2\/users\/2"}],"replies":[{"embeddable":true,"href":"http:\/\/boloandclaus.com\/web\/index.php?rest_route=%2Fwp%2Fv2%2Fcomments&post=75"}],"version-history":[{"count":616,"href":"http:\/\/boloandclaus.com\/web\/index.php?rest_route=\/wp\/v2\/pages\/75\/revisions"}],"predecessor-version":[{"id":3520,"href":"http:\/\/boloandclaus.com\/web\/index.php?rest_route=\/wp\/v2\/pages\/75\/revisions\/3520"}],"wp:attachment":[{"href":"http:\/\/boloandclaus.com\/web\/index.php?rest_route=%2Fwp%2Fv2%2Fmedia&parent=75"}],"curies":[{"name":"wp","href":"https:\/\/api.w.org\/{rel}","templated":true}]}}