{"id":3294,"date":"2021-04-21T18:00:19","date_gmt":"2021-04-21T18:00:19","guid":{"rendered":"http:\/\/boloandclaus.com\/web\/?page_id=3294"},"modified":"2022-11-08T16:10:44","modified_gmt":"2022-11-08T16:10:44","slug":"dossier-escolar-la-feria","status":"publish","type":"page","link":"http:\/\/boloandclaus.com\/web\/?page_id=3294","title":{"rendered":"DOSSIER ESCOLAR LA FERIA"},"content":{"rendered":"<p><\/p>\n<p style=\"text-align: center;\"><img loading=\"lazy\" decoding=\"async\" class=\"aligncenter wp-image-3468\" src=\"http:\/\/boloandclaus.com\/web\/wp-content\/uploads\/2022\/11\/LA-FERIA-0.6-copia-1024x506.jpg\" alt=\"\" width=\"700\" height=\"346\" srcset=\"http:\/\/boloandclaus.com\/web\/wp-content\/uploads\/2022\/11\/LA-FERIA-0.6-copia-1024x506.jpg 1024w, http:\/\/boloandclaus.com\/web\/wp-content\/uploads\/2022\/11\/LA-FERIA-0.6-copia-300x148.jpg 300w, http:\/\/boloandclaus.com\/web\/wp-content\/uploads\/2022\/11\/LA-FERIA-0.6-copia-768x379.jpg 768w, http:\/\/boloandclaus.com\/web\/wp-content\/uploads\/2022\/11\/LA-FERIA-0.6-copia-1536x759.jpg 1536w, http:\/\/boloandclaus.com\/web\/wp-content\/uploads\/2022\/11\/LA-FERIA-0.6-copia-2048x1012.jpg 2048w\" sizes=\"auto, (max-width: 700px) 100vw, 700px\" \/><\/p>\n<h1 style=\"text-align: center;\">LA FERIA<\/h1>\n<h3 style=\"text-align: center;\">\u00a0Espect\u00e1culo dirigido a ni\u00f1os y ni\u00f1as<\/h3>\n<h3 style=\"text-align: center;\"><b>de Segundo Ciclo de Educaci\u00f3n Infantil y hasta Cuarto de Primaria.<\/b><\/h3>\n<p style=\"text-align: center;\">Duraci\u00f3n: 50 minutos<\/p>\n<h1 style=\"text-align: center;\">*<\/h1>\n<h1 style=\"text-align: center;\"><strong>Sinopsis:<\/strong><\/h1>\n<p style=\"text-align: left;\">Bolo y Claus salen al encuentro de ni\u00f1os y mayores para anunciar que la Feria acaba de llegar a la ciudad. Cuando regresan al escenario descubren que los dem\u00e1s actores y malabaristas han desaparecido. \u00a1No hay nadie!<\/p>\n<p style=\"text-align: left;\">El p\u00fablico s\u00ed ha llegado y hay que tomar una decisi\u00f3n. \u00a1El show debe continuar! Nuestros payasos ser\u00e1n por un d\u00eda todos los personajes de La Feria.<\/p>\n<h1 style=\"text-align: center;\">*<\/h1>\n<h1 style=\"text-align: center;\"><strong>El espect\u00e1culo: <\/strong><\/h1>\n<p style=\"text-align: left;\">La Feria es un espect\u00e1culo interactivo en el que los personajes y los conflictos que se establecen est\u00e1n estructurados y desarrollados desde la perspectiva, niveles de compresi\u00f3n, atenci\u00f3n e intereses de un ni\u00f1o peque\u00f1o. El lenguaje verbal utilizado en el espect\u00e1culo es claro y elemental con una estructura comprensible y directa. El lenguaje corporal y visual son dos aspectos de esta creaci\u00f3n que est\u00e1n desarrollados en profundidad como herramientas de expresi\u00f3n. La acci\u00f3n se desarrolla en medio de un universo en el que el juego dram\u00e1tico es un ingrediente esencial, convirtiendo esta experiencia en una aventura divertida y un espect\u00e1culo infantil de inter\u00e9s art\u00edstico y pedag\u00f3gico.<\/p>\n<h1 style=\"text-align: center;\">*<\/h1>\n<h1 style=\"text-align: center;\"><strong>Ficha Art\u00edstica:<\/strong><\/h1>\n<p style=\"text-align: center;\">Creaci\u00f3n: C\u00eda. Bolo y Claus Payasos<\/p>\n<p style=\"text-align: center;\">Bolo: Pedro Serka<\/p>\n<p style=\"text-align: center;\">Claus: Christian Hartwig<\/p>\n<h1 style=\"text-align: center;\">*<\/h1>\n<h1 style=\"text-align: center;\"><strong>Ficha T\u00e9cnica<\/strong><strong>:<\/strong><\/h1>\n<p style=\"text-align: center;\"><strong>ESPACIO ESC\u00c9NICO<\/strong><\/p>\n<p style=\"text-align: center;\">Espacio ideal: 6 metros de ancho, 6 metros de fondo, 3 metros de alto.<\/p>\n<p>&nbsp;<\/p>\n<h1 style=\"text-align: center;\">*<\/h1>\n<p><a href=\"http:\/\/boloandclaus.com\/web\/?page_id=609\"><img loading=\"lazy\" decoding=\"async\" class=\"aligncenter wp-image-1688\" src=\"http:\/\/boloandclaus.com\/web\/wp-content\/uploads\/2013\/07\/4793193183_1277fb14f0.jpg\" alt=\"\" width=\"151\" height=\"100\" \/><\/a><\/p>","protected":false},"excerpt":{"rendered":"<p>LA FERIA \u00a0Espect\u00e1culo dirigido a ni\u00f1os y ni\u00f1as de Segundo Ciclo de Educaci\u00f3n Infantil y hasta Cuarto de Primaria. Duraci\u00f3n: 50 minutos * Sinopsis: Bolo y Claus salen al encuentro de ni\u00f1os y mayores para anunciar que la Feria acaba de llegar a la ciudad. Cuando regresan al escenario descubren que los dem\u00e1s actores y [&hellip;]<\/p>\n","protected":false},"author":1,"featured_media":0,"parent":0,"menu_order":0,"comment_status":"closed","ping_status":"closed","template":"","meta":{"footnotes":""},"class_list":["post-3294","page","type-page","status-publish","hentry"],"_links":{"self":[{"href":"http:\/\/boloandclaus.com\/web\/index.php?rest_route=\/wp\/v2\/pages\/3294","targetHints":{"allow":["GET"]}}],"collection":[{"href":"http:\/\/boloandclaus.com\/web\/index.php?rest_route=\/wp\/v2\/pages"}],"about":[{"href":"http:\/\/boloandclaus.com\/web\/index.php?rest_route=\/wp\/v2\/types\/page"}],"author":[{"embeddable":true,"href":"http:\/\/boloandclaus.com\/web\/index.php?rest_route=\/wp\/v2\/users\/1"}],"replies":[{"embeddable":true,"href":"http:\/\/boloandclaus.com\/web\/index.php?rest_route=%2Fwp%2Fv2%2Fcomments&post=3294"}],"version-history":[{"count":8,"href":"http:\/\/boloandclaus.com\/web\/index.php?rest_route=\/wp\/v2\/pages\/3294\/revisions"}],"predecessor-version":[{"id":3473,"href":"http:\/\/boloandclaus.com\/web\/index.php?rest_route=\/wp\/v2\/pages\/3294\/revisions\/3473"}],"wp:attachment":[{"href":"http:\/\/boloandclaus.com\/web\/index.php?rest_route=%2Fwp%2Fv2%2Fmedia&parent=3294"}],"curies":[{"name":"wp","href":"https:\/\/api.w.org\/{rel}","templated":true}]}}