{"id":2489,"date":"2016-12-07T21:49:12","date_gmt":"2016-12-07T21:49:12","guid":{"rendered":"http:\/\/boloandclaus.com\/web\/?page_id=2489"},"modified":"2023-08-07T14:04:09","modified_gmt":"2023-08-07T14:04:09","slug":"ficha-tecnica-espacios-interiores-sin-dotacion-tecnica","status":"publish","type":"page","link":"http:\/\/boloandclaus.com\/web\/?page_id=2489","title":{"rendered":"FICHA T\u00c9CNICA ESPACIOS ALTERNATIVOS"},"content":{"rendered":"<p><\/p>\n<h3 style=\"text-align: center;\">(SIN DOTACI\u00d3N T\u00c9CNICA)<\/h3>\n<h3 style=\"text-align: center;\"><span style=\"text-decoration: underline;\">BOLO Y CLAUS EN BUSCA DEL GRAN DRAG\u00d3N VERDE<\/span><\/h3>\n<p style=\"text-align: left;\">.<\/p>\n<p style=\"text-align: left;\">Este espect\u00e1culo fue dise\u00f1ado desde su origen para poder ser representado en la mayor cantidad de espacios posibles sin tener que depender de infraestructuras t\u00e9cnicas con la intenci\u00f3n de poder acceder y llevar nuestro trabajo al mayor grupo de comunidades.<\/p>\n<p style=\"text-align: left;\">En estos casos es importante hablar directamente sobre las condiciones f\u00edsicas del lugar en el que se quiere representar la obra.<\/p>\n<p style=\"text-align: left;\">De todas maneras si se quiere conservar el formato contando con la escenograf\u00eda hay algunas consideraciones t\u00e9cnicas m\u00ednimas a tener en cuenta:<\/p>\n<p><strong>DURACI\u00d3N DEL ESPECT\u00c1CULO: 50 MNTS<\/strong><\/p>\n<p><strong>Montaje:<\/strong> 3 horas<\/p>\n<p><strong>Desmontaje:<\/strong> 2 horas<\/p>\n<p>.<\/p>\n<p><strong><u>ESPACIO ESC\u00c9NICO <\/u><\/strong><\/p>\n<p>Espacio esc\u00e9nico de 6 mts de ancho y un m\u00ednimo de 8 mts de fondo y 4 mts alto.<\/p>\n<p>Es indispensable contar con un suelo duro y regular.<\/p>\n<p>.<\/p>\n<p><strong><u>ILUMINACI\u00d3N\u00a0<\/u><\/strong><\/p>\n<p>Toma de corriente.<\/p>\n<p>La compa\u00f1\u00eda puede aportar el material de iluminaci\u00f3n.<\/p>\n<p>.<\/p>\n<p><strong><u>SONIDO<\/u><\/strong><\/p>\n<p>Toma de corriente.<\/p>\n<p>La compa\u00f1\u00eda puede aportar el equipo de sonido.<\/p>\n<p>.<\/p>\n<p><strong><u>PERSONAL T\u00c9CNICO <\/u><\/strong><\/p>\n<p>Responsable del espacio.<\/p>\n<p>.<\/p>\n<p><strong><u>MATERIALES<\/u><\/strong><\/p>\n<p>Escalera de tijera de 1,50 m. de altura (m\u00ednimo)<\/p>\n<p>1 Escoba y recogedor.<\/p>\n<p>1 Fregona con cubo.<\/p>\n<p>Bolsas de basura.<\/p>\n<p>.<\/p>\n<p><strong><u>VESTUARIO<\/u><\/strong><\/p>\n<p>Espacio habilitado con sillas, mesa, espejo y lavabo cercanos al espacio esc\u00e9nico.<\/p>\n<p>.<\/p>\n<p><strong>Contacto para informaci\u00f3n t\u00e9cnica:<\/strong><\/p>\n<p>Pedro Serka<\/p>\n<p>Movil: 633726411<\/p>\n<p>boloandclaus@gmail.com<\/p>\n<p><strong><a href=\"http:\/\/boloandclaus.com\/web\/?page_id=463\">VOLVER<\/a><\/strong><\/p>","protected":false},"excerpt":{"rendered":"<p>(SIN DOTACI\u00d3N T\u00c9CNICA) BOLO Y CLAUS EN BUSCA DEL GRAN DRAG\u00d3N VERDE . Este espect\u00e1culo fue dise\u00f1ado desde su origen para poder ser representado en la mayor cantidad de espacios posibles sin tener que depender de infraestructuras t\u00e9cnicas con la intenci\u00f3n de poder acceder y llevar nuestro trabajo al mayor grupo de comunidades. En estos [&hellip;]<\/p>\n","protected":false},"author":1,"featured_media":0,"parent":0,"menu_order":0,"comment_status":"closed","ping_status":"closed","template":"","meta":{"footnotes":""},"class_list":["post-2489","page","type-page","status-publish","hentry"],"_links":{"self":[{"href":"http:\/\/boloandclaus.com\/web\/index.php?rest_route=\/wp\/v2\/pages\/2489","targetHints":{"allow":["GET"]}}],"collection":[{"href":"http:\/\/boloandclaus.com\/web\/index.php?rest_route=\/wp\/v2\/pages"}],"about":[{"href":"http:\/\/boloandclaus.com\/web\/index.php?rest_route=\/wp\/v2\/types\/page"}],"author":[{"embeddable":true,"href":"http:\/\/boloandclaus.com\/web\/index.php?rest_route=\/wp\/v2\/users\/1"}],"replies":[{"embeddable":true,"href":"http:\/\/boloandclaus.com\/web\/index.php?rest_route=%2Fwp%2Fv2%2Fcomments&post=2489"}],"version-history":[{"count":13,"href":"http:\/\/boloandclaus.com\/web\/index.php?rest_route=\/wp\/v2\/pages\/2489\/revisions"}],"predecessor-version":[{"id":3512,"href":"http:\/\/boloandclaus.com\/web\/index.php?rest_route=\/wp\/v2\/pages\/2489\/revisions\/3512"}],"wp:attachment":[{"href":"http:\/\/boloandclaus.com\/web\/index.php?rest_route=%2Fwp%2Fv2%2Fmedia&parent=2489"}],"curies":[{"name":"wp","href":"https:\/\/api.w.org\/{rel}","templated":true}]}}